{"id":2280,"date":"2023-08-04T17:00:22","date_gmt":"2023-08-04T15:00:22","guid":{"rendered":"https:\/\/webnova.fundaciolamanreana.org\/galeria\/"},"modified":"2023-10-02T12:45:28","modified_gmt":"2023-10-02T10:45:28","slug":"galeria","status":"publish","type":"page","link":"https:\/\/www.fundaciolamanreana.org\/es\/galeria\/","title":{"rendered":"Galer\u00eda"},"content":{"rendered":"<div class=\"fusion-fullwidth fullwidth-box fusion-builder-row-1 fusion-flex-container has-pattern-background has-mask-background nonhundred-percent-fullwidth non-hundred-percent-height-scrolling\" style=\"--awb-border-radius-top-left:0px;--awb-border-radius-top-right:0px;--awb-border-radius-bottom-right:0px;--awb-border-radius-bottom-left:0px;--awb-flex-wrap:wrap;\" ><div class=\"fusion-builder-row fusion-row fusion-flex-align-items-flex-start fusion-flex-content-wrap\" style=\"max-width:1289.6px;margin-left: calc(-4% \/ 2 );margin-right: calc(-4% \/ 2 );\"><div class=\"fusion-layout-column fusion_builder_column fusion-builder-column-0 fusion_builder_column_1_1 1_1 fusion-flex-column fusion-column-inner-bg-wrapper fusion-animated\" style=\"--awb-padding-bottom:12px;--awb-inner-bg-blend:overlay;--awb-inner-bg-size:cover;--awb-width-large:100%;--awb-margin-top-large:0px;--awb-spacing-right-large:1.92%;--awb-margin-bottom-large:0px;--awb-spacing-left-large:1.92%;--awb-width-medium:100%;--awb-spacing-right-medium:1.92%;--awb-spacing-left-medium:1.92%;--awb-width-small:100%;--awb-spacing-right-small:1.92%;--awb-spacing-left-small:1.92%;\" data-animationType=\"fadeInUp\" data-animationDuration=\"1.5\" data-animationOffset=\"top-into-view\"><span class=\"fusion-column-inner-bg hover-type-zoomin\"><span class=\"fusion-column-anchor\"><span class=\"fusion-column-inner-bg-image\"><\/span><\/span><\/span><div class=\"fusion-column-wrapper fusion-flex-justify-content-flex-start fusion-content-layout-column\"><div class=\"fusion-title title fusion-title-1 fusion-no-small-visibility fusion-no-large-visibility fusion-sep-none fusion-title-center fusion-title-text fusion-title-size-two\" style=\"--awb-text-color:rgba(224,222,222,0.71);--awb-margin-top:0px;--awb-font-size:70px;\"><h2 class=\"fusion-title-heading title-heading-center fusion-responsive-typography-calculated\" style=\"font-family:&quot;Baloo Bhai 2&quot;;font-style:normal;font-weight:400;margin:0;font-size:1em;--fontSize:70;line-height:var(--awb-typography1-line-height);\"><em>la fundaci\u00f3n en im\u00e1genes<\/em><\/h2><\/div><div class=\"fusion-title title fusion-title-2 fusion-no-small-visibility fusion-no-medium-visibility fusion-sep-none fusion-title-center fusion-title-text fusion-title-size-two\" style=\"--awb-text-color:rgba(224,222,222,0.71);--awb-margin-top:0px;--awb-font-size:100px;\"><h2 class=\"fusion-title-heading title-heading-center fusion-responsive-typography-calculated\" style=\"font-family:&quot;Baloo Bhai 2&quot;;font-style:normal;font-weight:400;margin:0;font-size:1em;--fontSize:100;line-height:var(--awb-typography1-line-height);\"><em>la fundaci\u00f3n en im\u00e1genes<\/em><\/h2><\/div><div class=\"fusion-title title fusion-title-3 fusion-no-small-visibility fusion-no-medium-visibility fusion-sep-none fusion-title-center fusion-title-text fusion-title-size-two\" style=\"--awb-text-color:var(--awb-color5);--awb-margin-top:-95px;--awb-font-size:45px;\"><h2 class=\"fusion-title-heading title-heading-center fusion-responsive-typography-calculated\" style=\"margin:0;font-size:1em;--fontSize:45;line-height:var(--awb-typography1-line-height);\"><strong>La Fundaci\u00f3n en im\u00e1genes<\/strong><\/h2><\/div><div class=\"fusion-title title fusion-title-4 fusion-no-small-visibility fusion-no-large-visibility fusion-sep-none fusion-title-center fusion-title-text fusion-title-size-two\" style=\"--awb-text-color:var(--awb-color5);--awb-margin-top:-95px;--awb-font-size:60px;\"><h2 class=\"fusion-title-heading title-heading-center fusion-responsive-typography-calculated\" style=\"margin:0;font-size:1em;--fontSize:60;line-height:var(--awb-typography1-line-height);\"><strong>La Fundaci\u00f3n en im\u00e1genes<\/strong><\/h2><\/div><div class=\"fusion-title title fusion-title-5 fusion-no-medium-visibility fusion-no-large-visibility fusion-sep-none fusion-title-center fusion-title-text fusion-title-size-two\" style=\"--awb-text-color:var(--awb-color5);--awb-margin-top:-95px;--awb-font-size:45px;\"><h2 class=\"fusion-title-heading title-heading-center fusion-responsive-typography-calculated\" style=\"margin:0;font-size:1em;--fontSize:45;line-height:var(--awb-typography1-line-height);\"><strong>La Fundaci\u00f3n en im\u00e1genes<\/strong><\/h2><\/div><div class=\"fusion-text fusion-text-1\" style=\"--awb-content-alignment:center;--awb-margin-top:10px;\"><p>Aqu\u00ed, <strong>compartimos momentos<\/strong> capturados que reflejan nuestra dedicaci\u00f3n, impacto y conexi\u00f3n con la comunidad. <strong>Cada imagen cuenta una historia<\/strong>, desde las sonrisas compartidas hasta los momentos de aprendizaje y superaci\u00f3n. Le invitamos a explorar este <strong>mosaico de experiencias<\/strong> que definen nuestra misi\u00f3n y valores.<\/p>\n<\/div><div class=\"fusion-separator fusion-full-width-sep\" style=\"align-self: center;margin-left: auto;margin-right: auto;margin-top:15px;width:100%;\"><\/div><\/div><\/div><div class=\"fusion-layout-column fusion_builder_column fusion-builder-column-1 fusion_builder_column_1_1 1_1 fusion-flex-column fusion-animated\" style=\"--awb-bg-size:cover;--awb-width-large:100%;--awb-margin-top-large:0px;--awb-spacing-right-large:1.92%;--awb-margin-bottom-large:0px;--awb-spacing-left-large:1.92%;--awb-width-medium:100%;--awb-order-medium:0;--awb-spacing-right-medium:1.92%;--awb-spacing-left-medium:1.92%;--awb-width-small:100%;--awb-order-small:0;--awb-spacing-right-small:1.92%;--awb-spacing-left-small:1.92%;\" data-animationType=\"fadeInUp\" data-animationDuration=\"1.5\" data-animationOffset=\"top-into-view\"><div class=\"fusion-column-wrapper fusion-column-has-shadow fusion-flex-justify-content-flex-start fusion-content-layout-column\"><div class=\"awb-gallery-wrapper awb-gallery-wrapper-1 button-span-no\" style=\"--more-btn-alignment:center;--more-btn-color:var(--awb-color1);--more-btn-bg:var(--awb-color5);\" data-limit=\"10\" data-page=\"1\"><div style=\"margin:-5px;--awb-bordersize:0px;\" class=\"fusion-gallery fusion-gallery-container fusion-grid-3 fusion-columns-total-67 fusion-gallery-layout-grid fusion-gallery-1\"><div style=\"padding:5px;\" class=\"fusion-grid-column fusion-gallery-column fusion-gallery-column-3 hover-type-zoomout\"><div class=\"fusion-gallery-image\"><a href=\"https:\/\/www.fundaciolamanreana.org\/wp-content\/uploads\/2023\/08\/14-IMG-20150504-WA0005.jpg\" rel=\"noreferrer\" data-rel=\"iLightbox[gallery_image_1]\" class=\"fusion-lightbox\" target=\"_self\"><img decoding=\"async\" src=\"https:\/\/www.fundaciolamanreana.org\/wp-content\/uploads\/2023\/08\/14-IMG-20150504-WA0005.jpg\" data-orig-src=\"https:\/\/www.fundaciolamanreana.org\/wp-content\/uploads\/2023\/08\/14-IMG-20150504-WA0005.jpg\" width=\"1280\" height=\"960\" alt=\"\" title=\"14-IMG-20150504-WA0005\" aria-label=\"14-IMG-20150504-WA0005\" class=\"lazyload img-responsive wp-image-1613\" srcset=\"data:image\/svg+xml,%3Csvg%20xmlns%3D%27http%3A%2F%2Fwww.w3.org%2F2000%2Fsvg%27%20width%3D%271280%27%20height%3D%27960%27%20viewBox%3D%270%200%201280%20960%27%3E%3Crect%20width%3D%271280%27%20height%3D%27960%27%20fill-opacity%3D%220%22%2F%3E%3C%2Fsvg%3E\" data-srcset=\"https:\/\/www.fundaciolamanreana.org\/wp-content\/uploads\/2023\/08\/14-IMG-20150504-WA0005-200x150.jpg 200w, https:\/\/www.fundaciolamanreana.org\/wp-content\/uploads\/2023\/08\/14-IMG-20150504-WA0005-400x300.jpg 400w, https:\/\/www.fundaciolamanreana.org\/wp-content\/uploads\/2023\/08\/14-IMG-20150504-WA0005-600x450.jpg 600w, https:\/\/www.fundaciolamanreana.org\/wp-content\/uploads\/2023\/08\/14-IMG-20150504-WA0005-800x600.jpg 800w, https:\/\/www.fundaciolamanreana.org\/wp-content\/uploads\/2023\/08\/14-IMG-20150504-WA0005-1200x900.jpg 1200w, https:\/\/www.fundaciolamanreana.org\/wp-content\/uploads\/2023\/08\/14-IMG-20150504-WA0005.jpg 1280w\" data-sizes=\"auto\" data-orig-sizes=\"(min-width: 2200px) 100vw, (min-width: 794px) 410px, (min-width: 717px) 615px, (min-width: 640px) 717px, \" \/><\/a><\/div><\/div><div style=\"padding:5px;\" class=\"fusion-grid-column fusion-gallery-column fusion-gallery-column-3 hover-type-zoomout\"><div class=\"fusion-gallery-image\"><a href=\"https:\/\/www.fundaciolamanreana.org\/wp-content\/uploads\/2023\/08\/29-16moments.jpg\" rel=\"noreferrer\" data-rel=\"iLightbox[gallery_image_1]\" class=\"fusion-lightbox\" target=\"_self\"><img decoding=\"async\" src=\"https:\/\/www.fundaciolamanreana.org\/wp-content\/uploads\/2023\/08\/29-16moments.jpg\" data-orig-src=\"https:\/\/www.fundaciolamanreana.org\/wp-content\/uploads\/2023\/08\/29-16moments.jpg\" width=\"1184\" height=\"789\" alt=\"\" title=\"29-16moments\" aria-label=\"29-16moments\" class=\"lazyload img-responsive wp-image-1628\" srcset=\"data:image\/svg+xml,%3Csvg%20xmlns%3D%27http%3A%2F%2Fwww.w3.org%2F2000%2Fsvg%27%20width%3D%271184%27%20height%3D%27789%27%20viewBox%3D%270%200%201184%20789%27%3E%3Crect%20width%3D%271184%27%20height%3D%27789%27%20fill-opacity%3D%220%22%2F%3E%3C%2Fsvg%3E\" data-srcset=\"https:\/\/www.fundaciolamanreana.org\/wp-content\/uploads\/2023\/08\/29-16moments-200x133.jpg 200w, https:\/\/www.fundaciolamanreana.org\/wp-content\/uploads\/2023\/08\/29-16moments-400x267.jpg 400w, https:\/\/www.fundaciolamanreana.org\/wp-content\/uploads\/2023\/08\/29-16moments-600x400.jpg 600w, https:\/\/www.fundaciolamanreana.org\/wp-content\/uploads\/2023\/08\/29-16moments-800x533.jpg 800w, https:\/\/www.fundaciolamanreana.org\/wp-content\/uploads\/2023\/08\/29-16moments.jpg 1184w\" data-sizes=\"auto\" data-orig-sizes=\"(min-width: 2200px) 100vw, (min-width: 794px) 410px, (min-width: 717px) 615px, (min-width: 640px) 717px, \" \/><\/a><\/div><\/div><div style=\"padding:5px;\" class=\"fusion-grid-column fusion-gallery-column fusion-gallery-column-3 hover-type-zoomout\"><div class=\"fusion-gallery-image\"><a href=\"https:\/\/www.fundaciolamanreana.org\/wp-content\/uploads\/2023\/10\/descoberta.jpg\" rel=\"noreferrer\" data-rel=\"iLightbox[gallery_image_1]\" class=\"fusion-lightbox\" target=\"_self\"><img decoding=\"async\" src=\"https:\/\/www.fundaciolamanreana.org\/wp-content\/uploads\/2023\/10\/descoberta.jpg\" data-orig-src=\"https:\/\/www.fundaciolamanreana.org\/wp-content\/uploads\/2023\/10\/descoberta.jpg\" width=\"718\" height=\"719\" alt=\"Imatge d&#039;un nen muntat en un \u00e8quid acariciant un ruc a Fundaci\u00f3 la Manreana, centre terap\u00e8utic i formatiu.\" title=\"descoberta\" aria-label=\"descoberta\" class=\"lazyload img-responsive wp-image-2535\" srcset=\"data:image\/svg+xml,%3Csvg%20xmlns%3D%27http%3A%2F%2Fwww.w3.org%2F2000%2Fsvg%27%20width%3D%27718%27%20height%3D%27719%27%20viewBox%3D%270%200%20718%20719%27%3E%3Crect%20width%3D%27718%27%20height%3D%27719%27%20fill-opacity%3D%220%22%2F%3E%3C%2Fsvg%3E\" data-srcset=\"https:\/\/www.fundaciolamanreana.org\/wp-content\/uploads\/2023\/10\/descoberta-200x200.jpg 200w, https:\/\/www.fundaciolamanreana.org\/wp-content\/uploads\/2023\/10\/descoberta-400x401.jpg 400w, https:\/\/www.fundaciolamanreana.org\/wp-content\/uploads\/2023\/10\/descoberta-600x601.jpg 600w, https:\/\/www.fundaciolamanreana.org\/wp-content\/uploads\/2023\/10\/descoberta.jpg 718w\" data-sizes=\"auto\" data-orig-sizes=\"(min-width: 2200px) 100vw, (min-width: 794px) 410px, (min-width: 717px) 615px, (min-width: 640px) 717px, \" \/><\/a><\/div><\/div><div class=\"clearfix\"><\/div><div style=\"padding:5px;\" class=\"fusion-grid-column fusion-gallery-column fusion-gallery-column-3 hover-type-zoomout\"><div class=\"fusion-gallery-image\"><a href=\"https:\/\/www.fundaciolamanreana.org\/wp-content\/uploads\/2023\/08\/10-4diada.jpg\" rel=\"noreferrer\" data-rel=\"iLightbox[gallery_image_1]\" class=\"fusion-lightbox\" target=\"_self\"><img decoding=\"async\" src=\"https:\/\/www.fundaciolamanreana.org\/wp-content\/uploads\/2023\/08\/10-4diada.jpg\" data-orig-src=\"https:\/\/www.fundaciolamanreana.org\/wp-content\/uploads\/2023\/08\/10-4diada.jpg\" width=\"1400\" height=\"788\" alt=\"\" title=\"10-4diada\" aria-label=\"10-4diada\" class=\"lazyload img-responsive wp-image-1609\" srcset=\"data:image\/svg+xml,%3Csvg%20xmlns%3D%27http%3A%2F%2Fwww.w3.org%2F2000%2Fsvg%27%20width%3D%271400%27%20height%3D%27788%27%20viewBox%3D%270%200%201400%20788%27%3E%3Crect%20width%3D%271400%27%20height%3D%27788%27%20fill-opacity%3D%220%22%2F%3E%3C%2Fsvg%3E\" data-srcset=\"https:\/\/www.fundaciolamanreana.org\/wp-content\/uploads\/2023\/08\/10-4diada-200x113.jpg 200w, https:\/\/www.fundaciolamanreana.org\/wp-content\/uploads\/2023\/08\/10-4diada-400x225.jpg 400w, https:\/\/www.fundaciolamanreana.org\/wp-content\/uploads\/2023\/08\/10-4diada-600x338.jpg 600w, https:\/\/www.fundaciolamanreana.org\/wp-content\/uploads\/2023\/08\/10-4diada-800x450.jpg 800w, https:\/\/www.fundaciolamanreana.org\/wp-content\/uploads\/2023\/08\/10-4diada-1200x675.jpg 1200w, https:\/\/www.fundaciolamanreana.org\/wp-content\/uploads\/2023\/08\/10-4diada.jpg 1400w\" data-sizes=\"auto\" data-orig-sizes=\"(min-width: 2200px) 100vw, (min-width: 794px) 410px, (min-width: 717px) 615px, (min-width: 640px) 717px, \" \/><\/a><\/div><\/div><div style=\"padding:5px;\" class=\"fusion-grid-column fusion-gallery-column fusion-gallery-column-3 hover-type-zoomout\"><div class=\"fusion-gallery-image\"><a href=\"https:\/\/www.fundaciolamanreana.org\/wp-content\/uploads\/2023\/08\/23-22moments.jpg\" rel=\"noreferrer\" data-rel=\"iLightbox[gallery_image_1]\" class=\"fusion-lightbox\" target=\"_self\"><img decoding=\"async\" src=\"https:\/\/www.fundaciolamanreana.org\/wp-content\/uploads\/2023\/08\/23-22moments.jpg\" data-orig-src=\"https:\/\/www.fundaciolamanreana.org\/wp-content\/uploads\/2023\/08\/23-22moments.jpg\" width=\"1104\" height=\"621\" alt=\"\" title=\"23-22moments\" aria-label=\"23-22moments\" class=\"lazyload img-responsive wp-image-1622\" srcset=\"data:image\/svg+xml,%3Csvg%20xmlns%3D%27http%3A%2F%2Fwww.w3.org%2F2000%2Fsvg%27%20width%3D%271104%27%20height%3D%27621%27%20viewBox%3D%270%200%201104%20621%27%3E%3Crect%20width%3D%271104%27%20height%3D%27621%27%20fill-opacity%3D%220%22%2F%3E%3C%2Fsvg%3E\" data-srcset=\"https:\/\/www.fundaciolamanreana.org\/wp-content\/uploads\/2023\/08\/23-22moments-200x113.jpg 200w, https:\/\/www.fundaciolamanreana.org\/wp-content\/uploads\/2023\/08\/23-22moments-400x225.jpg 400w, https:\/\/www.fundaciolamanreana.org\/wp-content\/uploads\/2023\/08\/23-22moments-600x338.jpg 600w, https:\/\/www.fundaciolamanreana.org\/wp-content\/uploads\/2023\/08\/23-22moments-800x450.jpg 800w, https:\/\/www.fundaciolamanreana.org\/wp-content\/uploads\/2023\/08\/23-22moments.jpg 1104w\" data-sizes=\"auto\" data-orig-sizes=\"(min-width: 2200px) 100vw, (min-width: 794px) 410px, (min-width: 717px) 615px, (min-width: 640px) 717px, \" \/><\/a><\/div><\/div><div style=\"padding:5px;\" class=\"fusion-grid-column fusion-gallery-column fusion-gallery-column-3 hover-type-zoomout\"><div class=\"fusion-gallery-image\"><a href=\"https:\/\/www.fundaciolamanreana.org\/wp-content\/uploads\/2023\/10\/PXL_20230907_084039054-scaled.jpg\" rel=\"noreferrer\" data-rel=\"iLightbox[gallery_image_1]\" class=\"fusion-lightbox\" target=\"_self\"><img decoding=\"async\" src=\"https:\/\/www.fundaciolamanreana.org\/wp-content\/uploads\/2023\/10\/PXL_20230907_084039054-scaled.jpg\" data-orig-src=\"https:\/\/www.fundaciolamanreana.org\/wp-content\/uploads\/2023\/10\/PXL_20230907_084039054-scaled.jpg\" width=\"2560\" height=\"1920\" alt=\"\" title=\"PXL_20230907_084039054\" aria-label=\"PXL_20230907_084039054\" class=\"lazyload img-responsive wp-image-2525\" srcset=\"data:image\/svg+xml,%3Csvg%20xmlns%3D%27http%3A%2F%2Fwww.w3.org%2F2000%2Fsvg%27%20width%3D%272560%27%20height%3D%271920%27%20viewBox%3D%270%200%202560%201920%27%3E%3Crect%20width%3D%272560%27%20height%3D%271920%27%20fill-opacity%3D%220%22%2F%3E%3C%2Fsvg%3E\" data-srcset=\"https:\/\/www.fundaciolamanreana.org\/wp-content\/uploads\/2023\/10\/PXL_20230907_084039054-200x150.jpg 200w, https:\/\/www.fundaciolamanreana.org\/wp-content\/uploads\/2023\/10\/PXL_20230907_084039054-400x300.jpg 400w, https:\/\/www.fundaciolamanreana.org\/wp-content\/uploads\/2023\/10\/PXL_20230907_084039054-600x450.jpg 600w, https:\/\/www.fundaciolamanreana.org\/wp-content\/uploads\/2023\/10\/PXL_20230907_084039054-800x600.jpg 800w, https:\/\/www.fundaciolamanreana.org\/wp-content\/uploads\/2023\/10\/PXL_20230907_084039054-1200x900.jpg 1200w, https:\/\/www.fundaciolamanreana.org\/wp-content\/uploads\/2023\/10\/PXL_20230907_084039054-scaled.jpg 2560w\" data-sizes=\"auto\" data-orig-sizes=\"(min-width: 2200px) 100vw, (min-width: 794px) 410px, (min-width: 717px) 615px, (min-width: 640px) 717px, \" \/><\/a><\/div><\/div><div class=\"clearfix\"><\/div><div style=\"padding:5px;\" class=\"fusion-grid-column fusion-gallery-column fusion-gallery-column-3 hover-type-zoomout\"><div class=\"fusion-gallery-image\"><a href=\"https:\/\/www.fundaciolamanreana.org\/wp-content\/uploads\/2023\/08\/25-20moments.jpg\" rel=\"noreferrer\" data-rel=\"iLightbox[gallery_image_1]\" class=\"fusion-lightbox\" target=\"_self\"><img decoding=\"async\" src=\"https:\/\/www.fundaciolamanreana.org\/wp-content\/uploads\/2023\/08\/25-20moments.jpg\" data-orig-src=\"https:\/\/www.fundaciolamanreana.org\/wp-content\/uploads\/2023\/08\/25-20moments.jpg\" width=\"960\" height=\"1280\" alt=\"\" title=\"25-20moments\" aria-label=\"25-20moments\" class=\"lazyload img-responsive wp-image-1624\" srcset=\"data:image\/svg+xml,%3Csvg%20xmlns%3D%27http%3A%2F%2Fwww.w3.org%2F2000%2Fsvg%27%20width%3D%27960%27%20height%3D%271280%27%20viewBox%3D%270%200%20960%201280%27%3E%3Crect%20width%3D%27960%27%20height%3D%271280%27%20fill-opacity%3D%220%22%2F%3E%3C%2Fsvg%3E\" data-srcset=\"https:\/\/www.fundaciolamanreana.org\/wp-content\/uploads\/2023\/08\/25-20moments-200x267.jpg 200w, https:\/\/www.fundaciolamanreana.org\/wp-content\/uploads\/2023\/08\/25-20moments-400x533.jpg 400w, https:\/\/www.fundaciolamanreana.org\/wp-content\/uploads\/2023\/08\/25-20moments-600x800.jpg 600w, https:\/\/www.fundaciolamanreana.org\/wp-content\/uploads\/2023\/08\/25-20moments-800x1067.jpg 800w, https:\/\/www.fundaciolamanreana.org\/wp-content\/uploads\/2023\/08\/25-20moments.jpg 960w\" data-sizes=\"auto\" data-orig-sizes=\"(min-width: 2200px) 100vw, (min-width: 794px) 410px, (min-width: 717px) 615px, (min-width: 640px) 717px, \" \/><\/a><\/div><\/div><div style=\"padding:5px;\" class=\"fusion-grid-column fusion-gallery-column fusion-gallery-column-3 hover-type-zoomout\"><div class=\"fusion-gallery-image\"><a href=\"https:\/\/www.fundaciolamanreana.org\/wp-content\/uploads\/2023\/10\/Sin-titulo.jpg\" rel=\"noreferrer\" data-rel=\"iLightbox[gallery_image_1]\" class=\"fusion-lightbox\" target=\"_self\"><img decoding=\"async\" src=\"https:\/\/www.fundaciolamanreana.org\/wp-content\/uploads\/2023\/10\/Sin-titulo.jpg\" data-orig-src=\"https:\/\/www.fundaciolamanreana.org\/wp-content\/uploads\/2023\/10\/Sin-titulo.jpg\" width=\"425\" height=\"206\" alt=\"\" title=\"Sin t\u00edtulo\" aria-label=\"Sin t\u00edtulo\" class=\"lazyload img-responsive wp-image-2519\" srcset=\"data:image\/svg+xml,%3Csvg%20xmlns%3D%27http%3A%2F%2Fwww.w3.org%2F2000%2Fsvg%27%20width%3D%27425%27%20height%3D%27206%27%20viewBox%3D%270%200%20425%20206%27%3E%3Crect%20width%3D%27425%27%20height%3D%27206%27%20fill-opacity%3D%220%22%2F%3E%3C%2Fsvg%3E\" data-srcset=\"https:\/\/www.fundaciolamanreana.org\/wp-content\/uploads\/2023\/10\/Sin-titulo-200x97.jpg 200w, https:\/\/www.fundaciolamanreana.org\/wp-content\/uploads\/2023\/10\/Sin-titulo-400x194.jpg 400w, https:\/\/www.fundaciolamanreana.org\/wp-content\/uploads\/2023\/10\/Sin-titulo.jpg 425w\" data-sizes=\"auto\" data-orig-sizes=\"(min-width: 2200px) 100vw, (min-width: 794px) 410px, (min-width: 717px) 615px, (min-width: 640px) 717px, \" \/><\/a><\/div><\/div><div style=\"padding:5px;\" class=\"fusion-grid-column fusion-gallery-column fusion-gallery-column-3 hover-type-zoomout\"><div class=\"fusion-gallery-image\"><a href=\"https:\/\/www.fundaciolamanreana.org\/wp-content\/uploads\/2023\/08\/11-2diada.jpg\" rel=\"noreferrer\" data-rel=\"iLightbox[gallery_image_1]\" class=\"fusion-lightbox\" target=\"_self\"><img decoding=\"async\" src=\"https:\/\/www.fundaciolamanreana.org\/wp-content\/uploads\/2023\/08\/11-2diada.jpg\" data-orig-src=\"https:\/\/www.fundaciolamanreana.org\/wp-content\/uploads\/2023\/08\/11-2diada.jpg\" width=\"1400\" height=\"788\" alt=\"\" title=\"11-2diada\" aria-label=\"11-2diada\" class=\"lazyload img-responsive wp-image-1610\" srcset=\"data:image\/svg+xml,%3Csvg%20xmlns%3D%27http%3A%2F%2Fwww.w3.org%2F2000%2Fsvg%27%20width%3D%271400%27%20height%3D%27788%27%20viewBox%3D%270%200%201400%20788%27%3E%3Crect%20width%3D%271400%27%20height%3D%27788%27%20fill-opacity%3D%220%22%2F%3E%3C%2Fsvg%3E\" data-srcset=\"https:\/\/www.fundaciolamanreana.org\/wp-content\/uploads\/2023\/08\/11-2diada-200x113.jpg 200w, https:\/\/www.fundaciolamanreana.org\/wp-content\/uploads\/2023\/08\/11-2diada-400x225.jpg 400w, https:\/\/www.fundaciolamanreana.org\/wp-content\/uploads\/2023\/08\/11-2diada-600x338.jpg 600w, https:\/\/www.fundaciolamanreana.org\/wp-content\/uploads\/2023\/08\/11-2diada-800x450.jpg 800w, https:\/\/www.fundaciolamanreana.org\/wp-content\/uploads\/2023\/08\/11-2diada-1200x675.jpg 1200w, https:\/\/www.fundaciolamanreana.org\/wp-content\/uploads\/2023\/08\/11-2diada.jpg 1400w\" data-sizes=\"auto\" data-orig-sizes=\"(min-width: 2200px) 100vw, (min-width: 794px) 410px, (min-width: 717px) 615px, (min-width: 640px) 717px, \" \/><\/a><\/div><\/div><div class=\"clearfix\"><\/div><div style=\"padding:5px;\" class=\"fusion-grid-column fusion-gallery-column fusion-gallery-column-3 hover-type-zoomout\"><div class=\"fusion-gallery-image\"><a href=\"https:\/\/www.fundaciolamanreana.org\/wp-content\/uploads\/2023\/10\/PXL_20230909_104220574-scaled.jpg\" rel=\"noreferrer\" data-rel=\"iLightbox[gallery_image_1]\" class=\"fusion-lightbox\" target=\"_self\"><img decoding=\"async\" src=\"https:\/\/www.fundaciolamanreana.org\/wp-content\/uploads\/2023\/10\/PXL_20230909_104220574-scaled.jpg\" data-orig-src=\"https:\/\/www.fundaciolamanreana.org\/wp-content\/uploads\/2023\/10\/PXL_20230909_104220574-scaled.jpg\" width=\"2560\" height=\"1920\" alt=\"\" title=\"PXL_20230909_104220574\" aria-label=\"PXL_20230909_104220574\" class=\"lazyload img-responsive wp-image-2523\" srcset=\"data:image\/svg+xml,%3Csvg%20xmlns%3D%27http%3A%2F%2Fwww.w3.org%2F2000%2Fsvg%27%20width%3D%272560%27%20height%3D%271920%27%20viewBox%3D%270%200%202560%201920%27%3E%3Crect%20width%3D%272560%27%20height%3D%271920%27%20fill-opacity%3D%220%22%2F%3E%3C%2Fsvg%3E\" data-srcset=\"https:\/\/www.fundaciolamanreana.org\/wp-content\/uploads\/2023\/10\/PXL_20230909_104220574-200x150.jpg 200w, https:\/\/www.fundaciolamanreana.org\/wp-content\/uploads\/2023\/10\/PXL_20230909_104220574-400x300.jpg 400w, https:\/\/www.fundaciolamanreana.org\/wp-content\/uploads\/2023\/10\/PXL_20230909_104220574-600x450.jpg 600w, https:\/\/www.fundaciolamanreana.org\/wp-content\/uploads\/2023\/10\/PXL_20230909_104220574-800x600.jpg 800w, https:\/\/www.fundaciolamanreana.org\/wp-content\/uploads\/2023\/10\/PXL_20230909_104220574-1200x900.jpg 1200w, https:\/\/www.fundaciolamanreana.org\/wp-content\/uploads\/2023\/10\/PXL_20230909_104220574-scaled.jpg 2560w\" data-sizes=\"auto\" data-orig-sizes=\"(min-width: 2200px) 100vw, (min-width: 794px) 410px, (min-width: 717px) 615px, (min-width: 640px) 717px, \" \/><\/a><\/div><\/div><div style=\"padding:5px;\" class=\"fusion-grid-column fusion-gallery-column fusion-gallery-column-3 hover-type-zoomout awb-gallery-item-hidden\"><div class=\"fusion-gallery-image\"><a href=\"https:\/\/www.fundaciolamanreana.org\/wp-content\/uploads\/2023\/10\/DSCN1592-scaled.jpg\" rel=\"noreferrer\" data-rel=\"iLightbox[gallery_image_1]\" class=\"fusion-lightbox\" target=\"_self\"><img decoding=\"async\" src=\"https:\/\/www.fundaciolamanreana.org\/wp-content\/uploads\/2023\/10\/DSCN1592-scaled.jpg\" data-orig-src=\"https:\/\/www.fundaciolamanreana.org\/wp-content\/uploads\/2023\/10\/DSCN1592-scaled.jpg\" width=\"2560\" height=\"1920\" alt=\"\" title=\"DSCN1592\" aria-label=\"DSCN1592\" class=\"lazyload img-responsive wp-image-2555\" srcset=\"data:image\/svg+xml,%3Csvg%20xmlns%3D%27http%3A%2F%2Fwww.w3.org%2F2000%2Fsvg%27%20width%3D%272560%27%20height%3D%271920%27%20viewBox%3D%270%200%202560%201920%27%3E%3Crect%20width%3D%272560%27%20height%3D%271920%27%20fill-opacity%3D%220%22%2F%3E%3C%2Fsvg%3E\" data-srcset=\"https:\/\/www.fundaciolamanreana.org\/wp-content\/uploads\/2023\/10\/DSCN1592-200x150.jpg 200w, https:\/\/www.fundaciolamanreana.org\/wp-content\/uploads\/2023\/10\/DSCN1592-400x300.jpg 400w, https:\/\/www.fundaciolamanreana.org\/wp-content\/uploads\/2023\/10\/DSCN1592-600x450.jpg 600w, https:\/\/www.fundaciolamanreana.org\/wp-content\/uploads\/2023\/10\/DSCN1592-800x600.jpg 800w, https:\/\/www.fundaciolamanreana.org\/wp-content\/uploads\/2023\/10\/DSCN1592-1200x900.jpg 1200w, https:\/\/www.fundaciolamanreana.org\/wp-content\/uploads\/2023\/10\/DSCN1592-scaled.jpg 2560w\" data-sizes=\"auto\" data-orig-sizes=\"(min-width: 2200px) 100vw, (min-width: 794px) 410px, (min-width: 717px) 615px, (min-width: 640px) 717px, \" \/><\/a><\/div><\/div><div style=\"padding:5px;\" class=\"fusion-grid-column fusion-gallery-column fusion-gallery-column-3 hover-type-zoomout awb-gallery-item-hidden\"><div class=\"fusion-gallery-image\"><a href=\"https:\/\/www.fundaciolamanreana.org\/wp-content\/uploads\/2023\/08\/06-8diada.jpg\" rel=\"noreferrer\" data-rel=\"iLightbox[gallery_image_1]\" class=\"fusion-lightbox\" target=\"_self\"><img decoding=\"async\" src=\"https:\/\/www.fundaciolamanreana.org\/wp-content\/uploads\/2023\/08\/06-8diada.jpg\" data-orig-src=\"https:\/\/www.fundaciolamanreana.org\/wp-content\/uploads\/2023\/08\/06-8diada.jpg\" width=\"1400\" height=\"788\" alt=\"\" title=\"06-8diada\" aria-label=\"06-8diada\" class=\"lazyload img-responsive wp-image-1606\" srcset=\"data:image\/svg+xml,%3Csvg%20xmlns%3D%27http%3A%2F%2Fwww.w3.org%2F2000%2Fsvg%27%20width%3D%271400%27%20height%3D%27788%27%20viewBox%3D%270%200%201400%20788%27%3E%3Crect%20width%3D%271400%27%20height%3D%27788%27%20fill-opacity%3D%220%22%2F%3E%3C%2Fsvg%3E\" data-srcset=\"https:\/\/www.fundaciolamanreana.org\/wp-content\/uploads\/2023\/08\/06-8diada-200x113.jpg 200w, https:\/\/www.fundaciolamanreana.org\/wp-content\/uploads\/2023\/08\/06-8diada-400x225.jpg 400w, https:\/\/www.fundaciolamanreana.org\/wp-content\/uploads\/2023\/08\/06-8diada-600x338.jpg 600w, https:\/\/www.fundaciolamanreana.org\/wp-content\/uploads\/2023\/08\/06-8diada-800x450.jpg 800w, https:\/\/www.fundaciolamanreana.org\/wp-content\/uploads\/2023\/08\/06-8diada-1200x675.jpg 1200w, https:\/\/www.fundaciolamanreana.org\/wp-content\/uploads\/2023\/08\/06-8diada.jpg 1400w\" data-sizes=\"auto\" data-orig-sizes=\"(min-width: 2200px) 100vw, (min-width: 794px) 410px, (min-width: 717px) 615px, (min-width: 640px) 717px, \" \/><\/a><\/div><\/div><div class=\"clearfix\"><\/div><div style=\"padding:5px;\" class=\"fusion-grid-column fusion-gallery-column fusion-gallery-column-3 hover-type-zoomout awb-gallery-item-hidden\"><div class=\"fusion-gallery-image\"><a href=\"https:\/\/www.fundaciolamanreana.org\/wp-content\/uploads\/2023\/08\/33-11moments.jpg\" rel=\"noreferrer\" data-rel=\"iLightbox[gallery_image_1]\" class=\"fusion-lightbox\" target=\"_self\"><img decoding=\"async\" src=\"https:\/\/www.fundaciolamanreana.org\/wp-content\/uploads\/2023\/08\/33-11moments.jpg\" data-orig-src=\"https:\/\/www.fundaciolamanreana.org\/wp-content\/uploads\/2023\/08\/33-11moments.jpg\" width=\"1184\" height=\"789\" alt=\"\" title=\"33-11moments\" aria-label=\"33-11moments\" class=\"lazyload img-responsive wp-image-1632\" srcset=\"data:image\/svg+xml,%3Csvg%20xmlns%3D%27http%3A%2F%2Fwww.w3.org%2F2000%2Fsvg%27%20width%3D%271184%27%20height%3D%27789%27%20viewBox%3D%270%200%201184%20789%27%3E%3Crect%20width%3D%271184%27%20height%3D%27789%27%20fill-opacity%3D%220%22%2F%3E%3C%2Fsvg%3E\" data-srcset=\"https:\/\/www.fundaciolamanreana.org\/wp-content\/uploads\/2023\/08\/33-11moments-200x133.jpg 200w, https:\/\/www.fundaciolamanreana.org\/wp-content\/uploads\/2023\/08\/33-11moments-400x267.jpg 400w, https:\/\/www.fundaciolamanreana.org\/wp-content\/uploads\/2023\/08\/33-11moments-600x400.jpg 600w, https:\/\/www.fundaciolamanreana.org\/wp-content\/uploads\/2023\/08\/33-11moments-800x533.jpg 800w, https:\/\/www.fundaciolamanreana.org\/wp-content\/uploads\/2023\/08\/33-11moments.jpg 1184w\" data-sizes=\"auto\" data-orig-sizes=\"(min-width: 2200px) 100vw, (min-width: 794px) 410px, (min-width: 717px) 615px, (min-width: 640px) 717px, \" \/><\/a><\/div><\/div><div style=\"padding:5px;\" class=\"fusion-grid-column fusion-gallery-column fusion-gallery-column-3 hover-type-zoomout awb-gallery-item-hidden\"><div class=\"fusion-gallery-image\"><a href=\"https:\/\/www.fundaciolamanreana.org\/wp-content\/uploads\/2023\/10\/DSCN1578-scaled.jpg\" rel=\"noreferrer\" data-rel=\"iLightbox[gallery_image_1]\" class=\"fusion-lightbox\" target=\"_self\"><img decoding=\"async\" src=\"https:\/\/www.fundaciolamanreana.org\/wp-content\/uploads\/2023\/10\/DSCN1578-scaled.jpg\" data-orig-src=\"https:\/\/www.fundaciolamanreana.org\/wp-content\/uploads\/2023\/10\/DSCN1578-scaled.jpg\" width=\"2560\" height=\"1920\" alt=\"Imatge d&#039;un poni a la Fundaci\u00f3 la Manreana, centre terap\u00e8utic i formatiu.\" title=\"DSCN1578\" aria-label=\"DSCN1578\" class=\"lazyload img-responsive wp-image-2557\" srcset=\"data:image\/svg+xml,%3Csvg%20xmlns%3D%27http%3A%2F%2Fwww.w3.org%2F2000%2Fsvg%27%20width%3D%272560%27%20height%3D%271920%27%20viewBox%3D%270%200%202560%201920%27%3E%3Crect%20width%3D%272560%27%20height%3D%271920%27%20fill-opacity%3D%220%22%2F%3E%3C%2Fsvg%3E\" data-srcset=\"https:\/\/www.fundaciolamanreana.org\/wp-content\/uploads\/2023\/10\/DSCN1578-200x150.jpg 200w, https:\/\/www.fundaciolamanreana.org\/wp-content\/uploads\/2023\/10\/DSCN1578-400x300.jpg 400w, https:\/\/www.fundaciolamanreana.org\/wp-content\/uploads\/2023\/10\/DSCN1578-600x450.jpg 600w, https:\/\/www.fundaciolamanreana.org\/wp-content\/uploads\/2023\/10\/DSCN1578-800x600.jpg 800w, https:\/\/www.fundaciolamanreana.org\/wp-content\/uploads\/2023\/10\/DSCN1578-1200x900.jpg 1200w, https:\/\/www.fundaciolamanreana.org\/wp-content\/uploads\/2023\/10\/DSCN1578-scaled.jpg 2560w\" data-sizes=\"auto\" data-orig-sizes=\"(min-width: 2200px) 100vw, (min-width: 794px) 410px, (min-width: 717px) 615px, (min-width: 640px) 717px, \" \/><\/a><\/div><\/div><div style=\"padding:5px;\" class=\"fusion-grid-column fusion-gallery-column fusion-gallery-column-3 hover-type-zoomout awb-gallery-item-hidden\"><div class=\"fusion-gallery-image\"><a href=\"https:\/\/www.fundaciolamanreana.org\/wp-content\/uploads\/2023\/10\/PXL_20230906_165430351-scaled.jpg\" rel=\"noreferrer\" data-rel=\"iLightbox[gallery_image_1]\" class=\"fusion-lightbox\" target=\"_self\"><img decoding=\"async\" src=\"https:\/\/www.fundaciolamanreana.org\/wp-content\/uploads\/2023\/10\/PXL_20230906_165430351-scaled.jpg\" data-orig-src=\"https:\/\/www.fundaciolamanreana.org\/wp-content\/uploads\/2023\/10\/PXL_20230906_165430351-scaled.jpg\" width=\"1920\" height=\"2560\" alt=\"\" title=\"PXL_20230906_165430351\" aria-label=\"PXL_20230906_165430351\" class=\"lazyload img-responsive wp-image-2531\" srcset=\"data:image\/svg+xml,%3Csvg%20xmlns%3D%27http%3A%2F%2Fwww.w3.org%2F2000%2Fsvg%27%20width%3D%271920%27%20height%3D%272560%27%20viewBox%3D%270%200%201920%202560%27%3E%3Crect%20width%3D%271920%27%20height%3D%272560%27%20fill-opacity%3D%220%22%2F%3E%3C%2Fsvg%3E\" data-srcset=\"https:\/\/www.fundaciolamanreana.org\/wp-content\/uploads\/2023\/10\/PXL_20230906_165430351-200x267.jpg 200w, https:\/\/www.fundaciolamanreana.org\/wp-content\/uploads\/2023\/10\/PXL_20230906_165430351-400x533.jpg 400w, https:\/\/www.fundaciolamanreana.org\/wp-content\/uploads\/2023\/10\/PXL_20230906_165430351-600x800.jpg 600w, https:\/\/www.fundaciolamanreana.org\/wp-content\/uploads\/2023\/10\/PXL_20230906_165430351-800x1067.jpg 800w, https:\/\/www.fundaciolamanreana.org\/wp-content\/uploads\/2023\/10\/PXL_20230906_165430351-1200x1600.jpg 1200w, https:\/\/www.fundaciolamanreana.org\/wp-content\/uploads\/2023\/10\/PXL_20230906_165430351-scaled.jpg 1920w\" data-sizes=\"auto\" data-orig-sizes=\"(min-width: 2200px) 100vw, (min-width: 794px) 410px, (min-width: 717px) 615px, (min-width: 640px) 717px, \" \/><\/a><\/div><\/div><div class=\"clearfix\"><\/div><div style=\"padding:5px;\" class=\"fusion-grid-column fusion-gallery-column fusion-gallery-column-3 hover-type-zoomout awb-gallery-item-hidden\"><div class=\"fusion-gallery-image\"><a href=\"https:\/\/www.fundaciolamanreana.org\/wp-content\/uploads\/2023\/08\/32-12moments.jpg\" rel=\"noreferrer\" data-rel=\"iLightbox[gallery_image_1]\" class=\"fusion-lightbox\" target=\"_self\"><img decoding=\"async\" src=\"https:\/\/www.fundaciolamanreana.org\/wp-content\/uploads\/2023\/08\/32-12moments.jpg\" data-orig-src=\"https:\/\/www.fundaciolamanreana.org\/wp-content\/uploads\/2023\/08\/32-12moments.jpg\" width=\"1184\" height=\"789\" alt=\"\" title=\"32-12moments\" aria-label=\"32-12moments\" class=\"lazyload img-responsive wp-image-1631\" srcset=\"data:image\/svg+xml,%3Csvg%20xmlns%3D%27http%3A%2F%2Fwww.w3.org%2F2000%2Fsvg%27%20width%3D%271184%27%20height%3D%27789%27%20viewBox%3D%270%200%201184%20789%27%3E%3Crect%20width%3D%271184%27%20height%3D%27789%27%20fill-opacity%3D%220%22%2F%3E%3C%2Fsvg%3E\" data-srcset=\"https:\/\/www.fundaciolamanreana.org\/wp-content\/uploads\/2023\/08\/32-12moments-200x133.jpg 200w, https:\/\/www.fundaciolamanreana.org\/wp-content\/uploads\/2023\/08\/32-12moments-400x267.jpg 400w, https:\/\/www.fundaciolamanreana.org\/wp-content\/uploads\/2023\/08\/32-12moments-600x400.jpg 600w, https:\/\/www.fundaciolamanreana.org\/wp-content\/uploads\/2023\/08\/32-12moments-800x533.jpg 800w, https:\/\/www.fundaciolamanreana.org\/wp-content\/uploads\/2023\/08\/32-12moments.jpg 1184w\" data-sizes=\"auto\" data-orig-sizes=\"(min-width: 2200px) 100vw, (min-width: 794px) 410px, (min-width: 717px) 615px, (min-width: 640px) 717px, \" \/><\/a><\/div><\/div><div style=\"padding:5px;\" class=\"fusion-grid-column fusion-gallery-column fusion-gallery-column-3 hover-type-zoomout awb-gallery-item-hidden\"><div class=\"fusion-gallery-image\"><a href=\"https:\/\/www.fundaciolamanreana.org\/wp-content\/uploads\/2023\/10\/granja.jpg\" rel=\"noreferrer\" data-rel=\"iLightbox[gallery_image_1]\" class=\"fusion-lightbox\" target=\"_self\"><img decoding=\"async\" src=\"data:image\/svg+xml,%3Csvg%20xmlns%3D%27http%3A%2F%2Fwww.w3.org%2F2000%2Fsvg%27%20width%3D%27188%27%20height%3D%27287%27%20viewBox%3D%270%200%20188%20287%27%3E%3Crect%20width%3D%27188%27%20height%3D%27287%27%20fill-opacity%3D%220%22%2F%3E%3C%2Fsvg%3E\" data-orig-src=\"https:\/\/www.fundaciolamanreana.org\/wp-content\/uploads\/2023\/10\/granja.jpg\" width=\"188\" height=\"287\" alt=\"\" title=\"granja\" aria-label=\"granja\" class=\"lazyload img-responsive wp-image-2517\"  \/><\/a><\/div><\/div><div style=\"padding:5px;\" class=\"fusion-grid-column fusion-gallery-column fusion-gallery-column-3 hover-type-zoomout awb-gallery-item-hidden\"><div class=\"fusion-gallery-image\"><a href=\"https:\/\/www.fundaciolamanreana.org\/wp-content\/uploads\/2023\/08\/08-6diada.jpg\" rel=\"noreferrer\" data-rel=\"iLightbox[gallery_image_1]\" class=\"fusion-lightbox\" target=\"_self\"><img decoding=\"async\" src=\"https:\/\/www.fundaciolamanreana.org\/wp-content\/uploads\/2023\/08\/08-6diada.jpg\" data-orig-src=\"https:\/\/www.fundaciolamanreana.org\/wp-content\/uploads\/2023\/08\/08-6diada.jpg\" width=\"1400\" height=\"788\" alt=\"\" title=\"08-6diada\" aria-label=\"08-6diada\" class=\"lazyload img-responsive wp-image-1607\" srcset=\"data:image\/svg+xml,%3Csvg%20xmlns%3D%27http%3A%2F%2Fwww.w3.org%2F2000%2Fsvg%27%20width%3D%271400%27%20height%3D%27788%27%20viewBox%3D%270%200%201400%20788%27%3E%3Crect%20width%3D%271400%27%20height%3D%27788%27%20fill-opacity%3D%220%22%2F%3E%3C%2Fsvg%3E\" data-srcset=\"https:\/\/www.fundaciolamanreana.org\/wp-content\/uploads\/2023\/08\/08-6diada-200x113.jpg 200w, https:\/\/www.fundaciolamanreana.org\/wp-content\/uploads\/2023\/08\/08-6diada-400x225.jpg 400w, https:\/\/www.fundaciolamanreana.org\/wp-content\/uploads\/2023\/08\/08-6diada-600x338.jpg 600w, https:\/\/www.fundaciolamanreana.org\/wp-content\/uploads\/2023\/08\/08-6diada-800x450.jpg 800w, https:\/\/www.fundaciolamanreana.org\/wp-content\/uploads\/2023\/08\/08-6diada-1200x675.jpg 1200w, https:\/\/www.fundaciolamanreana.org\/wp-content\/uploads\/2023\/08\/08-6diada.jpg 1400w\" data-sizes=\"auto\" data-orig-sizes=\"(min-width: 2200px) 100vw, (min-width: 794px) 410px, (min-width: 717px) 615px, (min-width: 640px) 717px, \" \/><\/a><\/div><\/div><div class=\"clearfix\"><\/div><div style=\"padding:5px;\" class=\"fusion-grid-column fusion-gallery-column fusion-gallery-column-3 hover-type-zoomout awb-gallery-item-hidden\"><div class=\"fusion-gallery-image\"><a href=\"https:\/\/www.fundaciolamanreana.org\/wp-content\/uploads\/2023\/08\/41-3moments.jpg\" rel=\"noreferrer\" data-rel=\"iLightbox[gallery_image_1]\" class=\"fusion-lightbox\" target=\"_self\"><img decoding=\"async\" src=\"https:\/\/www.fundaciolamanreana.org\/wp-content\/uploads\/2023\/08\/41-3moments.jpg\" data-orig-src=\"https:\/\/www.fundaciolamanreana.org\/wp-content\/uploads\/2023\/08\/41-3moments.jpg\" width=\"1504\" height=\"1000\" alt=\"\" title=\"41-3moments\" aria-label=\"41-3moments\" class=\"lazyload img-responsive wp-image-1640\" srcset=\"data:image\/svg+xml,%3Csvg%20xmlns%3D%27http%3A%2F%2Fwww.w3.org%2F2000%2Fsvg%27%20width%3D%271504%27%20height%3D%271000%27%20viewBox%3D%270%200%201504%201000%27%3E%3Crect%20width%3D%271504%27%20height%3D%271000%27%20fill-opacity%3D%220%22%2F%3E%3C%2Fsvg%3E\" data-srcset=\"https:\/\/www.fundaciolamanreana.org\/wp-content\/uploads\/2023\/08\/41-3moments-200x133.jpg 200w, https:\/\/www.fundaciolamanreana.org\/wp-content\/uploads\/2023\/08\/41-3moments-400x266.jpg 400w, https:\/\/www.fundaciolamanreana.org\/wp-content\/uploads\/2023\/08\/41-3moments-600x399.jpg 600w, https:\/\/www.fundaciolamanreana.org\/wp-content\/uploads\/2023\/08\/41-3moments-800x532.jpg 800w, https:\/\/www.fundaciolamanreana.org\/wp-content\/uploads\/2023\/08\/41-3moments-1200x798.jpg 1200w, https:\/\/www.fundaciolamanreana.org\/wp-content\/uploads\/2023\/08\/41-3moments.jpg 1504w\" data-sizes=\"auto\" data-orig-sizes=\"(min-width: 2200px) 100vw, (min-width: 794px) 410px, (min-width: 717px) 615px, (min-width: 640px) 717px, \" \/><\/a><\/div><\/div><div style=\"padding:5px;\" class=\"fusion-grid-column fusion-gallery-column fusion-gallery-column-3 hover-type-zoomout awb-gallery-item-hidden\"><div class=\"fusion-gallery-image\"><a href=\"https:\/\/www.fundaciolamanreana.org\/wp-content\/uploads\/2023\/10\/PXL_20230906_164634031-scaled.jpg\" rel=\"noreferrer\" data-rel=\"iLightbox[gallery_image_1]\" class=\"fusion-lightbox\" target=\"_self\"><img decoding=\"async\" src=\"https:\/\/www.fundaciolamanreana.org\/wp-content\/uploads\/2023\/10\/PXL_20230906_164634031-scaled.jpg\" data-orig-src=\"https:\/\/www.fundaciolamanreana.org\/wp-content\/uploads\/2023\/10\/PXL_20230906_164634031-scaled.jpg\" width=\"1920\" height=\"2560\" alt=\"\" title=\"PXL_20230906_164634031\" aria-label=\"PXL_20230906_164634031\" class=\"lazyload img-responsive wp-image-2529\" srcset=\"data:image\/svg+xml,%3Csvg%20xmlns%3D%27http%3A%2F%2Fwww.w3.org%2F2000%2Fsvg%27%20width%3D%271920%27%20height%3D%272560%27%20viewBox%3D%270%200%201920%202560%27%3E%3Crect%20width%3D%271920%27%20height%3D%272560%27%20fill-opacity%3D%220%22%2F%3E%3C%2Fsvg%3E\" data-srcset=\"https:\/\/www.fundaciolamanreana.org\/wp-content\/uploads\/2023\/10\/PXL_20230906_164634031-200x267.jpg 200w, https:\/\/www.fundaciolamanreana.org\/wp-content\/uploads\/2023\/10\/PXL_20230906_164634031-400x533.jpg 400w, https:\/\/www.fundaciolamanreana.org\/wp-content\/uploads\/2023\/10\/PXL_20230906_164634031-600x800.jpg 600w, https:\/\/www.fundaciolamanreana.org\/wp-content\/uploads\/2023\/10\/PXL_20230906_164634031-800x1067.jpg 800w, https:\/\/www.fundaciolamanreana.org\/wp-content\/uploads\/2023\/10\/PXL_20230906_164634031-1200x1600.jpg 1200w, https:\/\/www.fundaciolamanreana.org\/wp-content\/uploads\/2023\/10\/PXL_20230906_164634031-scaled.jpg 1920w\" data-sizes=\"auto\" data-orig-sizes=\"(min-width: 2200px) 100vw, (min-width: 794px) 410px, (min-width: 717px) 615px, (min-width: 640px) 717px, \" \/><\/a><\/div><\/div><div style=\"padding:5px;\" class=\"fusion-grid-column fusion-gallery-column fusion-gallery-column-3 hover-type-zoomout awb-gallery-item-hidden\"><div class=\"fusion-gallery-image\"><a href=\"https:\/\/www.fundaciolamanreana.org\/wp-content\/uploads\/2023\/08\/01-13diada.jpg\" rel=\"noreferrer\" data-rel=\"iLightbox[gallery_image_1]\" class=\"fusion-lightbox\" target=\"_self\"><img decoding=\"async\" src=\"https:\/\/www.fundaciolamanreana.org\/wp-content\/uploads\/2023\/08\/01-13diada.jpg\" data-orig-src=\"https:\/\/www.fundaciolamanreana.org\/wp-content\/uploads\/2023\/08\/01-13diada.jpg\" width=\"1400\" height=\"788\" alt=\"\" title=\"01-13diada\" aria-label=\"01-13diada\" class=\"lazyload img-responsive wp-image-1601\" srcset=\"data:image\/svg+xml,%3Csvg%20xmlns%3D%27http%3A%2F%2Fwww.w3.org%2F2000%2Fsvg%27%20width%3D%271400%27%20height%3D%27788%27%20viewBox%3D%270%200%201400%20788%27%3E%3Crect%20width%3D%271400%27%20height%3D%27788%27%20fill-opacity%3D%220%22%2F%3E%3C%2Fsvg%3E\" data-srcset=\"https:\/\/www.fundaciolamanreana.org\/wp-content\/uploads\/2023\/08\/01-13diada-200x113.jpg 200w, https:\/\/www.fundaciolamanreana.org\/wp-content\/uploads\/2023\/08\/01-13diada-400x225.jpg 400w, https:\/\/www.fundaciolamanreana.org\/wp-content\/uploads\/2023\/08\/01-13diada-600x338.jpg 600w, https:\/\/www.fundaciolamanreana.org\/wp-content\/uploads\/2023\/08\/01-13diada-800x450.jpg 800w, https:\/\/www.fundaciolamanreana.org\/wp-content\/uploads\/2023\/08\/01-13diada-1200x675.jpg 1200w, https:\/\/www.fundaciolamanreana.org\/wp-content\/uploads\/2023\/08\/01-13diada.jpg 1400w\" data-sizes=\"auto\" data-orig-sizes=\"(min-width: 2200px) 100vw, (min-width: 794px) 410px, (min-width: 717px) 615px, (min-width: 640px) 717px, \" \/><\/a><\/div><\/div><div class=\"clearfix\"><\/div><div style=\"padding:5px;\" class=\"fusion-grid-column fusion-gallery-column fusion-gallery-column-3 hover-type-zoomout awb-gallery-item-hidden\"><div class=\"fusion-gallery-image\"><a href=\"https:\/\/www.fundaciolamanreana.org\/wp-content\/uploads\/2023\/10\/DSCN1596-scaled.jpg\" rel=\"noreferrer\" data-rel=\"iLightbox[gallery_image_1]\" class=\"fusion-lightbox\" target=\"_self\"><img decoding=\"async\" src=\"https:\/\/www.fundaciolamanreana.org\/wp-content\/uploads\/2023\/10\/DSCN1596-scaled.jpg\" data-orig-src=\"https:\/\/www.fundaciolamanreana.org\/wp-content\/uploads\/2023\/10\/DSCN1596-scaled.jpg\" width=\"2560\" height=\"1920\" alt=\"\" title=\"DSCN1596\" aria-label=\"DSCN1596\" class=\"lazyload img-responsive wp-image-2551\" srcset=\"data:image\/svg+xml,%3Csvg%20xmlns%3D%27http%3A%2F%2Fwww.w3.org%2F2000%2Fsvg%27%20width%3D%272560%27%20height%3D%271920%27%20viewBox%3D%270%200%202560%201920%27%3E%3Crect%20width%3D%272560%27%20height%3D%271920%27%20fill-opacity%3D%220%22%2F%3E%3C%2Fsvg%3E\" data-srcset=\"https:\/\/www.fundaciolamanreana.org\/wp-content\/uploads\/2023\/10\/DSCN1596-200x150.jpg 200w, https:\/\/www.fundaciolamanreana.org\/wp-content\/uploads\/2023\/10\/DSCN1596-400x300.jpg 400w, https:\/\/www.fundaciolamanreana.org\/wp-content\/uploads\/2023\/10\/DSCN1596-600x450.jpg 600w, https:\/\/www.fundaciolamanreana.org\/wp-content\/uploads\/2023\/10\/DSCN1596-800x600.jpg 800w, https:\/\/www.fundaciolamanreana.org\/wp-content\/uploads\/2023\/10\/DSCN1596-1200x900.jpg 1200w, https:\/\/www.fundaciolamanreana.org\/wp-content\/uploads\/2023\/10\/DSCN1596-scaled.jpg 2560w\" data-sizes=\"auto\" data-orig-sizes=\"(min-width: 2200px) 100vw, (min-width: 794px) 410px, (min-width: 717px) 615px, (min-width: 640px) 717px, \" \/><\/a><\/div><\/div><div style=\"padding:5px;\" class=\"fusion-grid-column fusion-gallery-column fusion-gallery-column-3 hover-type-zoomout awb-gallery-item-hidden\"><div class=\"fusion-gallery-image\"><a href=\"https:\/\/www.fundaciolamanreana.org\/wp-content\/uploads\/2023\/10\/DSCN1606-scaled.jpg\" rel=\"noreferrer\" data-rel=\"iLightbox[gallery_image_1]\" class=\"fusion-lightbox\" target=\"_self\"><img decoding=\"async\" src=\"https:\/\/www.fundaciolamanreana.org\/wp-content\/uploads\/2023\/10\/DSCN1606-scaled.jpg\" data-orig-src=\"https:\/\/www.fundaciolamanreana.org\/wp-content\/uploads\/2023\/10\/DSCN1606-scaled.jpg\" width=\"2560\" height=\"1920\" alt=\"Imatge d&#039;un cavall menjant herba a Fundaci\u00f3 la Manreana, centre terap\u00e8utic i formatiu.\" title=\"DSCN1606\" aria-label=\"DSCN1606\" class=\"lazyload img-responsive wp-image-2549\" srcset=\"data:image\/svg+xml,%3Csvg%20xmlns%3D%27http%3A%2F%2Fwww.w3.org%2F2000%2Fsvg%27%20width%3D%272560%27%20height%3D%271920%27%20viewBox%3D%270%200%202560%201920%27%3E%3Crect%20width%3D%272560%27%20height%3D%271920%27%20fill-opacity%3D%220%22%2F%3E%3C%2Fsvg%3E\" data-srcset=\"https:\/\/www.fundaciolamanreana.org\/wp-content\/uploads\/2023\/10\/DSCN1606-200x150.jpg 200w, https:\/\/www.fundaciolamanreana.org\/wp-content\/uploads\/2023\/10\/DSCN1606-400x300.jpg 400w, https:\/\/www.fundaciolamanreana.org\/wp-content\/uploads\/2023\/10\/DSCN1606-600x450.jpg 600w, https:\/\/www.fundaciolamanreana.org\/wp-content\/uploads\/2023\/10\/DSCN1606-800x600.jpg 800w, https:\/\/www.fundaciolamanreana.org\/wp-content\/uploads\/2023\/10\/DSCN1606-1200x900.jpg 1200w, https:\/\/www.fundaciolamanreana.org\/wp-content\/uploads\/2023\/10\/DSCN1606-scaled.jpg 2560w\" data-sizes=\"auto\" data-orig-sizes=\"(min-width: 2200px) 100vw, (min-width: 794px) 410px, (min-width: 717px) 615px, (min-width: 640px) 717px, \" \/><\/a><\/div><\/div><div style=\"padding:5px;\" class=\"fusion-grid-column fusion-gallery-column fusion-gallery-column-3 hover-type-zoomout awb-gallery-item-hidden\"><div class=\"fusion-gallery-image\"><a href=\"https:\/\/www.fundaciolamanreana.org\/wp-content\/uploads\/2023\/08\/40-4moments.jpg\" rel=\"noreferrer\" data-rel=\"iLightbox[gallery_image_1]\" class=\"fusion-lightbox\" target=\"_self\"><img decoding=\"async\" src=\"https:\/\/www.fundaciolamanreana.org\/wp-content\/uploads\/2023\/08\/40-4moments.jpg\" data-orig-src=\"https:\/\/www.fundaciolamanreana.org\/wp-content\/uploads\/2023\/08\/40-4moments.jpg\" width=\"1504\" height=\"1000\" alt=\"\" title=\"40-4moments\" aria-label=\"40-4moments\" class=\"lazyload img-responsive wp-image-1639\" srcset=\"data:image\/svg+xml,%3Csvg%20xmlns%3D%27http%3A%2F%2Fwww.w3.org%2F2000%2Fsvg%27%20width%3D%271504%27%20height%3D%271000%27%20viewBox%3D%270%200%201504%201000%27%3E%3Crect%20width%3D%271504%27%20height%3D%271000%27%20fill-opacity%3D%220%22%2F%3E%3C%2Fsvg%3E\" data-srcset=\"https:\/\/www.fundaciolamanreana.org\/wp-content\/uploads\/2023\/08\/40-4moments-200x133.jpg 200w, https:\/\/www.fundaciolamanreana.org\/wp-content\/uploads\/2023\/08\/40-4moments-400x266.jpg 400w, https:\/\/www.fundaciolamanreana.org\/wp-content\/uploads\/2023\/08\/40-4moments-600x399.jpg 600w, https:\/\/www.fundaciolamanreana.org\/wp-content\/uploads\/2023\/08\/40-4moments-800x532.jpg 800w, https:\/\/www.fundaciolamanreana.org\/wp-content\/uploads\/2023\/08\/40-4moments-1200x798.jpg 1200w, https:\/\/www.fundaciolamanreana.org\/wp-content\/uploads\/2023\/08\/40-4moments.jpg 1504w\" data-sizes=\"auto\" data-orig-sizes=\"(min-width: 2200px) 100vw, (min-width: 794px) 410px, (min-width: 717px) 615px, (min-width: 640px) 717px, \" \/><\/a><\/div><\/div><div class=\"clearfix\"><\/div><div style=\"padding:5px;\" class=\"fusion-grid-column fusion-gallery-column fusion-gallery-column-3 hover-type-zoomout awb-gallery-item-hidden\"><div class=\"fusion-gallery-image\"><a href=\"https:\/\/www.fundaciolamanreana.org\/wp-content\/uploads\/2023\/10\/DSCN1620-scaled.jpg\" rel=\"noreferrer\" data-rel=\"iLightbox[gallery_image_1]\" class=\"fusion-lightbox\" target=\"_self\"><img decoding=\"async\" src=\"https:\/\/www.fundaciolamanreana.org\/wp-content\/uploads\/2023\/10\/DSCN1620-scaled.jpg\" data-orig-src=\"https:\/\/www.fundaciolamanreana.org\/wp-content\/uploads\/2023\/10\/DSCN1620-scaled.jpg\" width=\"2560\" height=\"1920\" alt=\"\" title=\"DSCN1620\" aria-label=\"DSCN1620\" class=\"lazyload img-responsive wp-image-2545\" srcset=\"data:image\/svg+xml,%3Csvg%20xmlns%3D%27http%3A%2F%2Fwww.w3.org%2F2000%2Fsvg%27%20width%3D%272560%27%20height%3D%271920%27%20viewBox%3D%270%200%202560%201920%27%3E%3Crect%20width%3D%272560%27%20height%3D%271920%27%20fill-opacity%3D%220%22%2F%3E%3C%2Fsvg%3E\" data-srcset=\"https:\/\/www.fundaciolamanreana.org\/wp-content\/uploads\/2023\/10\/DSCN1620-200x150.jpg 200w, https:\/\/www.fundaciolamanreana.org\/wp-content\/uploads\/2023\/10\/DSCN1620-400x300.jpg 400w, https:\/\/www.fundaciolamanreana.org\/wp-content\/uploads\/2023\/10\/DSCN1620-600x450.jpg 600w, https:\/\/www.fundaciolamanreana.org\/wp-content\/uploads\/2023\/10\/DSCN1620-800x600.jpg 800w, https:\/\/www.fundaciolamanreana.org\/wp-content\/uploads\/2023\/10\/DSCN1620-1200x900.jpg 1200w, https:\/\/www.fundaciolamanreana.org\/wp-content\/uploads\/2023\/10\/DSCN1620-scaled.jpg 2560w\" data-sizes=\"auto\" data-orig-sizes=\"(min-width: 2200px) 100vw, (min-width: 794px) 410px, (min-width: 717px) 615px, (min-width: 640px) 717px, \" \/><\/a><\/div><\/div><div style=\"padding:5px;\" class=\"fusion-grid-column fusion-gallery-column fusion-gallery-column-3 hover-type-zoomout awb-gallery-item-hidden\"><div class=\"fusion-gallery-image\"><a href=\"https:\/\/www.fundaciolamanreana.org\/wp-content\/uploads\/2023\/08\/17-IMG-20150504-WA0009.jpg\" rel=\"noreferrer\" data-rel=\"iLightbox[gallery_image_1]\" class=\"fusion-lightbox\" target=\"_self\"><img decoding=\"async\" src=\"https:\/\/www.fundaciolamanreana.org\/wp-content\/uploads\/2023\/08\/17-IMG-20150504-WA0009.jpg\" data-orig-src=\"https:\/\/www.fundaciolamanreana.org\/wp-content\/uploads\/2023\/08\/17-IMG-20150504-WA0009.jpg\" width=\"1280\" height=\"960\" alt=\"\" title=\"17-IMG-20150504-WA0009\" aria-label=\"17-IMG-20150504-WA0009\" class=\"lazyload img-responsive wp-image-1616\" srcset=\"data:image\/svg+xml,%3Csvg%20xmlns%3D%27http%3A%2F%2Fwww.w3.org%2F2000%2Fsvg%27%20width%3D%271280%27%20height%3D%27960%27%20viewBox%3D%270%200%201280%20960%27%3E%3Crect%20width%3D%271280%27%20height%3D%27960%27%20fill-opacity%3D%220%22%2F%3E%3C%2Fsvg%3E\" data-srcset=\"https:\/\/www.fundaciolamanreana.org\/wp-content\/uploads\/2023\/08\/17-IMG-20150504-WA0009-200x150.jpg 200w, https:\/\/www.fundaciolamanreana.org\/wp-content\/uploads\/2023\/08\/17-IMG-20150504-WA0009-400x300.jpg 400w, https:\/\/www.fundaciolamanreana.org\/wp-content\/uploads\/2023\/08\/17-IMG-20150504-WA0009-600x450.jpg 600w, https:\/\/www.fundaciolamanreana.org\/wp-content\/uploads\/2023\/08\/17-IMG-20150504-WA0009-800x600.jpg 800w, https:\/\/www.fundaciolamanreana.org\/wp-content\/uploads\/2023\/08\/17-IMG-20150504-WA0009-1200x900.jpg 1200w, https:\/\/www.fundaciolamanreana.org\/wp-content\/uploads\/2023\/08\/17-IMG-20150504-WA0009.jpg 1280w\" data-sizes=\"auto\" data-orig-sizes=\"(min-width: 2200px) 100vw, (min-width: 794px) 410px, (min-width: 717px) 615px, (min-width: 640px) 717px, \" \/><\/a><\/div><\/div><div style=\"padding:5px;\" class=\"fusion-grid-column fusion-gallery-column fusion-gallery-column-3 hover-type-zoomout awb-gallery-item-hidden\"><div class=\"fusion-gallery-image\"><a href=\"https:\/\/www.fundaciolamanreana.org\/wp-content\/uploads\/2023\/08\/43-1moments.jpg\" rel=\"noreferrer\" data-rel=\"iLightbox[gallery_image_1]\" class=\"fusion-lightbox\" target=\"_self\"><img decoding=\"async\" src=\"https:\/\/www.fundaciolamanreana.org\/wp-content\/uploads\/2023\/08\/43-1moments.jpg\" data-orig-src=\"https:\/\/www.fundaciolamanreana.org\/wp-content\/uploads\/2023\/08\/43-1moments.jpg\" width=\"1048\" height=\"786\" alt=\"\" title=\"43-1moments\" aria-label=\"43-1moments\" class=\"lazyload img-responsive wp-image-1642\" srcset=\"data:image\/svg+xml,%3Csvg%20xmlns%3D%27http%3A%2F%2Fwww.w3.org%2F2000%2Fsvg%27%20width%3D%271048%27%20height%3D%27786%27%20viewBox%3D%270%200%201048%20786%27%3E%3Crect%20width%3D%271048%27%20height%3D%27786%27%20fill-opacity%3D%220%22%2F%3E%3C%2Fsvg%3E\" data-srcset=\"https:\/\/www.fundaciolamanreana.org\/wp-content\/uploads\/2023\/08\/43-1moments-200x150.jpg 200w, https:\/\/www.fundaciolamanreana.org\/wp-content\/uploads\/2023\/08\/43-1moments-400x300.jpg 400w, https:\/\/www.fundaciolamanreana.org\/wp-content\/uploads\/2023\/08\/43-1moments-600x450.jpg 600w, https:\/\/www.fundaciolamanreana.org\/wp-content\/uploads\/2023\/08\/43-1moments-800x600.jpg 800w, https:\/\/www.fundaciolamanreana.org\/wp-content\/uploads\/2023\/08\/43-1moments.jpg 1048w\" data-sizes=\"auto\" data-orig-sizes=\"(min-width: 2200px) 100vw, (min-width: 794px) 410px, (min-width: 717px) 615px, (min-width: 640px) 717px, \" \/><\/a><\/div><\/div><div class=\"clearfix\"><\/div><div style=\"padding:5px;\" class=\"fusion-grid-column fusion-gallery-column fusion-gallery-column-3 hover-type-zoomout awb-gallery-item-hidden\"><div class=\"fusion-gallery-image\"><a href=\"https:\/\/www.fundaciolamanreana.org\/wp-content\/uploads\/2023\/08\/18-IMG-20150504-WA0014.jpg\" rel=\"noreferrer\" data-rel=\"iLightbox[gallery_image_1]\" class=\"fusion-lightbox\" target=\"_self\"><img decoding=\"async\" src=\"https:\/\/www.fundaciolamanreana.org\/wp-content\/uploads\/2023\/08\/18-IMG-20150504-WA0014.jpg\" data-orig-src=\"https:\/\/www.fundaciolamanreana.org\/wp-content\/uploads\/2023\/08\/18-IMG-20150504-WA0014.jpg\" width=\"1224\" height=\"918\" alt=\"\" title=\"18-IMG-20150504-WA0014\" aria-label=\"18-IMG-20150504-WA0014\" class=\"lazyload img-responsive wp-image-1617\" srcset=\"data:image\/svg+xml,%3Csvg%20xmlns%3D%27http%3A%2F%2Fwww.w3.org%2F2000%2Fsvg%27%20width%3D%271224%27%20height%3D%27918%27%20viewBox%3D%270%200%201224%20918%27%3E%3Crect%20width%3D%271224%27%20height%3D%27918%27%20fill-opacity%3D%220%22%2F%3E%3C%2Fsvg%3E\" data-srcset=\"https:\/\/www.fundaciolamanreana.org\/wp-content\/uploads\/2023\/08\/18-IMG-20150504-WA0014-200x150.jpg 200w, https:\/\/www.fundaciolamanreana.org\/wp-content\/uploads\/2023\/08\/18-IMG-20150504-WA0014-400x300.jpg 400w, https:\/\/www.fundaciolamanreana.org\/wp-content\/uploads\/2023\/08\/18-IMG-20150504-WA0014-600x450.jpg 600w, https:\/\/www.fundaciolamanreana.org\/wp-content\/uploads\/2023\/08\/18-IMG-20150504-WA0014-800x600.jpg 800w, https:\/\/www.fundaciolamanreana.org\/wp-content\/uploads\/2023\/08\/18-IMG-20150504-WA0014-1200x900.jpg 1200w, https:\/\/www.fundaciolamanreana.org\/wp-content\/uploads\/2023\/08\/18-IMG-20150504-WA0014.jpg 1224w\" data-sizes=\"auto\" data-orig-sizes=\"(min-width: 2200px) 100vw, (min-width: 794px) 410px, (min-width: 717px) 615px, (min-width: 640px) 717px, \" \/><\/a><\/div><\/div><div style=\"padding:5px;\" class=\"fusion-grid-column fusion-gallery-column fusion-gallery-column-3 hover-type-zoomout awb-gallery-item-hidden\"><div class=\"fusion-gallery-image\"><a href=\"https:\/\/www.fundaciolamanreana.org\/wp-content\/uploads\/2023\/08\/04-10diada.jpg\" rel=\"noreferrer\" data-rel=\"iLightbox[gallery_image_1]\" class=\"fusion-lightbox\" target=\"_self\"><img decoding=\"async\" src=\"https:\/\/www.fundaciolamanreana.org\/wp-content\/uploads\/2023\/08\/04-10diada.jpg\" data-orig-src=\"https:\/\/www.fundaciolamanreana.org\/wp-content\/uploads\/2023\/08\/04-10diada.jpg\" width=\"788\" height=\"1400\" alt=\"\" title=\"04-10diada\" aria-label=\"04-10diada\" class=\"lazyload img-responsive wp-image-1604\" srcset=\"data:image\/svg+xml,%3Csvg%20xmlns%3D%27http%3A%2F%2Fwww.w3.org%2F2000%2Fsvg%27%20width%3D%27788%27%20height%3D%271400%27%20viewBox%3D%270%200%20788%201400%27%3E%3Crect%20width%3D%27788%27%20height%3D%271400%27%20fill-opacity%3D%220%22%2F%3E%3C%2Fsvg%3E\" data-srcset=\"https:\/\/www.fundaciolamanreana.org\/wp-content\/uploads\/2023\/08\/04-10diada-200x355.jpg 200w, https:\/\/www.fundaciolamanreana.org\/wp-content\/uploads\/2023\/08\/04-10diada-400x711.jpg 400w, https:\/\/www.fundaciolamanreana.org\/wp-content\/uploads\/2023\/08\/04-10diada-600x1066.jpg 600w, https:\/\/www.fundaciolamanreana.org\/wp-content\/uploads\/2023\/08\/04-10diada.jpg 788w\" data-sizes=\"auto\" data-orig-sizes=\"(min-width: 2200px) 100vw, (min-width: 794px) 410px, (min-width: 717px) 615px, (min-width: 640px) 717px, \" \/><\/a><\/div><\/div><div style=\"padding:5px;\" class=\"fusion-grid-column fusion-gallery-column fusion-gallery-column-3 hover-type-zoomout awb-gallery-item-hidden\"><div class=\"fusion-gallery-image\"><a href=\"https:\/\/www.fundaciolamanreana.org\/wp-content\/uploads\/2023\/08\/27-18moments.jpg\" rel=\"noreferrer\" data-rel=\"iLightbox[gallery_image_1]\" class=\"fusion-lightbox\" target=\"_self\"><img decoding=\"async\" src=\"https:\/\/www.fundaciolamanreana.org\/wp-content\/uploads\/2023\/08\/27-18moments.jpg\" data-orig-src=\"https:\/\/www.fundaciolamanreana.org\/wp-content\/uploads\/2023\/08\/27-18moments.jpg\" width=\"1104\" height=\"621\" alt=\"\" title=\"27-18moments\" aria-label=\"27-18moments\" class=\"lazyload img-responsive wp-image-1626\" srcset=\"data:image\/svg+xml,%3Csvg%20xmlns%3D%27http%3A%2F%2Fwww.w3.org%2F2000%2Fsvg%27%20width%3D%271104%27%20height%3D%27621%27%20viewBox%3D%270%200%201104%20621%27%3E%3Crect%20width%3D%271104%27%20height%3D%27621%27%20fill-opacity%3D%220%22%2F%3E%3C%2Fsvg%3E\" data-srcset=\"https:\/\/www.fundaciolamanreana.org\/wp-content\/uploads\/2023\/08\/27-18moments-200x113.jpg 200w, https:\/\/www.fundaciolamanreana.org\/wp-content\/uploads\/2023\/08\/27-18moments-400x225.jpg 400w, https:\/\/www.fundaciolamanreana.org\/wp-content\/uploads\/2023\/08\/27-18moments-600x338.jpg 600w, https:\/\/www.fundaciolamanreana.org\/wp-content\/uploads\/2023\/08\/27-18moments-800x450.jpg 800w, https:\/\/www.fundaciolamanreana.org\/wp-content\/uploads\/2023\/08\/27-18moments.jpg 1104w\" data-sizes=\"auto\" data-orig-sizes=\"(min-width: 2200px) 100vw, (min-width: 794px) 410px, (min-width: 717px) 615px, (min-width: 640px) 717px, \" \/><\/a><\/div><\/div><div class=\"clearfix\"><\/div><div style=\"padding:5px;\" class=\"fusion-grid-column fusion-gallery-column fusion-gallery-column-3 hover-type-zoomout awb-gallery-item-hidden\"><div class=\"fusion-gallery-image\"><a href=\"https:\/\/www.fundaciolamanreana.org\/wp-content\/uploads\/2023\/08\/12-3diada.jpg\" rel=\"noreferrer\" data-rel=\"iLightbox[gallery_image_1]\" class=\"fusion-lightbox\" target=\"_self\"><img decoding=\"async\" src=\"https:\/\/www.fundaciolamanreana.org\/wp-content\/uploads\/2023\/08\/12-3diada.jpg\" data-orig-src=\"https:\/\/www.fundaciolamanreana.org\/wp-content\/uploads\/2023\/08\/12-3diada.jpg\" width=\"1400\" height=\"788\" alt=\"\" title=\"12-3diada\" aria-label=\"12-3diada\" class=\"lazyload img-responsive wp-image-1611\" srcset=\"data:image\/svg+xml,%3Csvg%20xmlns%3D%27http%3A%2F%2Fwww.w3.org%2F2000%2Fsvg%27%20width%3D%271400%27%20height%3D%27788%27%20viewBox%3D%270%200%201400%20788%27%3E%3Crect%20width%3D%271400%27%20height%3D%27788%27%20fill-opacity%3D%220%22%2F%3E%3C%2Fsvg%3E\" data-srcset=\"https:\/\/www.fundaciolamanreana.org\/wp-content\/uploads\/2023\/08\/12-3diada-200x113.jpg 200w, https:\/\/www.fundaciolamanreana.org\/wp-content\/uploads\/2023\/08\/12-3diada-400x225.jpg 400w, https:\/\/www.fundaciolamanreana.org\/wp-content\/uploads\/2023\/08\/12-3diada-600x338.jpg 600w, https:\/\/www.fundaciolamanreana.org\/wp-content\/uploads\/2023\/08\/12-3diada-800x450.jpg 800w, https:\/\/www.fundaciolamanreana.org\/wp-content\/uploads\/2023\/08\/12-3diada-1200x675.jpg 1200w, https:\/\/www.fundaciolamanreana.org\/wp-content\/uploads\/2023\/08\/12-3diada.jpg 1400w\" data-sizes=\"auto\" data-orig-sizes=\"(min-width: 2200px) 100vw, (min-width: 794px) 410px, (min-width: 717px) 615px, (min-width: 640px) 717px, \" \/><\/a><\/div><\/div><div style=\"padding:5px;\" class=\"fusion-grid-column fusion-gallery-column fusion-gallery-column-3 hover-type-zoomout awb-gallery-item-hidden\"><div class=\"fusion-gallery-image\"><a href=\"https:\/\/www.fundaciolamanreana.org\/wp-content\/uploads\/2023\/08\/26-19moments.jpg\" rel=\"noreferrer\" data-rel=\"iLightbox[gallery_image_1]\" class=\"fusion-lightbox\" target=\"_self\"><img decoding=\"async\" src=\"https:\/\/www.fundaciolamanreana.org\/wp-content\/uploads\/2023\/08\/26-19moments.jpg\" data-orig-src=\"https:\/\/www.fundaciolamanreana.org\/wp-content\/uploads\/2023\/08\/26-19moments.jpg\" width=\"1104\" height=\"621\" alt=\"\" title=\"26-19moments\" aria-label=\"26-19moments\" class=\"lazyload img-responsive wp-image-1625\" srcset=\"data:image\/svg+xml,%3Csvg%20xmlns%3D%27http%3A%2F%2Fwww.w3.org%2F2000%2Fsvg%27%20width%3D%271104%27%20height%3D%27621%27%20viewBox%3D%270%200%201104%20621%27%3E%3Crect%20width%3D%271104%27%20height%3D%27621%27%20fill-opacity%3D%220%22%2F%3E%3C%2Fsvg%3E\" data-srcset=\"https:\/\/www.fundaciolamanreana.org\/wp-content\/uploads\/2023\/08\/26-19moments-200x113.jpg 200w, https:\/\/www.fundaciolamanreana.org\/wp-content\/uploads\/2023\/08\/26-19moments-400x225.jpg 400w, https:\/\/www.fundaciolamanreana.org\/wp-content\/uploads\/2023\/08\/26-19moments-600x338.jpg 600w, https:\/\/www.fundaciolamanreana.org\/wp-content\/uploads\/2023\/08\/26-19moments-800x450.jpg 800w, https:\/\/www.fundaciolamanreana.org\/wp-content\/uploads\/2023\/08\/26-19moments.jpg 1104w\" data-sizes=\"auto\" data-orig-sizes=\"(min-width: 2200px) 100vw, (min-width: 794px) 410px, (min-width: 717px) 615px, (min-width: 640px) 717px, \" \/><\/a><\/div><\/div><div style=\"padding:5px;\" class=\"fusion-grid-column fusion-gallery-column fusion-gallery-column-3 hover-type-zoomout awb-gallery-item-hidden\"><div class=\"fusion-gallery-image\"><a href=\"https:\/\/www.fundaciolamanreana.org\/wp-content\/uploads\/2023\/10\/DSCN1609-scaled.jpg\" rel=\"noreferrer\" data-rel=\"iLightbox[gallery_image_1]\" class=\"fusion-lightbox\" target=\"_self\"><img decoding=\"async\" src=\"https:\/\/www.fundaciolamanreana.org\/wp-content\/uploads\/2023\/10\/DSCN1609-scaled.jpg\" data-orig-src=\"https:\/\/www.fundaciolamanreana.org\/wp-content\/uploads\/2023\/10\/DSCN1609-scaled.jpg\" width=\"2560\" height=\"1920\" alt=\"\" title=\"DSCN1609\" aria-label=\"DSCN1609\" class=\"lazyload img-responsive wp-image-2547\" srcset=\"data:image\/svg+xml,%3Csvg%20xmlns%3D%27http%3A%2F%2Fwww.w3.org%2F2000%2Fsvg%27%20width%3D%272560%27%20height%3D%271920%27%20viewBox%3D%270%200%202560%201920%27%3E%3Crect%20width%3D%272560%27%20height%3D%271920%27%20fill-opacity%3D%220%22%2F%3E%3C%2Fsvg%3E\" data-srcset=\"https:\/\/www.fundaciolamanreana.org\/wp-content\/uploads\/2023\/10\/DSCN1609-200x150.jpg 200w, https:\/\/www.fundaciolamanreana.org\/wp-content\/uploads\/2023\/10\/DSCN1609-400x300.jpg 400w, https:\/\/www.fundaciolamanreana.org\/wp-content\/uploads\/2023\/10\/DSCN1609-600x450.jpg 600w, https:\/\/www.fundaciolamanreana.org\/wp-content\/uploads\/2023\/10\/DSCN1609-800x600.jpg 800w, https:\/\/www.fundaciolamanreana.org\/wp-content\/uploads\/2023\/10\/DSCN1609-1200x900.jpg 1200w, https:\/\/www.fundaciolamanreana.org\/wp-content\/uploads\/2023\/10\/DSCN1609-scaled.jpg 2560w\" data-sizes=\"auto\" data-orig-sizes=\"(min-width: 2200px) 100vw, (min-width: 794px) 410px, (min-width: 717px) 615px, (min-width: 640px) 717px, \" \/><\/a><\/div><\/div><div class=\"clearfix\"><\/div><div style=\"padding:5px;\" class=\"fusion-grid-column fusion-gallery-column fusion-gallery-column-3 hover-type-zoomout awb-gallery-item-hidden\"><div class=\"fusion-gallery-image\"><a href=\"https:\/\/www.fundaciolamanreana.org\/wp-content\/uploads\/2023\/08\/28-17moments.jpg\" rel=\"noreferrer\" data-rel=\"iLightbox[gallery_image_1]\" class=\"fusion-lightbox\" target=\"_self\"><img decoding=\"async\" src=\"https:\/\/www.fundaciolamanreana.org\/wp-content\/uploads\/2023\/08\/28-17moments.jpg\" data-orig-src=\"https:\/\/www.fundaciolamanreana.org\/wp-content\/uploads\/2023\/08\/28-17moments.jpg\" width=\"800\" height=\"600\" alt=\"\" title=\"28-17moments\" aria-label=\"28-17moments\" class=\"lazyload img-responsive wp-image-1627\" srcset=\"data:image\/svg+xml,%3Csvg%20xmlns%3D%27http%3A%2F%2Fwww.w3.org%2F2000%2Fsvg%27%20width%3D%27800%27%20height%3D%27600%27%20viewBox%3D%270%200%20800%20600%27%3E%3Crect%20width%3D%27800%27%20height%3D%27600%27%20fill-opacity%3D%220%22%2F%3E%3C%2Fsvg%3E\" data-srcset=\"https:\/\/www.fundaciolamanreana.org\/wp-content\/uploads\/2023\/08\/28-17moments-200x150.jpg 200w, https:\/\/www.fundaciolamanreana.org\/wp-content\/uploads\/2023\/08\/28-17moments-400x300.jpg 400w, https:\/\/www.fundaciolamanreana.org\/wp-content\/uploads\/2023\/08\/28-17moments-600x450.jpg 600w, https:\/\/www.fundaciolamanreana.org\/wp-content\/uploads\/2023\/08\/28-17moments.jpg 800w\" data-sizes=\"auto\" data-orig-sizes=\"(min-width: 2200px) 100vw, (min-width: 794px) 410px, (min-width: 717px) 615px, (min-width: 640px) 717px, \" \/><\/a><\/div><\/div><div style=\"padding:5px;\" class=\"fusion-grid-column fusion-gallery-column fusion-gallery-column-3 hover-type-zoomout awb-gallery-item-hidden\"><div class=\"fusion-gallery-image\"><a href=\"https:\/\/www.fundaciolamanreana.org\/wp-content\/uploads\/2023\/08\/36-8moments.jpg\" rel=\"noreferrer\" data-rel=\"iLightbox[gallery_image_1]\" class=\"fusion-lightbox\" target=\"_self\"><img decoding=\"async\" src=\"https:\/\/www.fundaciolamanreana.org\/wp-content\/uploads\/2023\/08\/36-8moments.jpg\" data-orig-src=\"https:\/\/www.fundaciolamanreana.org\/wp-content\/uploads\/2023\/08\/36-8moments.jpg\" width=\"1184\" height=\"789\" alt=\"\" title=\"36-8moments\" aria-label=\"36-8moments\" class=\"lazyload img-responsive wp-image-1635\" srcset=\"data:image\/svg+xml,%3Csvg%20xmlns%3D%27http%3A%2F%2Fwww.w3.org%2F2000%2Fsvg%27%20width%3D%271184%27%20height%3D%27789%27%20viewBox%3D%270%200%201184%20789%27%3E%3Crect%20width%3D%271184%27%20height%3D%27789%27%20fill-opacity%3D%220%22%2F%3E%3C%2Fsvg%3E\" data-srcset=\"https:\/\/www.fundaciolamanreana.org\/wp-content\/uploads\/2023\/08\/36-8moments-200x133.jpg 200w, https:\/\/www.fundaciolamanreana.org\/wp-content\/uploads\/2023\/08\/36-8moments-400x267.jpg 400w, https:\/\/www.fundaciolamanreana.org\/wp-content\/uploads\/2023\/08\/36-8moments-600x400.jpg 600w, https:\/\/www.fundaciolamanreana.org\/wp-content\/uploads\/2023\/08\/36-8moments-800x533.jpg 800w, https:\/\/www.fundaciolamanreana.org\/wp-content\/uploads\/2023\/08\/36-8moments.jpg 1184w\" data-sizes=\"auto\" data-orig-sizes=\"(min-width: 2200px) 100vw, (min-width: 794px) 410px, (min-width: 717px) 615px, (min-width: 640px) 717px, \" \/><\/a><\/div><\/div><div style=\"padding:5px;\" class=\"fusion-grid-column fusion-gallery-column fusion-gallery-column-3 hover-type-zoomout awb-gallery-item-hidden\"><div class=\"fusion-gallery-image\"><a href=\"https:\/\/www.fundaciolamanreana.org\/wp-content\/uploads\/2023\/08\/05-9diada.jpg\" rel=\"noreferrer\" data-rel=\"iLightbox[gallery_image_1]\" class=\"fusion-lightbox\" target=\"_self\"><img decoding=\"async\" src=\"https:\/\/www.fundaciolamanreana.org\/wp-content\/uploads\/2023\/08\/05-9diada.jpg\" data-orig-src=\"https:\/\/www.fundaciolamanreana.org\/wp-content\/uploads\/2023\/08\/05-9diada.jpg\" width=\"1400\" height=\"788\" alt=\"\" title=\"05-9diada\" aria-label=\"05-9diada\" class=\"lazyload img-responsive wp-image-1605\" srcset=\"data:image\/svg+xml,%3Csvg%20xmlns%3D%27http%3A%2F%2Fwww.w3.org%2F2000%2Fsvg%27%20width%3D%271400%27%20height%3D%27788%27%20viewBox%3D%270%200%201400%20788%27%3E%3Crect%20width%3D%271400%27%20height%3D%27788%27%20fill-opacity%3D%220%22%2F%3E%3C%2Fsvg%3E\" data-srcset=\"https:\/\/www.fundaciolamanreana.org\/wp-content\/uploads\/2023\/08\/05-9diada-200x113.jpg 200w, https:\/\/www.fundaciolamanreana.org\/wp-content\/uploads\/2023\/08\/05-9diada-400x225.jpg 400w, https:\/\/www.fundaciolamanreana.org\/wp-content\/uploads\/2023\/08\/05-9diada-600x338.jpg 600w, https:\/\/www.fundaciolamanreana.org\/wp-content\/uploads\/2023\/08\/05-9diada-800x450.jpg 800w, https:\/\/www.fundaciolamanreana.org\/wp-content\/uploads\/2023\/08\/05-9diada-1200x675.jpg 1200w, https:\/\/www.fundaciolamanreana.org\/wp-content\/uploads\/2023\/08\/05-9diada.jpg 1400w\" data-sizes=\"auto\" data-orig-sizes=\"(min-width: 2200px) 100vw, (min-width: 794px) 410px, (min-width: 717px) 615px, (min-width: 640px) 717px, \" \/><\/a><\/div><\/div><div class=\"clearfix\"><\/div><div style=\"padding:5px;\" class=\"fusion-grid-column fusion-gallery-column fusion-gallery-column-3 hover-type-zoomout awb-gallery-item-hidden\"><div class=\"fusion-gallery-image\"><a href=\"https:\/\/www.fundaciolamanreana.org\/wp-content\/uploads\/2023\/10\/PXL_20230906_165714168.MP_-scaled.jpg\" rel=\"noreferrer\" data-rel=\"iLightbox[gallery_image_1]\" class=\"fusion-lightbox\" target=\"_self\"><img decoding=\"async\" src=\"https:\/\/www.fundaciolamanreana.org\/wp-content\/uploads\/2023\/10\/PXL_20230906_165714168.MP_-scaled.jpg\" data-orig-src=\"https:\/\/www.fundaciolamanreana.org\/wp-content\/uploads\/2023\/10\/PXL_20230906_165714168.MP_-scaled.jpg\" width=\"1920\" height=\"2560\" alt=\"\" title=\"PXL_20230906_165714168.MP\" aria-label=\"PXL_20230906_165714168.MP\" class=\"lazyload img-responsive wp-image-2533\" srcset=\"data:image\/svg+xml,%3Csvg%20xmlns%3D%27http%3A%2F%2Fwww.w3.org%2F2000%2Fsvg%27%20width%3D%271920%27%20height%3D%272560%27%20viewBox%3D%270%200%201920%202560%27%3E%3Crect%20width%3D%271920%27%20height%3D%272560%27%20fill-opacity%3D%220%22%2F%3E%3C%2Fsvg%3E\" data-srcset=\"https:\/\/www.fundaciolamanreana.org\/wp-content\/uploads\/2023\/10\/PXL_20230906_165714168.MP_-200x267.jpg 200w, https:\/\/www.fundaciolamanreana.org\/wp-content\/uploads\/2023\/10\/PXL_20230906_165714168.MP_-400x533.jpg 400w, https:\/\/www.fundaciolamanreana.org\/wp-content\/uploads\/2023\/10\/PXL_20230906_165714168.MP_-600x800.jpg 600w, https:\/\/www.fundaciolamanreana.org\/wp-content\/uploads\/2023\/10\/PXL_20230906_165714168.MP_-800x1067.jpg 800w, https:\/\/www.fundaciolamanreana.org\/wp-content\/uploads\/2023\/10\/PXL_20230906_165714168.MP_-1200x1600.jpg 1200w, https:\/\/www.fundaciolamanreana.org\/wp-content\/uploads\/2023\/10\/PXL_20230906_165714168.MP_-scaled.jpg 1920w\" data-sizes=\"auto\" data-orig-sizes=\"(min-width: 2200px) 100vw, (min-width: 794px) 410px, (min-width: 717px) 615px, (min-width: 640px) 717px, \" \/><\/a><\/div><\/div><div style=\"padding:5px;\" class=\"fusion-grid-column fusion-gallery-column fusion-gallery-column-3 hover-type-zoomout awb-gallery-item-hidden\"><div class=\"fusion-gallery-image\"><a href=\"https:\/\/www.fundaciolamanreana.org\/wp-content\/uploads\/2023\/08\/20-25moments.jpg\" rel=\"noreferrer\" data-rel=\"iLightbox[gallery_image_1]\" class=\"fusion-lightbox\" target=\"_self\"><img decoding=\"async\" src=\"https:\/\/www.fundaciolamanreana.org\/wp-content\/uploads\/2023\/08\/20-25moments.jpg\" data-orig-src=\"https:\/\/www.fundaciolamanreana.org\/wp-content\/uploads\/2023\/08\/20-25moments.jpg\" width=\"1104\" height=\"621\" alt=\"\" title=\"20-25moments\" aria-label=\"20-25moments\" class=\"lazyload img-responsive wp-image-1619\" srcset=\"data:image\/svg+xml,%3Csvg%20xmlns%3D%27http%3A%2F%2Fwww.w3.org%2F2000%2Fsvg%27%20width%3D%271104%27%20height%3D%27621%27%20viewBox%3D%270%200%201104%20621%27%3E%3Crect%20width%3D%271104%27%20height%3D%27621%27%20fill-opacity%3D%220%22%2F%3E%3C%2Fsvg%3E\" data-srcset=\"https:\/\/www.fundaciolamanreana.org\/wp-content\/uploads\/2023\/08\/20-25moments-200x113.jpg 200w, https:\/\/www.fundaciolamanreana.org\/wp-content\/uploads\/2023\/08\/20-25moments-400x225.jpg 400w, https:\/\/www.fundaciolamanreana.org\/wp-content\/uploads\/2023\/08\/20-25moments-600x338.jpg 600w, https:\/\/www.fundaciolamanreana.org\/wp-content\/uploads\/2023\/08\/20-25moments-800x450.jpg 800w, https:\/\/www.fundaciolamanreana.org\/wp-content\/uploads\/2023\/08\/20-25moments.jpg 1104w\" data-sizes=\"auto\" data-orig-sizes=\"(min-width: 2200px) 100vw, (min-width: 794px) 410px, (min-width: 717px) 615px, (min-width: 640px) 717px, \" \/><\/a><\/div><\/div><div style=\"padding:5px;\" class=\"fusion-grid-column fusion-gallery-column fusion-gallery-column-3 hover-type-zoomout awb-gallery-item-hidden\"><div class=\"fusion-gallery-image\"><a href=\"https:\/\/www.fundaciolamanreana.org\/wp-content\/uploads\/2023\/10\/DSCN1577-scaled.jpg\" rel=\"noreferrer\" data-rel=\"iLightbox[gallery_image_1]\" class=\"fusion-lightbox\" target=\"_self\"><img decoding=\"async\" src=\"https:\/\/www.fundaciolamanreana.org\/wp-content\/uploads\/2023\/10\/DSCN1577-scaled.jpg\" data-orig-src=\"https:\/\/www.fundaciolamanreana.org\/wp-content\/uploads\/2023\/10\/DSCN1577-scaled.jpg\" width=\"2560\" height=\"1920\" alt=\"Imatge de dos cavalls a Fundaci\u00f3 la Manreana, \" title=\"DSCN1577\" aria-label=\"DSCN1577\" class=\"lazyload img-responsive wp-image-2509\" srcset=\"data:image\/svg+xml,%3Csvg%20xmlns%3D%27http%3A%2F%2Fwww.w3.org%2F2000%2Fsvg%27%20width%3D%272560%27%20height%3D%271920%27%20viewBox%3D%270%200%202560%201920%27%3E%3Crect%20width%3D%272560%27%20height%3D%271920%27%20fill-opacity%3D%220%22%2F%3E%3C%2Fsvg%3E\" data-srcset=\"https:\/\/www.fundaciolamanreana.org\/wp-content\/uploads\/2023\/10\/DSCN1577-200x150.jpg 200w, https:\/\/www.fundaciolamanreana.org\/wp-content\/uploads\/2023\/10\/DSCN1577-400x300.jpg 400w, https:\/\/www.fundaciolamanreana.org\/wp-content\/uploads\/2023\/10\/DSCN1577-600x450.jpg 600w, https:\/\/www.fundaciolamanreana.org\/wp-content\/uploads\/2023\/10\/DSCN1577-800x600.jpg 800w, https:\/\/www.fundaciolamanreana.org\/wp-content\/uploads\/2023\/10\/DSCN1577-1200x900.jpg 1200w, https:\/\/www.fundaciolamanreana.org\/wp-content\/uploads\/2023\/10\/DSCN1577-scaled.jpg 2560w\" data-sizes=\"auto\" data-orig-sizes=\"(min-width: 2200px) 100vw, (min-width: 794px) 410px, (min-width: 717px) 615px, (min-width: 640px) 717px, \" \/><\/a><\/div><\/div><div class=\"clearfix\"><\/div><div style=\"padding:5px;\" class=\"fusion-grid-column fusion-gallery-column fusion-gallery-column-3 hover-type-zoomout awb-gallery-item-hidden\"><div class=\"fusion-gallery-image\"><a href=\"https:\/\/www.fundaciolamanreana.org\/wp-content\/uploads\/2023\/10\/DSCN1571-scaled.jpg\" rel=\"noreferrer\" data-rel=\"iLightbox[gallery_image_1]\" class=\"fusion-lightbox\" target=\"_self\"><img decoding=\"async\" src=\"https:\/\/www.fundaciolamanreana.org\/wp-content\/uploads\/2023\/10\/DSCN1571-scaled.jpg\" data-orig-src=\"https:\/\/www.fundaciolamanreana.org\/wp-content\/uploads\/2023\/10\/DSCN1571-scaled.jpg\" width=\"2560\" height=\"1920\" alt=\"\" title=\"DSCN1571\" aria-label=\"DSCN1571\" class=\"lazyload img-responsive wp-image-2513\" srcset=\"data:image\/svg+xml,%3Csvg%20xmlns%3D%27http%3A%2F%2Fwww.w3.org%2F2000%2Fsvg%27%20width%3D%272560%27%20height%3D%271920%27%20viewBox%3D%270%200%202560%201920%27%3E%3Crect%20width%3D%272560%27%20height%3D%271920%27%20fill-opacity%3D%220%22%2F%3E%3C%2Fsvg%3E\" data-srcset=\"https:\/\/www.fundaciolamanreana.org\/wp-content\/uploads\/2023\/10\/DSCN1571-200x150.jpg 200w, https:\/\/www.fundaciolamanreana.org\/wp-content\/uploads\/2023\/10\/DSCN1571-400x300.jpg 400w, https:\/\/www.fundaciolamanreana.org\/wp-content\/uploads\/2023\/10\/DSCN1571-600x450.jpg 600w, https:\/\/www.fundaciolamanreana.org\/wp-content\/uploads\/2023\/10\/DSCN1571-800x600.jpg 800w, https:\/\/www.fundaciolamanreana.org\/wp-content\/uploads\/2023\/10\/DSCN1571-1200x900.jpg 1200w, https:\/\/www.fundaciolamanreana.org\/wp-content\/uploads\/2023\/10\/DSCN1571-scaled.jpg 2560w\" data-sizes=\"auto\" data-orig-sizes=\"(min-width: 2200px) 100vw, (min-width: 794px) 410px, (min-width: 717px) 615px, (min-width: 640px) 717px, \" \/><\/a><\/div><\/div><div style=\"padding:5px;\" class=\"fusion-grid-column fusion-gallery-column fusion-gallery-column-3 hover-type-zoomout awb-gallery-item-hidden\"><div class=\"fusion-gallery-image\"><a href=\"https:\/\/www.fundaciolamanreana.org\/wp-content\/uploads\/2023\/08\/02-12diada.jpg\" rel=\"noreferrer\" data-rel=\"iLightbox[gallery_image_1]\" class=\"fusion-lightbox\" target=\"_self\"><img decoding=\"async\" src=\"https:\/\/www.fundaciolamanreana.org\/wp-content\/uploads\/2023\/08\/02-12diada.jpg\" data-orig-src=\"https:\/\/www.fundaciolamanreana.org\/wp-content\/uploads\/2023\/08\/02-12diada.jpg\" width=\"1400\" height=\"788\" alt=\"\" title=\"02-12diada\" aria-label=\"02-12diada\" class=\"lazyload img-responsive wp-image-1602\" srcset=\"data:image\/svg+xml,%3Csvg%20xmlns%3D%27http%3A%2F%2Fwww.w3.org%2F2000%2Fsvg%27%20width%3D%271400%27%20height%3D%27788%27%20viewBox%3D%270%200%201400%20788%27%3E%3Crect%20width%3D%271400%27%20height%3D%27788%27%20fill-opacity%3D%220%22%2F%3E%3C%2Fsvg%3E\" data-srcset=\"https:\/\/www.fundaciolamanreana.org\/wp-content\/uploads\/2023\/08\/02-12diada-200x113.jpg 200w, https:\/\/www.fundaciolamanreana.org\/wp-content\/uploads\/2023\/08\/02-12diada-400x225.jpg 400w, https:\/\/www.fundaciolamanreana.org\/wp-content\/uploads\/2023\/08\/02-12diada-600x338.jpg 600w, https:\/\/www.fundaciolamanreana.org\/wp-content\/uploads\/2023\/08\/02-12diada-800x450.jpg 800w, https:\/\/www.fundaciolamanreana.org\/wp-content\/uploads\/2023\/08\/02-12diada-1200x675.jpg 1200w, https:\/\/www.fundaciolamanreana.org\/wp-content\/uploads\/2023\/08\/02-12diada.jpg 1400w\" data-sizes=\"auto\" data-orig-sizes=\"(min-width: 2200px) 100vw, (min-width: 794px) 410px, (min-width: 717px) 615px, (min-width: 640px) 717px, \" \/><\/a><\/div><\/div><div style=\"padding:5px;\" class=\"fusion-grid-column fusion-gallery-column fusion-gallery-column-3 hover-type-zoomout awb-gallery-item-hidden\"><div class=\"fusion-gallery-image\"><a href=\"https:\/\/www.fundaciolamanreana.org\/wp-content\/uploads\/2023\/10\/DSCN1573-scaled.jpg\" rel=\"noreferrer\" data-rel=\"iLightbox[gallery_image_1]\" class=\"fusion-lightbox\" target=\"_self\"><img decoding=\"async\" src=\"https:\/\/www.fundaciolamanreana.org\/wp-content\/uploads\/2023\/10\/DSCN1573-scaled.jpg\" data-orig-src=\"https:\/\/www.fundaciolamanreana.org\/wp-content\/uploads\/2023\/10\/DSCN1573-scaled.jpg\" width=\"2560\" height=\"1920\" alt=\"Imatge d&#039;un camp de sorra amb cons al terra\" title=\"DSCN1573\" aria-label=\"DSCN1573\" class=\"lazyload img-responsive wp-image-2511\" srcset=\"data:image\/svg+xml,%3Csvg%20xmlns%3D%27http%3A%2F%2Fwww.w3.org%2F2000%2Fsvg%27%20width%3D%272560%27%20height%3D%271920%27%20viewBox%3D%270%200%202560%201920%27%3E%3Crect%20width%3D%272560%27%20height%3D%271920%27%20fill-opacity%3D%220%22%2F%3E%3C%2Fsvg%3E\" data-srcset=\"https:\/\/www.fundaciolamanreana.org\/wp-content\/uploads\/2023\/10\/DSCN1573-200x150.jpg 200w, https:\/\/www.fundaciolamanreana.org\/wp-content\/uploads\/2023\/10\/DSCN1573-400x300.jpg 400w, https:\/\/www.fundaciolamanreana.org\/wp-content\/uploads\/2023\/10\/DSCN1573-600x450.jpg 600w, https:\/\/www.fundaciolamanreana.org\/wp-content\/uploads\/2023\/10\/DSCN1573-800x600.jpg 800w, https:\/\/www.fundaciolamanreana.org\/wp-content\/uploads\/2023\/10\/DSCN1573-1200x900.jpg 1200w, https:\/\/www.fundaciolamanreana.org\/wp-content\/uploads\/2023\/10\/DSCN1573-scaled.jpg 2560w\" data-sizes=\"auto\" data-orig-sizes=\"(min-width: 2200px) 100vw, (min-width: 794px) 410px, (min-width: 717px) 615px, (min-width: 640px) 717px, \" \/><\/a><\/div><\/div><div class=\"clearfix\"><\/div><div style=\"padding:5px;\" class=\"fusion-grid-column fusion-gallery-column fusion-gallery-column-3 hover-type-zoomout awb-gallery-item-hidden\"><div class=\"fusion-gallery-image\"><a href=\"https:\/\/www.fundaciolamanreana.org\/wp-content\/uploads\/2023\/08\/35-9moments.jpg\" rel=\"noreferrer\" data-rel=\"iLightbox[gallery_image_1]\" class=\"fusion-lightbox\" target=\"_self\"><img decoding=\"async\" src=\"https:\/\/www.fundaciolamanreana.org\/wp-content\/uploads\/2023\/08\/35-9moments.jpg\" data-orig-src=\"https:\/\/www.fundaciolamanreana.org\/wp-content\/uploads\/2023\/08\/35-9moments.jpg\" width=\"1184\" height=\"789\" alt=\"\" title=\"35-9moments\" aria-label=\"35-9moments\" class=\"lazyload img-responsive wp-image-1634\" srcset=\"data:image\/svg+xml,%3Csvg%20xmlns%3D%27http%3A%2F%2Fwww.w3.org%2F2000%2Fsvg%27%20width%3D%271184%27%20height%3D%27789%27%20viewBox%3D%270%200%201184%20789%27%3E%3Crect%20width%3D%271184%27%20height%3D%27789%27%20fill-opacity%3D%220%22%2F%3E%3C%2Fsvg%3E\" data-srcset=\"https:\/\/www.fundaciolamanreana.org\/wp-content\/uploads\/2023\/08\/35-9moments-200x133.jpg 200w, https:\/\/www.fundaciolamanreana.org\/wp-content\/uploads\/2023\/08\/35-9moments-400x267.jpg 400w, https:\/\/www.fundaciolamanreana.org\/wp-content\/uploads\/2023\/08\/35-9moments-600x400.jpg 600w, https:\/\/www.fundaciolamanreana.org\/wp-content\/uploads\/2023\/08\/35-9moments-800x533.jpg 800w, https:\/\/www.fundaciolamanreana.org\/wp-content\/uploads\/2023\/08\/35-9moments.jpg 1184w\" data-sizes=\"auto\" data-orig-sizes=\"(min-width: 2200px) 100vw, (min-width: 794px) 410px, (min-width: 717px) 615px, (min-width: 640px) 717px, \" \/><\/a><\/div><\/div><div style=\"padding:5px;\" class=\"fusion-grid-column fusion-gallery-column fusion-gallery-column-3 hover-type-zoomout awb-gallery-item-hidden\"><div class=\"fusion-gallery-image\"><a href=\"https:\/\/www.fundaciolamanreana.org\/wp-content\/uploads\/2023\/08\/30-15moments.jpg\" rel=\"noreferrer\" data-rel=\"iLightbox[gallery_image_1]\" class=\"fusion-lightbox\" target=\"_self\"><img decoding=\"async\" src=\"https:\/\/www.fundaciolamanreana.org\/wp-content\/uploads\/2023\/08\/30-15moments.jpg\" data-orig-src=\"https:\/\/www.fundaciolamanreana.org\/wp-content\/uploads\/2023\/08\/30-15moments.jpg\" width=\"1184\" height=\"789\" alt=\"\" title=\"30-15moments\" aria-label=\"30-15moments\" class=\"lazyload img-responsive wp-image-1629\" srcset=\"data:image\/svg+xml,%3Csvg%20xmlns%3D%27http%3A%2F%2Fwww.w3.org%2F2000%2Fsvg%27%20width%3D%271184%27%20height%3D%27789%27%20viewBox%3D%270%200%201184%20789%27%3E%3Crect%20width%3D%271184%27%20height%3D%27789%27%20fill-opacity%3D%220%22%2F%3E%3C%2Fsvg%3E\" data-srcset=\"https:\/\/www.fundaciolamanreana.org\/wp-content\/uploads\/2023\/08\/30-15moments-200x133.jpg 200w, https:\/\/www.fundaciolamanreana.org\/wp-content\/uploads\/2023\/08\/30-15moments-400x267.jpg 400w, https:\/\/www.fundaciolamanreana.org\/wp-content\/uploads\/2023\/08\/30-15moments-600x400.jpg 600w, https:\/\/www.fundaciolamanreana.org\/wp-content\/uploads\/2023\/08\/30-15moments-800x533.jpg 800w, https:\/\/www.fundaciolamanreana.org\/wp-content\/uploads\/2023\/08\/30-15moments.jpg 1184w\" data-sizes=\"auto\" data-orig-sizes=\"(min-width: 2200px) 100vw, (min-width: 794px) 410px, (min-width: 717px) 615px, (min-width: 640px) 717px, \" \/><\/a><\/div><\/div><div style=\"padding:5px;\" class=\"fusion-grid-column fusion-gallery-column fusion-gallery-column-3 hover-type-zoomout awb-gallery-item-hidden\"><div class=\"fusion-gallery-image\"><a href=\"https:\/\/www.fundaciolamanreana.org\/wp-content\/uploads\/2023\/10\/PXL_20220204_092558915-scaled.jpg\" rel=\"noreferrer\" data-rel=\"iLightbox[gallery_image_1]\" class=\"fusion-lightbox\" target=\"_self\"><img decoding=\"async\" src=\"https:\/\/www.fundaciolamanreana.org\/wp-content\/uploads\/2023\/10\/PXL_20220204_092558915-scaled.jpg\" data-orig-src=\"https:\/\/www.fundaciolamanreana.org\/wp-content\/uploads\/2023\/10\/PXL_20220204_092558915-scaled.jpg\" width=\"1920\" height=\"2560\" alt=\"Dos nens cuidant un poni a Fundaci\u00f3 la Manreana, centre terap\u00e8utic i formatiu.\" title=\"PXL_20220204_092558915\" aria-label=\"PXL_20220204_092558915\" class=\"lazyload img-responsive wp-image-2521\" srcset=\"data:image\/svg+xml,%3Csvg%20xmlns%3D%27http%3A%2F%2Fwww.w3.org%2F2000%2Fsvg%27%20width%3D%271920%27%20height%3D%272560%27%20viewBox%3D%270%200%201920%202560%27%3E%3Crect%20width%3D%271920%27%20height%3D%272560%27%20fill-opacity%3D%220%22%2F%3E%3C%2Fsvg%3E\" data-srcset=\"https:\/\/www.fundaciolamanreana.org\/wp-content\/uploads\/2023\/10\/PXL_20220204_092558915-200x267.jpg 200w, https:\/\/www.fundaciolamanreana.org\/wp-content\/uploads\/2023\/10\/PXL_20220204_092558915-400x533.jpg 400w, https:\/\/www.fundaciolamanreana.org\/wp-content\/uploads\/2023\/10\/PXL_20220204_092558915-600x800.jpg 600w, https:\/\/www.fundaciolamanreana.org\/wp-content\/uploads\/2023\/10\/PXL_20220204_092558915-800x1067.jpg 800w, https:\/\/www.fundaciolamanreana.org\/wp-content\/uploads\/2023\/10\/PXL_20220204_092558915-1200x1600.jpg 1200w, https:\/\/www.fundaciolamanreana.org\/wp-content\/uploads\/2023\/10\/PXL_20220204_092558915-scaled.jpg 1920w\" data-sizes=\"auto\" data-orig-sizes=\"(min-width: 2200px) 100vw, (min-width: 794px) 410px, (min-width: 717px) 615px, (min-width: 640px) 717px, \" \/><\/a><\/div><\/div><div class=\"clearfix\"><\/div><div style=\"padding:5px;\" class=\"fusion-grid-column fusion-gallery-column fusion-gallery-column-3 hover-type-zoomout awb-gallery-item-hidden\"><div class=\"fusion-gallery-image\"><a href=\"https:\/\/www.fundaciolamanreana.org\/wp-content\/uploads\/2023\/10\/as.jpg\" rel=\"noreferrer\" data-rel=\"iLightbox[gallery_image_1]\" class=\"fusion-lightbox\" target=\"_self\"><img decoding=\"async\" src=\"https:\/\/www.fundaciolamanreana.org\/wp-content\/uploads\/2023\/10\/as.jpg\" data-orig-src=\"https:\/\/www.fundaciolamanreana.org\/wp-content\/uploads\/2023\/10\/as.jpg\" width=\"674\" height=\"843\" alt=\"Fotografia d&#039;un nen acariciant un cavall a la Fundaci\u00f3 la Manreana.\" title=\"as\" aria-label=\"as\" class=\"lazyload img-responsive wp-image-2543\" srcset=\"data:image\/svg+xml,%3Csvg%20xmlns%3D%27http%3A%2F%2Fwww.w3.org%2F2000%2Fsvg%27%20width%3D%27674%27%20height%3D%27843%27%20viewBox%3D%270%200%20674%20843%27%3E%3Crect%20width%3D%27674%27%20height%3D%27843%27%20fill-opacity%3D%220%22%2F%3E%3C%2Fsvg%3E\" data-srcset=\"https:\/\/www.fundaciolamanreana.org\/wp-content\/uploads\/2023\/10\/as-200x250.jpg 200w, https:\/\/www.fundaciolamanreana.org\/wp-content\/uploads\/2023\/10\/as-400x500.jpg 400w, https:\/\/www.fundaciolamanreana.org\/wp-content\/uploads\/2023\/10\/as-600x750.jpg 600w, https:\/\/www.fundaciolamanreana.org\/wp-content\/uploads\/2023\/10\/as.jpg 674w\" data-sizes=\"auto\" data-orig-sizes=\"(min-width: 2200px) 100vw, (min-width: 794px) 410px, (min-width: 717px) 615px, (min-width: 640px) 717px, \" \/><\/a><\/div><\/div><div style=\"padding:5px;\" class=\"fusion-grid-column fusion-gallery-column fusion-gallery-column-3 hover-type-zoomout awb-gallery-item-hidden\"><div class=\"fusion-gallery-image\"><a href=\"https:\/\/www.fundaciolamanreana.org\/wp-content\/uploads\/2023\/08\/42-2moments.jpg\" rel=\"noreferrer\" data-rel=\"iLightbox[gallery_image_1]\" class=\"fusion-lightbox\" target=\"_self\"><img decoding=\"async\" src=\"https:\/\/www.fundaciolamanreana.org\/wp-content\/uploads\/2023\/08\/42-2moments.jpg\" data-orig-src=\"https:\/\/www.fundaciolamanreana.org\/wp-content\/uploads\/2023\/08\/42-2moments.jpg\" width=\"1504\" height=\"1000\" alt=\"\" title=\"42-2moments\" aria-label=\"42-2moments\" class=\"lazyload img-responsive wp-image-1641\" srcset=\"data:image\/svg+xml,%3Csvg%20xmlns%3D%27http%3A%2F%2Fwww.w3.org%2F2000%2Fsvg%27%20width%3D%271504%27%20height%3D%271000%27%20viewBox%3D%270%200%201504%201000%27%3E%3Crect%20width%3D%271504%27%20height%3D%271000%27%20fill-opacity%3D%220%22%2F%3E%3C%2Fsvg%3E\" data-srcset=\"https:\/\/www.fundaciolamanreana.org\/wp-content\/uploads\/2023\/08\/42-2moments-200x133.jpg 200w, https:\/\/www.fundaciolamanreana.org\/wp-content\/uploads\/2023\/08\/42-2moments-400x266.jpg 400w, https:\/\/www.fundaciolamanreana.org\/wp-content\/uploads\/2023\/08\/42-2moments-600x399.jpg 600w, https:\/\/www.fundaciolamanreana.org\/wp-content\/uploads\/2023\/08\/42-2moments-800x532.jpg 800w, https:\/\/www.fundaciolamanreana.org\/wp-content\/uploads\/2023\/08\/42-2moments-1200x798.jpg 1200w, https:\/\/www.fundaciolamanreana.org\/wp-content\/uploads\/2023\/08\/42-2moments.jpg 1504w\" data-sizes=\"auto\" data-orig-sizes=\"(min-width: 2200px) 100vw, (min-width: 794px) 410px, (min-width: 717px) 615px, (min-width: 640px) 717px, \" \/><\/a><\/div><\/div><div style=\"padding:5px;\" class=\"fusion-grid-column fusion-gallery-column fusion-gallery-column-3 hover-type-zoomout awb-gallery-item-hidden\"><div class=\"fusion-gallery-image\"><a href=\"https:\/\/www.fundaciolamanreana.org\/wp-content\/uploads\/2023\/08\/21-24moments.jpg\" rel=\"noreferrer\" data-rel=\"iLightbox[gallery_image_1]\" class=\"fusion-lightbox\" target=\"_self\"><img decoding=\"async\" src=\"https:\/\/www.fundaciolamanreana.org\/wp-content\/uploads\/2023\/08\/21-24moments.jpg\" data-orig-src=\"https:\/\/www.fundaciolamanreana.org\/wp-content\/uploads\/2023\/08\/21-24moments.jpg\" width=\"1104\" height=\"621\" alt=\"\" title=\"21-24moments\" aria-label=\"21-24moments\" class=\"lazyload img-responsive wp-image-1620\" srcset=\"data:image\/svg+xml,%3Csvg%20xmlns%3D%27http%3A%2F%2Fwww.w3.org%2F2000%2Fsvg%27%20width%3D%271104%27%20height%3D%27621%27%20viewBox%3D%270%200%201104%20621%27%3E%3Crect%20width%3D%271104%27%20height%3D%27621%27%20fill-opacity%3D%220%22%2F%3E%3C%2Fsvg%3E\" data-srcset=\"https:\/\/www.fundaciolamanreana.org\/wp-content\/uploads\/2023\/08\/21-24moments-200x113.jpg 200w, https:\/\/www.fundaciolamanreana.org\/wp-content\/uploads\/2023\/08\/21-24moments-400x225.jpg 400w, https:\/\/www.fundaciolamanreana.org\/wp-content\/uploads\/2023\/08\/21-24moments-600x338.jpg 600w, https:\/\/www.fundaciolamanreana.org\/wp-content\/uploads\/2023\/08\/21-24moments-800x450.jpg 800w, https:\/\/www.fundaciolamanreana.org\/wp-content\/uploads\/2023\/08\/21-24moments.jpg 1104w\" data-sizes=\"auto\" data-orig-sizes=\"(min-width: 2200px) 100vw, (min-width: 794px) 410px, (min-width: 717px) 615px, (min-width: 640px) 717px, \" \/><\/a><\/div><\/div><div class=\"clearfix\"><\/div><div style=\"padding:5px;\" class=\"fusion-grid-column fusion-gallery-column fusion-gallery-column-3 hover-type-zoomout awb-gallery-item-hidden\"><div class=\"fusion-gallery-image\"><a href=\"https:\/\/www.fundaciolamanreana.org\/wp-content\/uploads\/2023\/08\/31-13moments.jpg\" rel=\"noreferrer\" data-rel=\"iLightbox[gallery_image_1]\" class=\"fusion-lightbox\" target=\"_self\"><img decoding=\"async\" src=\"https:\/\/www.fundaciolamanreana.org\/wp-content\/uploads\/2023\/08\/31-13moments.jpg\" data-orig-src=\"https:\/\/www.fundaciolamanreana.org\/wp-content\/uploads\/2023\/08\/31-13moments.jpg\" width=\"1184\" height=\"789\" alt=\"\" title=\"31-13moments\" aria-label=\"31-13moments\" class=\"lazyload img-responsive wp-image-1630\" srcset=\"data:image\/svg+xml,%3Csvg%20xmlns%3D%27http%3A%2F%2Fwww.w3.org%2F2000%2Fsvg%27%20width%3D%271184%27%20height%3D%27789%27%20viewBox%3D%270%200%201184%20789%27%3E%3Crect%20width%3D%271184%27%20height%3D%27789%27%20fill-opacity%3D%220%22%2F%3E%3C%2Fsvg%3E\" data-srcset=\"https:\/\/www.fundaciolamanreana.org\/wp-content\/uploads\/2023\/08\/31-13moments-200x133.jpg 200w, https:\/\/www.fundaciolamanreana.org\/wp-content\/uploads\/2023\/08\/31-13moments-400x267.jpg 400w, https:\/\/www.fundaciolamanreana.org\/wp-content\/uploads\/2023\/08\/31-13moments-600x400.jpg 600w, https:\/\/www.fundaciolamanreana.org\/wp-content\/uploads\/2023\/08\/31-13moments-800x533.jpg 800w, https:\/\/www.fundaciolamanreana.org\/wp-content\/uploads\/2023\/08\/31-13moments.jpg 1184w\" data-sizes=\"auto\" data-orig-sizes=\"(min-width: 2200px) 100vw, (min-width: 794px) 410px, (min-width: 717px) 615px, (min-width: 640px) 717px, \" \/><\/a><\/div><\/div><div style=\"padding:5px;\" class=\"fusion-grid-column fusion-gallery-column fusion-gallery-column-3 hover-type-zoomout awb-gallery-item-hidden\"><div class=\"fusion-gallery-image\"><a href=\"https:\/\/www.fundaciolamanreana.org\/wp-content\/uploads\/2023\/10\/PXL_20230907_084033094-scaled.jpg\" rel=\"noreferrer\" data-rel=\"iLightbox[gallery_image_1]\" class=\"fusion-lightbox\" target=\"_self\"><img decoding=\"async\" src=\"https:\/\/www.fundaciolamanreana.org\/wp-content\/uploads\/2023\/10\/PXL_20230907_084033094-scaled.jpg\" data-orig-src=\"https:\/\/www.fundaciolamanreana.org\/wp-content\/uploads\/2023\/10\/PXL_20230907_084033094-scaled.jpg\" width=\"2560\" height=\"1920\" alt=\"\" title=\"PXL_20230907_084033094\" aria-label=\"PXL_20230907_084033094\" class=\"lazyload img-responsive wp-image-2527\" srcset=\"data:image\/svg+xml,%3Csvg%20xmlns%3D%27http%3A%2F%2Fwww.w3.org%2F2000%2Fsvg%27%20width%3D%272560%27%20height%3D%271920%27%20viewBox%3D%270%200%202560%201920%27%3E%3Crect%20width%3D%272560%27%20height%3D%271920%27%20fill-opacity%3D%220%22%2F%3E%3C%2Fsvg%3E\" data-srcset=\"https:\/\/www.fundaciolamanreana.org\/wp-content\/uploads\/2023\/10\/PXL_20230907_084033094-200x150.jpg 200w, https:\/\/www.fundaciolamanreana.org\/wp-content\/uploads\/2023\/10\/PXL_20230907_084033094-400x300.jpg 400w, https:\/\/www.fundaciolamanreana.org\/wp-content\/uploads\/2023\/10\/PXL_20230907_084033094-600x450.jpg 600w, https:\/\/www.fundaciolamanreana.org\/wp-content\/uploads\/2023\/10\/PXL_20230907_084033094-800x600.jpg 800w, https:\/\/www.fundaciolamanreana.org\/wp-content\/uploads\/2023\/10\/PXL_20230907_084033094-1200x900.jpg 1200w, https:\/\/www.fundaciolamanreana.org\/wp-content\/uploads\/2023\/10\/PXL_20230907_084033094-scaled.jpg 2560w\" data-sizes=\"auto\" data-orig-sizes=\"(min-width: 2200px) 100vw, (min-width: 794px) 410px, (min-width: 717px) 615px, (min-width: 640px) 717px, \" \/><\/a><\/div><\/div><div style=\"padding:5px;\" class=\"fusion-grid-column fusion-gallery-column fusion-gallery-column-3 hover-type-zoomout awb-gallery-item-hidden\"><div class=\"fusion-gallery-image\"><a href=\"https:\/\/www.fundaciolamanreana.org\/wp-content\/uploads\/2023\/08\/13-1diada.jpg\" rel=\"noreferrer\" data-rel=\"iLightbox[gallery_image_1]\" class=\"fusion-lightbox\" target=\"_self\"><img decoding=\"async\" src=\"https:\/\/www.fundaciolamanreana.org\/wp-content\/uploads\/2023\/08\/13-1diada.jpg\" data-orig-src=\"https:\/\/www.fundaciolamanreana.org\/wp-content\/uploads\/2023\/08\/13-1diada.jpg\" width=\"1400\" height=\"788\" alt=\"\" title=\"13-1diada\" aria-label=\"13-1diada\" class=\"lazyload img-responsive wp-image-1612\" srcset=\"data:image\/svg+xml,%3Csvg%20xmlns%3D%27http%3A%2F%2Fwww.w3.org%2F2000%2Fsvg%27%20width%3D%271400%27%20height%3D%27788%27%20viewBox%3D%270%200%201400%20788%27%3E%3Crect%20width%3D%271400%27%20height%3D%27788%27%20fill-opacity%3D%220%22%2F%3E%3C%2Fsvg%3E\" data-srcset=\"https:\/\/www.fundaciolamanreana.org\/wp-content\/uploads\/2023\/08\/13-1diada-200x113.jpg 200w, https:\/\/www.fundaciolamanreana.org\/wp-content\/uploads\/2023\/08\/13-1diada-400x225.jpg 400w, https:\/\/www.fundaciolamanreana.org\/wp-content\/uploads\/2023\/08\/13-1diada-600x338.jpg 600w, https:\/\/www.fundaciolamanreana.org\/wp-content\/uploads\/2023\/08\/13-1diada-800x450.jpg 800w, https:\/\/www.fundaciolamanreana.org\/wp-content\/uploads\/2023\/08\/13-1diada-1200x675.jpg 1200w, https:\/\/www.fundaciolamanreana.org\/wp-content\/uploads\/2023\/08\/13-1diada.jpg 1400w\" data-sizes=\"auto\" data-orig-sizes=\"(min-width: 2200px) 100vw, (min-width: 794px) 410px, (min-width: 717px) 615px, (min-width: 640px) 717px, \" \/><\/a><\/div><\/div><div class=\"clearfix\"><\/div><div style=\"padding:5px;\" class=\"fusion-grid-column fusion-gallery-column fusion-gallery-column-3 hover-type-zoomout awb-gallery-item-hidden\"><div class=\"fusion-gallery-image\"><a href=\"https:\/\/www.fundaciolamanreana.org\/wp-content\/uploads\/2023\/08\/39-5moments.jpg\" rel=\"noreferrer\" data-rel=\"iLightbox[gallery_image_1]\" class=\"fusion-lightbox\" target=\"_self\"><img decoding=\"async\" src=\"https:\/\/www.fundaciolamanreana.org\/wp-content\/uploads\/2023\/08\/39-5moments.jpg\" data-orig-src=\"https:\/\/www.fundaciolamanreana.org\/wp-content\/uploads\/2023\/08\/39-5moments.jpg\" width=\"1072\" height=\"804\" alt=\"\" title=\"39-5moments\" aria-label=\"39-5moments\" class=\"lazyload img-responsive wp-image-1638\" srcset=\"data:image\/svg+xml,%3Csvg%20xmlns%3D%27http%3A%2F%2Fwww.w3.org%2F2000%2Fsvg%27%20width%3D%271072%27%20height%3D%27804%27%20viewBox%3D%270%200%201072%20804%27%3E%3Crect%20width%3D%271072%27%20height%3D%27804%27%20fill-opacity%3D%220%22%2F%3E%3C%2Fsvg%3E\" data-srcset=\"https:\/\/www.fundaciolamanreana.org\/wp-content\/uploads\/2023\/08\/39-5moments-200x150.jpg 200w, https:\/\/www.fundaciolamanreana.org\/wp-content\/uploads\/2023\/08\/39-5moments-400x300.jpg 400w, https:\/\/www.fundaciolamanreana.org\/wp-content\/uploads\/2023\/08\/39-5moments-600x450.jpg 600w, https:\/\/www.fundaciolamanreana.org\/wp-content\/uploads\/2023\/08\/39-5moments-800x600.jpg 800w, https:\/\/www.fundaciolamanreana.org\/wp-content\/uploads\/2023\/08\/39-5moments.jpg 1072w\" data-sizes=\"auto\" data-orig-sizes=\"(min-width: 2200px) 100vw, (min-width: 794px) 410px, (min-width: 717px) 615px, (min-width: 640px) 717px, \" \/><\/a><\/div><\/div><div style=\"padding:5px;\" class=\"fusion-grid-column fusion-gallery-column fusion-gallery-column-3 hover-type-zoomout awb-gallery-item-hidden\"><div class=\"fusion-gallery-image\"><a href=\"https:\/\/www.fundaciolamanreana.org\/wp-content\/uploads\/2023\/10\/estel.jpg\" rel=\"noreferrer\" data-rel=\"iLightbox[gallery_image_1]\" class=\"fusion-lightbox\" target=\"_self\"><img decoding=\"async\" src=\"https:\/\/www.fundaciolamanreana.org\/wp-content\/uploads\/2023\/10\/estel.jpg\" data-orig-src=\"https:\/\/www.fundaciolamanreana.org\/wp-content\/uploads\/2023\/10\/estel.jpg\" width=\"725\" height=\"404\" alt=\"\" title=\"estel\" aria-label=\"estel\" class=\"lazyload img-responsive wp-image-2541\" srcset=\"data:image\/svg+xml,%3Csvg%20xmlns%3D%27http%3A%2F%2Fwww.w3.org%2F2000%2Fsvg%27%20width%3D%27725%27%20height%3D%27404%27%20viewBox%3D%270%200%20725%20404%27%3E%3Crect%20width%3D%27725%27%20height%3D%27404%27%20fill-opacity%3D%220%22%2F%3E%3C%2Fsvg%3E\" data-srcset=\"https:\/\/www.fundaciolamanreana.org\/wp-content\/uploads\/2023\/10\/estel-200x111.jpg 200w, https:\/\/www.fundaciolamanreana.org\/wp-content\/uploads\/2023\/10\/estel-400x223.jpg 400w, https:\/\/www.fundaciolamanreana.org\/wp-content\/uploads\/2023\/10\/estel-600x334.jpg 600w, https:\/\/www.fundaciolamanreana.org\/wp-content\/uploads\/2023\/10\/estel.jpg 725w\" data-sizes=\"auto\" data-orig-sizes=\"(min-width: 2200px) 100vw, (min-width: 794px) 410px, (min-width: 717px) 615px, (min-width: 640px) 717px, \" \/><\/a><\/div><\/div><div style=\"padding:5px;\" class=\"fusion-grid-column fusion-gallery-column fusion-gallery-column-3 hover-type-zoomout awb-gallery-item-hidden\"><div class=\"fusion-gallery-image\"><a href=\"https:\/\/www.fundaciolamanreana.org\/wp-content\/uploads\/2023\/08\/16-IMG-20150504-WA0007.jpg\" rel=\"noreferrer\" data-rel=\"iLightbox[gallery_image_1]\" class=\"fusion-lightbox\" target=\"_self\"><img decoding=\"async\" src=\"https:\/\/www.fundaciolamanreana.org\/wp-content\/uploads\/2023\/08\/16-IMG-20150504-WA0007.jpg\" data-orig-src=\"https:\/\/www.fundaciolamanreana.org\/wp-content\/uploads\/2023\/08\/16-IMG-20150504-WA0007.jpg\" width=\"1280\" height=\"960\" alt=\"\" title=\"16-IMG-20150504-WA0007\" aria-label=\"16-IMG-20150504-WA0007\" class=\"lazyload img-responsive wp-image-1615\" srcset=\"data:image\/svg+xml,%3Csvg%20xmlns%3D%27http%3A%2F%2Fwww.w3.org%2F2000%2Fsvg%27%20width%3D%271280%27%20height%3D%27960%27%20viewBox%3D%270%200%201280%20960%27%3E%3Crect%20width%3D%271280%27%20height%3D%27960%27%20fill-opacity%3D%220%22%2F%3E%3C%2Fsvg%3E\" data-srcset=\"https:\/\/www.fundaciolamanreana.org\/wp-content\/uploads\/2023\/08\/16-IMG-20150504-WA0007-200x150.jpg 200w, https:\/\/www.fundaciolamanreana.org\/wp-content\/uploads\/2023\/08\/16-IMG-20150504-WA0007-400x300.jpg 400w, https:\/\/www.fundaciolamanreana.org\/wp-content\/uploads\/2023\/08\/16-IMG-20150504-WA0007-600x450.jpg 600w, https:\/\/www.fundaciolamanreana.org\/wp-content\/uploads\/2023\/08\/16-IMG-20150504-WA0007-800x600.jpg 800w, https:\/\/www.fundaciolamanreana.org\/wp-content\/uploads\/2023\/08\/16-IMG-20150504-WA0007-1200x900.jpg 1200w, https:\/\/www.fundaciolamanreana.org\/wp-content\/uploads\/2023\/08\/16-IMG-20150504-WA0007.jpg 1280w\" data-sizes=\"auto\" data-orig-sizes=\"(min-width: 2200px) 100vw, (min-width: 794px) 410px, (min-width: 717px) 615px, (min-width: 640px) 717px, \" \/><\/a><\/div><\/div><div class=\"clearfix\"><\/div><div style=\"padding:5px;\" class=\"fusion-grid-column fusion-gallery-column fusion-gallery-column-3 hover-type-zoomout awb-gallery-item-hidden\"><div class=\"fusion-gallery-image\"><a href=\"https:\/\/www.fundaciolamanreana.org\/wp-content\/uploads\/2023\/10\/planificacio.jpg\" rel=\"noreferrer\" data-rel=\"iLightbox[gallery_image_1]\" class=\"fusion-lightbox\" target=\"_self\"><img decoding=\"async\" src=\"https:\/\/www.fundaciolamanreana.org\/wp-content\/uploads\/2023\/10\/planificacio.jpg\" data-orig-src=\"https:\/\/www.fundaciolamanreana.org\/wp-content\/uploads\/2023\/10\/planificacio.jpg\" width=\"725\" height=\"720\" alt=\"\" title=\"planificaci\u00f3\" aria-label=\"planificaci\u00f3\" class=\"lazyload img-responsive wp-image-2537\" srcset=\"data:image\/svg+xml,%3Csvg%20xmlns%3D%27http%3A%2F%2Fwww.w3.org%2F2000%2Fsvg%27%20width%3D%27725%27%20height%3D%27720%27%20viewBox%3D%270%200%20725%20720%27%3E%3Crect%20width%3D%27725%27%20height%3D%27720%27%20fill-opacity%3D%220%22%2F%3E%3C%2Fsvg%3E\" data-srcset=\"https:\/\/www.fundaciolamanreana.org\/wp-content\/uploads\/2023\/10\/planificacio-200x199.jpg 200w, https:\/\/www.fundaciolamanreana.org\/wp-content\/uploads\/2023\/10\/planificacio-400x397.jpg 400w, https:\/\/www.fundaciolamanreana.org\/wp-content\/uploads\/2023\/10\/planificacio-600x596.jpg 600w, https:\/\/www.fundaciolamanreana.org\/wp-content\/uploads\/2023\/10\/planificacio.jpg 725w\" data-sizes=\"auto\" data-orig-sizes=\"(min-width: 2200px) 100vw, (min-width: 794px) 410px, (min-width: 717px) 615px, (min-width: 640px) 717px, \" \/><\/a><\/div><\/div><div style=\"padding:5px;\" class=\"fusion-grid-column fusion-gallery-column fusion-gallery-column-3 hover-type-zoomout awb-gallery-item-hidden\"><div class=\"fusion-gallery-image\"><a href=\"https:\/\/www.fundaciolamanreana.org\/wp-content\/uploads\/2023\/08\/0-7diada.jpg\" rel=\"noreferrer\" data-rel=\"iLightbox[gallery_image_1]\" class=\"fusion-lightbox\" target=\"_self\"><img decoding=\"async\" src=\"https:\/\/www.fundaciolamanreana.org\/wp-content\/uploads\/2023\/08\/0-7diada.jpg\" data-orig-src=\"https:\/\/www.fundaciolamanreana.org\/wp-content\/uploads\/2023\/08\/0-7diada.jpg\" width=\"1400\" height=\"788\" alt=\"\" title=\"0-7diada\" aria-label=\"0-7diada\" class=\"lazyload img-responsive wp-image-1600\" srcset=\"data:image\/svg+xml,%3Csvg%20xmlns%3D%27http%3A%2F%2Fwww.w3.org%2F2000%2Fsvg%27%20width%3D%271400%27%20height%3D%27788%27%20viewBox%3D%270%200%201400%20788%27%3E%3Crect%20width%3D%271400%27%20height%3D%27788%27%20fill-opacity%3D%220%22%2F%3E%3C%2Fsvg%3E\" data-srcset=\"https:\/\/www.fundaciolamanreana.org\/wp-content\/uploads\/2023\/08\/0-7diada-200x113.jpg 200w, https:\/\/www.fundaciolamanreana.org\/wp-content\/uploads\/2023\/08\/0-7diada-400x225.jpg 400w, https:\/\/www.fundaciolamanreana.org\/wp-content\/uploads\/2023\/08\/0-7diada-600x338.jpg 600w, https:\/\/www.fundaciolamanreana.org\/wp-content\/uploads\/2023\/08\/0-7diada-800x450.jpg 800w, https:\/\/www.fundaciolamanreana.org\/wp-content\/uploads\/2023\/08\/0-7diada-1200x675.jpg 1200w, https:\/\/www.fundaciolamanreana.org\/wp-content\/uploads\/2023\/08\/0-7diada.jpg 1400w\" data-sizes=\"auto\" data-orig-sizes=\"(min-width: 2200px) 100vw, (min-width: 794px) 410px, (min-width: 717px) 615px, (min-width: 640px) 717px, \" \/><\/a><\/div><\/div><div style=\"padding:5px;\" class=\"fusion-grid-column fusion-gallery-column fusion-gallery-column-3 hover-type-zoomout awb-gallery-item-hidden\"><div class=\"fusion-gallery-image\"><a href=\"https:\/\/www.fundaciolamanreana.org\/wp-content\/uploads\/2023\/08\/37-7mometns.jpg\" rel=\"noreferrer\" data-rel=\"iLightbox[gallery_image_1]\" class=\"fusion-lightbox\" target=\"_self\"><img decoding=\"async\" src=\"https:\/\/www.fundaciolamanreana.org\/wp-content\/uploads\/2023\/08\/37-7mometns.jpg\" data-orig-src=\"https:\/\/www.fundaciolamanreana.org\/wp-content\/uploads\/2023\/08\/37-7mometns.jpg\" width=\"1184\" height=\"789\" alt=\"\" title=\"37-7mometns\" aria-label=\"37-7mometns\" class=\"lazyload img-responsive wp-image-1636\" srcset=\"data:image\/svg+xml,%3Csvg%20xmlns%3D%27http%3A%2F%2Fwww.w3.org%2F2000%2Fsvg%27%20width%3D%271184%27%20height%3D%27789%27%20viewBox%3D%270%200%201184%20789%27%3E%3Crect%20width%3D%271184%27%20height%3D%27789%27%20fill-opacity%3D%220%22%2F%3E%3C%2Fsvg%3E\" data-srcset=\"https:\/\/www.fundaciolamanreana.org\/wp-content\/uploads\/2023\/08\/37-7mometns-200x133.jpg 200w, https:\/\/www.fundaciolamanreana.org\/wp-content\/uploads\/2023\/08\/37-7mometns-400x267.jpg 400w, https:\/\/www.fundaciolamanreana.org\/wp-content\/uploads\/2023\/08\/37-7mometns-600x400.jpg 600w, https:\/\/www.fundaciolamanreana.org\/wp-content\/uploads\/2023\/08\/37-7mometns-800x533.jpg 800w, https:\/\/www.fundaciolamanreana.org\/wp-content\/uploads\/2023\/08\/37-7mometns.jpg 1184w\" data-sizes=\"auto\" data-orig-sizes=\"(min-width: 2200px) 100vw, (min-width: 794px) 410px, (min-width: 717px) 615px, (min-width: 640px) 717px, \" \/><\/a><\/div><\/div><div class=\"clearfix\"><\/div><div style=\"padding:5px;\" class=\"fusion-grid-column fusion-gallery-column fusion-gallery-column-3 hover-type-zoomout awb-gallery-item-hidden\"><div class=\"fusion-gallery-image\"><a href=\"https:\/\/www.fundaciolamanreana.org\/wp-content\/uploads\/2023\/08\/03-11diada.jpg\" rel=\"noreferrer\" data-rel=\"iLightbox[gallery_image_1]\" class=\"fusion-lightbox\" target=\"_self\"><img decoding=\"async\" src=\"https:\/\/www.fundaciolamanreana.org\/wp-content\/uploads\/2023\/08\/03-11diada.jpg\" data-orig-src=\"https:\/\/www.fundaciolamanreana.org\/wp-content\/uploads\/2023\/08\/03-11diada.jpg\" width=\"1400\" height=\"788\" alt=\"\" title=\"03-11diada\" aria-label=\"03-11diada\" class=\"lazyload img-responsive wp-image-1603\" srcset=\"data:image\/svg+xml,%3Csvg%20xmlns%3D%27http%3A%2F%2Fwww.w3.org%2F2000%2Fsvg%27%20width%3D%271400%27%20height%3D%27788%27%20viewBox%3D%270%200%201400%20788%27%3E%3Crect%20width%3D%271400%27%20height%3D%27788%27%20fill-opacity%3D%220%22%2F%3E%3C%2Fsvg%3E\" data-srcset=\"https:\/\/www.fundaciolamanreana.org\/wp-content\/uploads\/2023\/08\/03-11diada-200x113.jpg 200w, https:\/\/www.fundaciolamanreana.org\/wp-content\/uploads\/2023\/08\/03-11diada-400x225.jpg 400w, https:\/\/www.fundaciolamanreana.org\/wp-content\/uploads\/2023\/08\/03-11diada-600x338.jpg 600w, https:\/\/www.fundaciolamanreana.org\/wp-content\/uploads\/2023\/08\/03-11diada-800x450.jpg 800w, https:\/\/www.fundaciolamanreana.org\/wp-content\/uploads\/2023\/08\/03-11diada-1200x675.jpg 1200w, https:\/\/www.fundaciolamanreana.org\/wp-content\/uploads\/2023\/08\/03-11diada.jpg 1400w\" data-sizes=\"auto\" data-orig-sizes=\"(min-width: 2200px) 100vw, (min-width: 794px) 410px, (min-width: 717px) 615px, (min-width: 640px) 717px, \" \/><\/a><\/div><\/div><div style=\"padding:5px;\" class=\"fusion-grid-column fusion-gallery-column fusion-gallery-column-3 hover-type-zoomout awb-gallery-item-hidden\"><div class=\"fusion-gallery-image\"><a href=\"https:\/\/www.fundaciolamanreana.org\/wp-content\/uploads\/2023\/08\/24-21moments-scaled.jpg\" rel=\"noreferrer\" data-rel=\"iLightbox[gallery_image_1]\" class=\"fusion-lightbox\" target=\"_self\"><img decoding=\"async\" src=\"https:\/\/www.fundaciolamanreana.org\/wp-content\/uploads\/2023\/08\/24-21moments-scaled.jpg\" data-orig-src=\"https:\/\/www.fundaciolamanreana.org\/wp-content\/uploads\/2023\/08\/24-21moments-scaled.jpg\" width=\"2560\" height=\"1440\" alt=\"\" title=\"24-21moments\" aria-label=\"24-21moments\" class=\"lazyload img-responsive wp-image-1623\" srcset=\"data:image\/svg+xml,%3Csvg%20xmlns%3D%27http%3A%2F%2Fwww.w3.org%2F2000%2Fsvg%27%20width%3D%272560%27%20height%3D%271440%27%20viewBox%3D%270%200%202560%201440%27%3E%3Crect%20width%3D%272560%27%20height%3D%271440%27%20fill-opacity%3D%220%22%2F%3E%3C%2Fsvg%3E\" data-srcset=\"https:\/\/www.fundaciolamanreana.org\/wp-content\/uploads\/2023\/08\/24-21moments-200x113.jpg 200w, https:\/\/www.fundaciolamanreana.org\/wp-content\/uploads\/2023\/08\/24-21moments-400x225.jpg 400w, https:\/\/www.fundaciolamanreana.org\/wp-content\/uploads\/2023\/08\/24-21moments-600x338.jpg 600w, https:\/\/www.fundaciolamanreana.org\/wp-content\/uploads\/2023\/08\/24-21moments-800x450.jpg 800w, https:\/\/www.fundaciolamanreana.org\/wp-content\/uploads\/2023\/08\/24-21moments-1200x675.jpg 1200w, https:\/\/www.fundaciolamanreana.org\/wp-content\/uploads\/2023\/08\/24-21moments-scaled.jpg 2560w\" data-sizes=\"auto\" data-orig-sizes=\"(min-width: 2200px) 100vw, (min-width: 794px) 410px, (min-width: 717px) 615px, (min-width: 640px) 717px, \" \/><\/a><\/div><\/div><div style=\"padding:5px;\" class=\"fusion-grid-column fusion-gallery-column fusion-gallery-column-3 hover-type-zoomout awb-gallery-item-hidden\"><div class=\"fusion-gallery-image\"><a href=\"https:\/\/www.fundaciolamanreana.org\/wp-content\/uploads\/2023\/10\/poni.jpg\" rel=\"noreferrer\" data-rel=\"iLightbox[gallery_image_1]\" class=\"fusion-lightbox\" target=\"_self\"><img decoding=\"async\" src=\"https:\/\/www.fundaciolamanreana.org\/wp-content\/uploads\/2023\/10\/poni.jpg\" data-orig-src=\"https:\/\/www.fundaciolamanreana.org\/wp-content\/uploads\/2023\/10\/poni.jpg\" width=\"724\" height=\"686\" alt=\"\" title=\"poni\" aria-label=\"poni\" class=\"lazyload img-responsive wp-image-2539\" srcset=\"data:image\/svg+xml,%3Csvg%20xmlns%3D%27http%3A%2F%2Fwww.w3.org%2F2000%2Fsvg%27%20width%3D%27724%27%20height%3D%27686%27%20viewBox%3D%270%200%20724%20686%27%3E%3Crect%20width%3D%27724%27%20height%3D%27686%27%20fill-opacity%3D%220%22%2F%3E%3C%2Fsvg%3E\" data-srcset=\"https:\/\/www.fundaciolamanreana.org\/wp-content\/uploads\/2023\/10\/poni-200x190.jpg 200w, https:\/\/www.fundaciolamanreana.org\/wp-content\/uploads\/2023\/10\/poni-400x379.jpg 400w, https:\/\/www.fundaciolamanreana.org\/wp-content\/uploads\/2023\/10\/poni-600x569.jpg 600w, https:\/\/www.fundaciolamanreana.org\/wp-content\/uploads\/2023\/10\/poni.jpg 724w\" data-sizes=\"auto\" data-orig-sizes=\"(min-width: 2200px) 100vw, (min-width: 794px) 410px, (min-width: 717px) 615px, (min-width: 640px) 717px, \" \/><\/a><\/div><\/div><div class=\"clearfix\"><\/div><div style=\"padding:5px;\" class=\"fusion-grid-column fusion-gallery-column fusion-gallery-column-3 hover-type-zoomout awb-gallery-item-hidden\"><div class=\"fusion-gallery-image\"><a href=\"https:\/\/www.fundaciolamanreana.org\/wp-content\/uploads\/2023\/08\/15-IMG-20150504-WA0006.jpg\" rel=\"noreferrer\" data-rel=\"iLightbox[gallery_image_1]\" class=\"fusion-lightbox\" target=\"_self\"><img decoding=\"async\" src=\"https:\/\/www.fundaciolamanreana.org\/wp-content\/uploads\/2023\/08\/15-IMG-20150504-WA0006.jpg\" data-orig-src=\"https:\/\/www.fundaciolamanreana.org\/wp-content\/uploads\/2023\/08\/15-IMG-20150504-WA0006.jpg\" width=\"1280\" height=\"960\" alt=\"\" title=\"15-IMG-20150504-WA0006\" aria-label=\"15-IMG-20150504-WA0006\" class=\"lazyload img-responsive wp-image-1614\" srcset=\"data:image\/svg+xml,%3Csvg%20xmlns%3D%27http%3A%2F%2Fwww.w3.org%2F2000%2Fsvg%27%20width%3D%271280%27%20height%3D%27960%27%20viewBox%3D%270%200%201280%20960%27%3E%3Crect%20width%3D%271280%27%20height%3D%27960%27%20fill-opacity%3D%220%22%2F%3E%3C%2Fsvg%3E\" data-srcset=\"https:\/\/www.fundaciolamanreana.org\/wp-content\/uploads\/2023\/08\/15-IMG-20150504-WA0006-200x150.jpg 200w, https:\/\/www.fundaciolamanreana.org\/wp-content\/uploads\/2023\/08\/15-IMG-20150504-WA0006-400x300.jpg 400w, https:\/\/www.fundaciolamanreana.org\/wp-content\/uploads\/2023\/08\/15-IMG-20150504-WA0006-600x450.jpg 600w, https:\/\/www.fundaciolamanreana.org\/wp-content\/uploads\/2023\/08\/15-IMG-20150504-WA0006-800x600.jpg 800w, https:\/\/www.fundaciolamanreana.org\/wp-content\/uploads\/2023\/08\/15-IMG-20150504-WA0006-1200x900.jpg 1200w, https:\/\/www.fundaciolamanreana.org\/wp-content\/uploads\/2023\/08\/15-IMG-20150504-WA0006.jpg 1280w\" data-sizes=\"auto\" data-orig-sizes=\"(min-width: 2200px) 100vw, (min-width: 794px) 410px, (min-width: 717px) 615px, (min-width: 640px) 717px, \" \/><\/a><\/div><\/div><div style=\"padding:5px;\" class=\"fusion-grid-column fusion-gallery-column fusion-gallery-column-3 hover-type-zoomout awb-gallery-item-hidden\"><div class=\"fusion-gallery-image\"><a href=\"https:\/\/www.fundaciolamanreana.org\/wp-content\/uploads\/2023\/08\/34-10moments.jpg\" rel=\"noreferrer\" data-rel=\"iLightbox[gallery_image_1]\" class=\"fusion-lightbox\" target=\"_self\"><img decoding=\"async\" src=\"https:\/\/www.fundaciolamanreana.org\/wp-content\/uploads\/2023\/08\/34-10moments.jpg\" data-orig-src=\"https:\/\/www.fundaciolamanreana.org\/wp-content\/uploads\/2023\/08\/34-10moments.jpg\" width=\"1184\" height=\"789\" alt=\"\" title=\"34-10moments\" aria-label=\"34-10moments\" class=\"lazyload img-responsive wp-image-1633\" srcset=\"data:image\/svg+xml,%3Csvg%20xmlns%3D%27http%3A%2F%2Fwww.w3.org%2F2000%2Fsvg%27%20width%3D%271184%27%20height%3D%27789%27%20viewBox%3D%270%200%201184%20789%27%3E%3Crect%20width%3D%271184%27%20height%3D%27789%27%20fill-opacity%3D%220%22%2F%3E%3C%2Fsvg%3E\" data-srcset=\"https:\/\/www.fundaciolamanreana.org\/wp-content\/uploads\/2023\/08\/34-10moments-200x133.jpg 200w, https:\/\/www.fundaciolamanreana.org\/wp-content\/uploads\/2023\/08\/34-10moments-400x267.jpg 400w, https:\/\/www.fundaciolamanreana.org\/wp-content\/uploads\/2023\/08\/34-10moments-600x400.jpg 600w, https:\/\/www.fundaciolamanreana.org\/wp-content\/uploads\/2023\/08\/34-10moments-800x533.jpg 800w, https:\/\/www.fundaciolamanreana.org\/wp-content\/uploads\/2023\/08\/34-10moments.jpg 1184w\" data-sizes=\"auto\" data-orig-sizes=\"(min-width: 2200px) 100vw, (min-width: 794px) 410px, (min-width: 717px) 615px, (min-width: 640px) 717px, \" \/><\/a><\/div><\/div><div style=\"padding:5px;\" class=\"fusion-grid-column fusion-gallery-column fusion-gallery-column-3 hover-type-zoomout awb-gallery-item-hidden\"><div class=\"fusion-gallery-image\"><a href=\"https:\/\/www.fundaciolamanreana.org\/wp-content\/uploads\/2023\/08\/09-5diada.jpg\" rel=\"noreferrer\" data-rel=\"iLightbox[gallery_image_1]\" class=\"fusion-lightbox\" target=\"_self\"><img decoding=\"async\" src=\"https:\/\/www.fundaciolamanreana.org\/wp-content\/uploads\/2023\/08\/09-5diada.jpg\" data-orig-src=\"https:\/\/www.fundaciolamanreana.org\/wp-content\/uploads\/2023\/08\/09-5diada.jpg\" width=\"1400\" height=\"788\" alt=\"\" title=\"09-5diada\" aria-label=\"09-5diada\" class=\"lazyload img-responsive wp-image-1608\" srcset=\"data:image\/svg+xml,%3Csvg%20xmlns%3D%27http%3A%2F%2Fwww.w3.org%2F2000%2Fsvg%27%20width%3D%271400%27%20height%3D%27788%27%20viewBox%3D%270%200%201400%20788%27%3E%3Crect%20width%3D%271400%27%20height%3D%27788%27%20fill-opacity%3D%220%22%2F%3E%3C%2Fsvg%3E\" data-srcset=\"https:\/\/www.fundaciolamanreana.org\/wp-content\/uploads\/2023\/08\/09-5diada-200x113.jpg 200w, https:\/\/www.fundaciolamanreana.org\/wp-content\/uploads\/2023\/08\/09-5diada-400x225.jpg 400w, https:\/\/www.fundaciolamanreana.org\/wp-content\/uploads\/2023\/08\/09-5diada-600x338.jpg 600w, https:\/\/www.fundaciolamanreana.org\/wp-content\/uploads\/2023\/08\/09-5diada-800x450.jpg 800w, https:\/\/www.fundaciolamanreana.org\/wp-content\/uploads\/2023\/08\/09-5diada-1200x675.jpg 1200w, https:\/\/www.fundaciolamanreana.org\/wp-content\/uploads\/2023\/08\/09-5diada.jpg 1400w\" data-sizes=\"auto\" data-orig-sizes=\"(min-width: 2200px) 100vw, (min-width: 794px) 410px, (min-width: 717px) 615px, (min-width: 640px) 717px, \" \/><\/a><\/div><\/div><div class=\"clearfix\"><\/div><div style=\"padding:5px;\" class=\"fusion-grid-column fusion-gallery-column fusion-gallery-column-3 hover-type-zoomout awb-gallery-item-hidden\"><div class=\"fusion-gallery-image\"><a href=\"https:\/\/www.fundaciolamanreana.org\/wp-content\/uploads\/2023\/10\/fundacioo.jpg\" rel=\"noreferrer\" data-rel=\"iLightbox[gallery_image_1]\" class=\"fusion-lightbox\" target=\"_self\"><img decoding=\"async\" src=\"https:\/\/www.fundaciolamanreana.org\/wp-content\/uploads\/2023\/10\/fundacioo.jpg\" data-orig-src=\"https:\/\/www.fundaciolamanreana.org\/wp-content\/uploads\/2023\/10\/fundacioo.jpg\" width=\"241\" height=\"333\" alt=\"Una sessi\u00f3 de ter\u00e0pia eq\u00fcestre a Fundaci\u00f3 la Manreana, centre terap\u00e8utic i formatiu.\" title=\"fundacioo\" aria-label=\"fundacioo\" class=\"lazyload img-responsive wp-image-2515\" srcset=\"data:image\/svg+xml,%3Csvg%20xmlns%3D%27http%3A%2F%2Fwww.w3.org%2F2000%2Fsvg%27%20width%3D%27241%27%20height%3D%27333%27%20viewBox%3D%270%200%20241%20333%27%3E%3Crect%20width%3D%27241%27%20height%3D%27333%27%20fill-opacity%3D%220%22%2F%3E%3C%2Fsvg%3E\" data-srcset=\"https:\/\/www.fundaciolamanreana.org\/wp-content\/uploads\/2023\/10\/fundacioo-200x276.jpg 200w, https:\/\/www.fundaciolamanreana.org\/wp-content\/uploads\/2023\/10\/fundacioo.jpg 241w\" data-sizes=\"auto\" data-orig-sizes=\"(min-width: 2200px) 100vw, (min-width: 794px) 410px, (min-width: 717px) 615px, (min-width: 640px) 717px, \" \/><\/a><\/div><\/div><div style=\"padding:5px;\" class=\"fusion-grid-column fusion-gallery-column fusion-gallery-column-3 hover-type-zoomout awb-gallery-item-hidden\"><div class=\"fusion-gallery-image\"><a href=\"https:\/\/www.fundaciolamanreana.org\/wp-content\/uploads\/2023\/08\/19-IMG-20150504-WA0012.jpg\" rel=\"noreferrer\" data-rel=\"iLightbox[gallery_image_1]\" class=\"fusion-lightbox\" target=\"_self\"><img decoding=\"async\" src=\"https:\/\/www.fundaciolamanreana.org\/wp-content\/uploads\/2023\/08\/19-IMG-20150504-WA0012.jpg\" data-orig-src=\"https:\/\/www.fundaciolamanreana.org\/wp-content\/uploads\/2023\/08\/19-IMG-20150504-WA0012.jpg\" width=\"1224\" height=\"918\" alt=\"\" title=\"19-IMG-20150504-WA0012\" aria-label=\"19-IMG-20150504-WA0012\" class=\"lazyload img-responsive wp-image-1618\" srcset=\"data:image\/svg+xml,%3Csvg%20xmlns%3D%27http%3A%2F%2Fwww.w3.org%2F2000%2Fsvg%27%20width%3D%271224%27%20height%3D%27918%27%20viewBox%3D%270%200%201224%20918%27%3E%3Crect%20width%3D%271224%27%20height%3D%27918%27%20fill-opacity%3D%220%22%2F%3E%3C%2Fsvg%3E\" data-srcset=\"https:\/\/www.fundaciolamanreana.org\/wp-content\/uploads\/2023\/08\/19-IMG-20150504-WA0012-200x150.jpg 200w, https:\/\/www.fundaciolamanreana.org\/wp-content\/uploads\/2023\/08\/19-IMG-20150504-WA0012-400x300.jpg 400w, https:\/\/www.fundaciolamanreana.org\/wp-content\/uploads\/2023\/08\/19-IMG-20150504-WA0012-600x450.jpg 600w, https:\/\/www.fundaciolamanreana.org\/wp-content\/uploads\/2023\/08\/19-IMG-20150504-WA0012-800x600.jpg 800w, https:\/\/www.fundaciolamanreana.org\/wp-content\/uploads\/2023\/08\/19-IMG-20150504-WA0012-1200x900.jpg 1200w, https:\/\/www.fundaciolamanreana.org\/wp-content\/uploads\/2023\/08\/19-IMG-20150504-WA0012.jpg 1224w\" data-sizes=\"auto\" data-orig-sizes=\"(min-width: 2200px) 100vw, (min-width: 794px) 410px, (min-width: 717px) 615px, (min-width: 640px) 717px, \" \/><\/a><\/div><\/div><div style=\"padding:5px;\" class=\"fusion-grid-column fusion-gallery-column fusion-gallery-column-3 hover-type-zoomout awb-gallery-item-hidden\"><div class=\"fusion-gallery-image\"><a href=\"https:\/\/www.fundaciolamanreana.org\/wp-content\/uploads\/2023\/08\/22-23moments.jpg\" rel=\"noreferrer\" data-rel=\"iLightbox[gallery_image_1]\" class=\"fusion-lightbox\" target=\"_self\"><img decoding=\"async\" src=\"https:\/\/www.fundaciolamanreana.org\/wp-content\/uploads\/2023\/08\/22-23moments.jpg\" data-orig-src=\"https:\/\/www.fundaciolamanreana.org\/wp-content\/uploads\/2023\/08\/22-23moments.jpg\" width=\"1104\" height=\"621\" alt=\"\" title=\"22-23moments\" aria-label=\"22-23moments\" class=\"lazyload img-responsive wp-image-1621\" srcset=\"data:image\/svg+xml,%3Csvg%20xmlns%3D%27http%3A%2F%2Fwww.w3.org%2F2000%2Fsvg%27%20width%3D%271104%27%20height%3D%27621%27%20viewBox%3D%270%200%201104%20621%27%3E%3Crect%20width%3D%271104%27%20height%3D%27621%27%20fill-opacity%3D%220%22%2F%3E%3C%2Fsvg%3E\" data-srcset=\"https:\/\/www.fundaciolamanreana.org\/wp-content\/uploads\/2023\/08\/22-23moments-200x113.jpg 200w, https:\/\/www.fundaciolamanreana.org\/wp-content\/uploads\/2023\/08\/22-23moments-400x225.jpg 400w, https:\/\/www.fundaciolamanreana.org\/wp-content\/uploads\/2023\/08\/22-23moments-600x338.jpg 600w, https:\/\/www.fundaciolamanreana.org\/wp-content\/uploads\/2023\/08\/22-23moments-800x450.jpg 800w, https:\/\/www.fundaciolamanreana.org\/wp-content\/uploads\/2023\/08\/22-23moments.jpg 1104w\" data-sizes=\"auto\" data-orig-sizes=\"(min-width: 2200px) 100vw, (min-width: 794px) 410px, (min-width: 717px) 615px, (min-width: 640px) 717px, \" \/><\/a><\/div><\/div><div class=\"clearfix\"><\/div><div style=\"padding:5px;\" class=\"fusion-grid-column fusion-gallery-column fusion-gallery-column-3 hover-type-zoomout awb-gallery-item-hidden\"><div class=\"fusion-gallery-image\"><a href=\"https:\/\/www.fundaciolamanreana.org\/wp-content\/uploads\/2023\/08\/38-6moments.jpg\" rel=\"noreferrer\" data-rel=\"iLightbox[gallery_image_1]\" class=\"fusion-lightbox\" target=\"_self\"><img decoding=\"async\" src=\"https:\/\/www.fundaciolamanreana.org\/wp-content\/uploads\/2023\/08\/38-6moments.jpg\" data-orig-src=\"https:\/\/www.fundaciolamanreana.org\/wp-content\/uploads\/2023\/08\/38-6moments.jpg\" width=\"1184\" height=\"789\" alt=\"\" title=\"38-6moments\" aria-label=\"38-6moments\" class=\"lazyload img-responsive wp-image-1637\" srcset=\"data:image\/svg+xml,%3Csvg%20xmlns%3D%27http%3A%2F%2Fwww.w3.org%2F2000%2Fsvg%27%20width%3D%271184%27%20height%3D%27789%27%20viewBox%3D%270%200%201184%20789%27%3E%3Crect%20width%3D%271184%27%20height%3D%27789%27%20fill-opacity%3D%220%22%2F%3E%3C%2Fsvg%3E\" data-srcset=\"https:\/\/www.fundaciolamanreana.org\/wp-content\/uploads\/2023\/08\/38-6moments-200x133.jpg 200w, https:\/\/www.fundaciolamanreana.org\/wp-content\/uploads\/2023\/08\/38-6moments-400x267.jpg 400w, https:\/\/www.fundaciolamanreana.org\/wp-content\/uploads\/2023\/08\/38-6moments-600x400.jpg 600w, https:\/\/www.fundaciolamanreana.org\/wp-content\/uploads\/2023\/08\/38-6moments-800x533.jpg 800w, https:\/\/www.fundaciolamanreana.org\/wp-content\/uploads\/2023\/08\/38-6moments.jpg 1184w\" data-sizes=\"auto\" data-orig-sizes=\"(min-width: 2200px) 100vw, (min-width: 794px) 410px, (min-width: 717px) 615px, (min-width: 640px) 717px, \" \/><\/a><\/div><\/div><\/div><div class=\"fusion-loading-container fusion-clearfix awb-gallery-posts-loading-container\">\n\t\t\t\t<div class=\"fusion-loading-spinner\">\n\t\t\t\t\t<div class=\"fusion-spinner-1\"><\/div>\n\t\t\t\t\t<div class=\"fusion-spinner-2\"><\/div>\n\t\t\t\t\t<div class=\"fusion-spinner-3\"><\/div>\n\t\t\t\t<\/div><div class=\"fusion-loading-msg\"><em>Loading the next set of gallery items...<\/em><\/div><\/div><div class=\"awb-gallery-buttons\"><a href=\"#\" class=\"fusion-button button-flat button-default fusion-button-default-size awb-gallery-load-more-btn\">VEURE M\u00c9S<\/a><\/div><\/div><\/div><\/div><\/div><\/div>\n","protected":false},"excerpt":{"rendered":"","protected":false},"author":1,"featured_media":0,"parent":0,"menu_order":0,"comment_status":"closed","ping_status":"closed","template":"100-width.php","meta":{"footnotes":""},"class_list":["post-2280","page","type-page","status-publish","hentry"],"yoast_head":"<!-- This site is optimized with the Yoast SEO plugin v21.2 - https:\/\/yoast.com\/wordpress\/plugins\/seo\/ -->\n<title>Galer\u00eda - Fundaci\u00f3 La Manreana<\/title>\n<meta name=\"robots\" content=\"index, follow, max-snippet:-1, max-image-preview:large, max-video-preview:-1\" \/>\n<link rel=\"canonical\" href=\"https:\/\/www.fundaciolamanreana.org\/es\/galeria\/\" \/>\n<meta property=\"og:locale\" content=\"es_ES\" \/>\n<meta property=\"og:type\" content=\"article\" \/>\n<meta property=\"og:title\" content=\"Galer\u00eda - Fundaci\u00f3 La Manreana\" \/>\n<meta property=\"og:url\" content=\"https:\/\/www.fundaciolamanreana.org\/es\/galeria\/\" \/>\n<meta property=\"og:site_name\" content=\"Fundaci\u00f3 La Manreana\" \/>\n<meta property=\"article:publisher\" content=\"https:\/\/www.facebook.com\/FundacioLaManreana\/?ref=embed_page\" \/>\n<meta property=\"article:modified_time\" content=\"2023-10-02T10:45:28+00:00\" \/>\n<meta name=\"twitter:card\" content=\"summary_large_image\" \/>\n<meta name=\"twitter:label1\" content=\"Tiempo de lectura\" \/>\n\t<meta name=\"twitter:data1\" content=\"11 minutos\" \/>\n<script type=\"application\/ld+json\" class=\"yoast-schema-graph\">{\"@context\":\"https:\/\/schema.org\",\"@graph\":[{\"@type\":\"WebPage\",\"@id\":\"https:\/\/www.fundaciolamanreana.org\/es\/galeria\/\",\"url\":\"https:\/\/www.fundaciolamanreana.org\/es\/galeria\/\",\"name\":\"Galer\u00eda - Fundaci\u00f3 La Manreana\",\"isPartOf\":{\"@id\":\"https:\/\/www.fundaciolamanreana.org\/es\/#website\"},\"datePublished\":\"2023-08-04T15:00:22+00:00\",\"dateModified\":\"2023-10-02T10:45:28+00:00\",\"breadcrumb\":{\"@id\":\"https:\/\/www.fundaciolamanreana.org\/es\/galeria\/#breadcrumb\"},\"inLanguage\":\"es\",\"potentialAction\":[{\"@type\":\"ReadAction\",\"target\":[\"https:\/\/www.fundaciolamanreana.org\/es\/galeria\/\"]}]},{\"@type\":\"BreadcrumbList\",\"@id\":\"https:\/\/www.fundaciolamanreana.org\/es\/galeria\/#breadcrumb\",\"itemListElement\":[{\"@type\":\"ListItem\",\"position\":1,\"name\":\"Portada\",\"item\":\"https:\/\/www.fundaciolamanreana.org\/es\/\"},{\"@type\":\"ListItem\",\"position\":2,\"name\":\"Galer\u00eda\"}]},{\"@type\":\"WebSite\",\"@id\":\"https:\/\/www.fundaciolamanreana.org\/es\/#website\",\"url\":\"https:\/\/www.fundaciolamanreana.org\/es\/\",\"name\":\"Fundaci\u00f3 La Manreana\",\"description\":\"\",\"publisher\":{\"@id\":\"https:\/\/www.fundaciolamanreana.org\/es\/#organization\"},\"potentialAction\":[{\"@type\":\"SearchAction\",\"target\":{\"@type\":\"EntryPoint\",\"urlTemplate\":\"https:\/\/www.fundaciolamanreana.org\/es\/?s={search_term_string}\"},\"query-input\":\"required name=search_term_string\"}],\"inLanguage\":\"es\"},{\"@type\":\"Organization\",\"@id\":\"https:\/\/www.fundaciolamanreana.org\/es\/#organization\",\"name\":\"Fundaci\u00f3 La Manreana\",\"url\":\"https:\/\/www.fundaciolamanreana.org\/es\/\",\"logo\":{\"@type\":\"ImageObject\",\"inLanguage\":\"es\",\"@id\":\"https:\/\/www.fundaciolamanreana.org\/es\/#\/schema\/logo\/image\/\",\"url\":\"https:\/\/webnova.fundaciolamanreana.org\/wp-content\/uploads\/2023\/08\/logofundacio_sense-fons.png\",\"contentUrl\":\"https:\/\/webnova.fundaciolamanreana.org\/wp-content\/uploads\/2023\/08\/logofundacio_sense-fons.png\",\"width\":228,\"height\":147,\"caption\":\"Fundaci\u00f3 La Manreana\"},\"image\":{\"@id\":\"https:\/\/www.fundaciolamanreana.org\/es\/#\/schema\/logo\/image\/\"},\"sameAs\":[\"https:\/\/www.facebook.com\/FundacioLaManreana\/?ref=embed_page\",\"https:\/\/www.instagram.com\/lamanreana\/\"]}]}<\/script>\n<!-- \/ Yoast SEO plugin. -->","yoast_head_json":{"title":"Galer\u00eda - Fundaci\u00f3 La Manreana","robots":{"index":"index","follow":"follow","max-snippet":"max-snippet:-1","max-image-preview":"max-image-preview:large","max-video-preview":"max-video-preview:-1"},"canonical":"https:\/\/www.fundaciolamanreana.org\/es\/galeria\/","og_locale":"es_ES","og_type":"article","og_title":"Galer\u00eda - Fundaci\u00f3 La Manreana","og_url":"https:\/\/www.fundaciolamanreana.org\/es\/galeria\/","og_site_name":"Fundaci\u00f3 La Manreana","article_publisher":"https:\/\/www.facebook.com\/FundacioLaManreana\/?ref=embed_page","article_modified_time":"2023-10-02T10:45:28+00:00","twitter_card":"summary_large_image","twitter_misc":{"Tiempo de lectura":"11 minutos"},"schema":{"@context":"https:\/\/schema.org","@graph":[{"@type":"WebPage","@id":"https:\/\/www.fundaciolamanreana.org\/es\/galeria\/","url":"https:\/\/www.fundaciolamanreana.org\/es\/galeria\/","name":"Galer\u00eda - Fundaci\u00f3 La Manreana","isPartOf":{"@id":"https:\/\/www.fundaciolamanreana.org\/es\/#website"},"datePublished":"2023-08-04T15:00:22+00:00","dateModified":"2023-10-02T10:45:28+00:00","breadcrumb":{"@id":"https:\/\/www.fundaciolamanreana.org\/es\/galeria\/#breadcrumb"},"inLanguage":"es","potentialAction":[{"@type":"ReadAction","target":["https:\/\/www.fundaciolamanreana.org\/es\/galeria\/"]}]},{"@type":"BreadcrumbList","@id":"https:\/\/www.fundaciolamanreana.org\/es\/galeria\/#breadcrumb","itemListElement":[{"@type":"ListItem","position":1,"name":"Portada","item":"https:\/\/www.fundaciolamanreana.org\/es\/"},{"@type":"ListItem","position":2,"name":"Galer\u00eda"}]},{"@type":"WebSite","@id":"https:\/\/www.fundaciolamanreana.org\/es\/#website","url":"https:\/\/www.fundaciolamanreana.org\/es\/","name":"Fundaci\u00f3 La Manreana","description":"","publisher":{"@id":"https:\/\/www.fundaciolamanreana.org\/es\/#organization"},"potentialAction":[{"@type":"SearchAction","target":{"@type":"EntryPoint","urlTemplate":"https:\/\/www.fundaciolamanreana.org\/es\/?s={search_term_string}"},"query-input":"required name=search_term_string"}],"inLanguage":"es"},{"@type":"Organization","@id":"https:\/\/www.fundaciolamanreana.org\/es\/#organization","name":"Fundaci\u00f3 La Manreana","url":"https:\/\/www.fundaciolamanreana.org\/es\/","logo":{"@type":"ImageObject","inLanguage":"es","@id":"https:\/\/www.fundaciolamanreana.org\/es\/#\/schema\/logo\/image\/","url":"https:\/\/webnova.fundaciolamanreana.org\/wp-content\/uploads\/2023\/08\/logofundacio_sense-fons.png","contentUrl":"https:\/\/webnova.fundaciolamanreana.org\/wp-content\/uploads\/2023\/08\/logofundacio_sense-fons.png","width":228,"height":147,"caption":"Fundaci\u00f3 La Manreana"},"image":{"@id":"https:\/\/www.fundaciolamanreana.org\/es\/#\/schema\/logo\/image\/"},"sameAs":["https:\/\/www.facebook.com\/FundacioLaManreana\/?ref=embed_page","https:\/\/www.instagram.com\/lamanreana\/"]}]}},"_links":{"self":[{"href":"https:\/\/www.fundaciolamanreana.org\/es\/wp-json\/wp\/v2\/pages\/2280","targetHints":{"allow":["GET"]}}],"collection":[{"href":"https:\/\/www.fundaciolamanreana.org\/es\/wp-json\/wp\/v2\/pages"}],"about":[{"href":"https:\/\/www.fundaciolamanreana.org\/es\/wp-json\/wp\/v2\/types\/page"}],"author":[{"embeddable":true,"href":"https:\/\/www.fundaciolamanreana.org\/es\/wp-json\/wp\/v2\/users\/1"}],"replies":[{"embeddable":true,"href":"https:\/\/www.fundaciolamanreana.org\/es\/wp-json\/wp\/v2\/comments?post=2280"}],"version-history":[{"count":15,"href":"https:\/\/www.fundaciolamanreana.org\/es\/wp-json\/wp\/v2\/pages\/2280\/revisions"}],"predecessor-version":[{"id":2568,"href":"https:\/\/www.fundaciolamanreana.org\/es\/wp-json\/wp\/v2\/pages\/2280\/revisions\/2568"}],"wp:attachment":[{"href":"https:\/\/www.fundaciolamanreana.org\/es\/wp-json\/wp\/v2\/media?parent=2280"}],"curies":[{"name":"wp","href":"https:\/\/api.w.org\/{rel}","templated":true}]}}