{"id":2287,"date":"2023-08-04T17:00:37","date_gmt":"2023-08-04T15:00:37","guid":{"rendered":"https:\/\/webnova.fundaciolamanreana.org\/instalaciones\/"},"modified":"2023-09-27T18:53:38","modified_gmt":"2023-09-27T16:53:38","slug":"instalaciones","status":"publish","type":"page","link":"https:\/\/www.fundaciolamanreana.org\/es\/la-fundacion\/instalaciones\/","title":{"rendered":"Instalaciones"},"content":{"rendered":"<p><div class=\"fusion-fullwidth fullwidth-box fusion-builder-row-1 fusion-flex-container has-pattern-background has-mask-background nonhundred-percent-fullwidth non-hundred-percent-height-scrolling\" style=\"--awb-border-radius-top-left:0px;--awb-border-radius-top-right:0px;--awb-border-radius-bottom-right:0px;--awb-border-radius-bottom-left:0px;--awb-flex-wrap:wrap;\" ><div class=\"fusion-builder-row fusion-row fusion-flex-align-items-flex-start fusion-flex-content-wrap\" style=\"max-width:1289.6px;margin-left: calc(-4% \/ 2 );margin-right: calc(-4% \/ 2 );\"><div class=\"fusion-layout-column fusion_builder_column fusion-builder-column-0 fusion_builder_column_1_1 1_1 fusion-flex-column fusion-column-inner-bg-wrapper fusion-animated\" style=\"--awb-padding-bottom:12px;--awb-inner-bg-blend:overlay;--awb-inner-bg-size:cover;--awb-width-large:100%;--awb-margin-top-large:0px;--awb-spacing-right-large:1.92%;--awb-margin-bottom-large:0px;--awb-spacing-left-large:1.92%;--awb-width-medium:100%;--awb-spacing-right-medium:1.92%;--awb-spacing-left-medium:1.92%;--awb-width-small:100%;--awb-spacing-right-small:1.92%;--awb-spacing-left-small:1.92%;\" data-animationType=\"fadeInUp\" data-animationDuration=\"1.5\" data-animationOffset=\"top-into-view\"><span class=\"fusion-column-inner-bg hover-type-zoomin\"><span class=\"fusion-column-anchor\"><span class=\"fusion-column-inner-bg-image\"><\/span><\/span><\/span><div class=\"fusion-column-wrapper fusion-flex-justify-content-flex-start fusion-content-layout-column\"><div class=\"fusion-title title fusion-title-1 fusion-no-small-visibility fusion-sep-none fusion-title-center fusion-title-text fusion-title-size-two\" style=\"--awb-text-color:rgba(224,222,222,0.71);--awb-margin-top:0px;--awb-font-size:100px;\"><h2 class=\"fusion-title-heading title-heading-center fusion-responsive-typography-calculated\" style=\"font-family:&quot;Baloo Bhai 2&quot;;font-style:normal;font-weight:400;margin:0;font-size:1em;--fontSize:100;line-height:var(--awb-typography1-line-height);\">instalaciones<\/h2><\/div><div class=\"fusion-title title fusion-title-2 fusion-no-small-visibility fusion-sep-none fusion-title-center fusion-title-text fusion-title-size-two\" style=\"--awb-text-color:var(--awb-color5);--awb-margin-top:-95px;--awb-margin-top-small:-100px;--awb-font-size:60px;\"><h2 class=\"fusion-title-heading title-heading-center fusion-responsive-typography-calculated\" style=\"margin:0;font-size:1em;--fontSize:60;line-height:var(--awb-typography1-line-height);\"><strong>Instalaciones<\/strong><\/h2><\/div><div class=\"fusion-title title fusion-title-3 fusion-no-medium-visibility fusion-no-large-visibility fusion-sep-none fusion-title-center fusion-title-text fusion-title-size-two\" style=\"--awb-text-color:var(--awb-color5);--awb-margin-top:-95px;--awb-font-size:45px;\"><h2 class=\"fusion-title-heading title-heading-center fusion-responsive-typography-calculated\" style=\"margin:0;font-size:1em;--fontSize:45;line-height:var(--awb-typography1-line-height);\"><strong>Instalaciones<\/strong><\/h2><\/div><div class=\"fusion-separator fusion-full-width-sep\" style=\"align-self: center;margin-left: auto;margin-right: auto;margin-top:15px;width:100%;\"><\/div><\/div><\/div><div class=\"fusion-layout-column fusion_builder_column fusion-builder-column-1 fusion_builder_column_1_1 1_1 fusion-flex-column fusion-animated\" style=\"--awb-bg-size:cover;--awb-width-large:100%;--awb-margin-top-large:0px;--awb-spacing-right-large:1.92%;--awb-margin-bottom-large:40px;--awb-spacing-left-large:1.92%;--awb-width-medium:100%;--awb-order-medium:0;--awb-spacing-right-medium:1.92%;--awb-spacing-left-medium:1.92%;--awb-width-small:100%;--awb-order-small:0;--awb-spacing-right-small:1.92%;--awb-spacing-left-small:1.92%;\" data-animationType=\"fadeInUp\" data-animationDuration=\"1.5\" data-animationOffset=\"top-into-view\"><div class=\"fusion-column-wrapper fusion-column-has-shadow fusion-flex-justify-content-flex-start fusion-content-layout-column\"><div class=\"fusion-text fusion-text-1 awb-text-cols fusion-text-columns-2\" style=\"--awb-columns:2;--awb-column-spacing:2em;--awb-column-min-width:100px;\"><p>Las instalaciones de la Fundaci\u00f3n de Terapias Ecuestres y Zooterapia La Manreana se ubican dentro del complejo de la Granja Escuela la Manreana, en Juneda, de la que recibe el mismo nombre Est\u00e1n pensadas, desde el momento de su dise\u00f1o, para favorecer el acceso a todo tipo de usuarios. Desde el equipo que la formamos, creemos que el nivel de autonom\u00eda de las personas con dificultades depende en gran medida de la calidad de la adaptaci\u00f3n y adecuaci\u00f3n de los espacios f\u00edsicos. Por eso, todos los espacios est\u00e1n adaptados con vial por movilidad reducida.<\/p>\n<p>En relaci\u00f3n a la distribuci\u00f3n del espacio f\u00edsico de la Fundaci\u00f3n, podr\u00edamos decir que existen <strong>tres espacios<\/strong> bien diferenciados: las <strong>instalaciones<\/strong> que acogen c\u00f3modamente nuestros caballos, <strong>la sala de material<\/strong> y finalmente, <strong>las pistas de trabajo<\/strong> exteriores como cubiertas.<\/p>\n<\/div><\/div><\/div><\/div><\/div><div class=\"fusion-fullwidth fullwidth-box fusion-builder-row-2 fusion-flex-container has-pattern-background has-mask-background nonhundred-percent-fullwidth non-hundred-percent-height-scrolling\" style=\"--awb-border-radius-top-left:0px;--awb-border-radius-top-right:0px;--awb-border-radius-bottom-right:0px;--awb-border-radius-bottom-left:0px;--awb-flex-wrap:wrap;\" ><div class=\"fusion-builder-row fusion-row fusion-flex-align-items-flex-start fusion-flex-content-wrap\" style=\"max-width:1289.6px;margin-left: calc(-4% \/ 2 );margin-right: calc(-4% \/ 2 );\"><div class=\"fusion-layout-column fusion_builder_column fusion-builder-column-2 fusion_builder_column_1_1 1_1 fusion-flex-column fusion-animated\" style=\"--awb-bg-size:cover;--awb-width-large:100%;--awb-margin-top-large:0px;--awb-spacing-right-large:1.92%;--awb-margin-bottom-large:40px;--awb-spacing-left-large:1.92%;--awb-width-medium:100%;--awb-order-medium:0;--awb-spacing-right-medium:1.92%;--awb-spacing-left-medium:1.92%;--awb-width-small:100%;--awb-order-small:0;--awb-spacing-right-small:1.92%;--awb-spacing-left-small:1.92%;\" data-animationType=\"fadeInUp\" data-animationDuration=\"1.5\" data-animationOffset=\"top-into-view\"><div class=\"fusion-column-wrapper fusion-column-has-shadow fusion-flex-justify-content-flex-start fusion-content-layout-column\"><div class=\"awb-gallery-wrapper awb-gallery-wrapper-1 button-span-no\" style=\"--more-btn-alignment:center;--more-btn-color:var(--awb-color1);--more-btn-bg:var(--awb-color5);\" data-limit=\"10\" data-page=\"1\"><div style=\"margin:-5px;--awb-bordersize:0px;\" class=\"fusion-gallery fusion-gallery-container fusion-grid-3 fusion-columns-total-6 fusion-gallery-layout-grid fusion-gallery-1\"><div style=\"padding:5px;\" class=\"fusion-grid-column fusion-gallery-column fusion-gallery-column-3 hover-type-zoomout\"><div class=\"fusion-gallery-image\"><a href=\"https:\/\/www.fundaciolamanreana.org\/wp-content\/uploads\/2023\/09\/DSCN1596-scaled.jpg\" rel=\"noreferrer\" data-rel=\"iLightbox[gallery_image_1]\" class=\"fusion-lightbox\" target=\"_self\"><img decoding=\"async\" src=\"https:\/\/www.fundaciolamanreana.org\/wp-content\/uploads\/2023\/09\/DSCN1596-scaled.jpg\" data-orig-src=\"https:\/\/www.fundaciolamanreana.org\/wp-content\/uploads\/2023\/09\/DSCN1596-scaled.jpg\" width=\"2560\" height=\"1920\" alt=\"\" title=\"DSCN1596\" aria-label=\"DSCN1596\" class=\"lazyload img-responsive wp-image-2465\" srcset=\"data:image\/svg+xml,%3Csvg%20xmlns%3D%27http%3A%2F%2Fwww.w3.org%2F2000%2Fsvg%27%20width%3D%272560%27%20height%3D%271920%27%20viewBox%3D%270%200%202560%201920%27%3E%3Crect%20width%3D%272560%27%20height%3D%271920%27%20fill-opacity%3D%220%22%2F%3E%3C%2Fsvg%3E\" data-srcset=\"https:\/\/www.fundaciolamanreana.org\/wp-content\/uploads\/2023\/09\/DSCN1596-200x150.jpg 200w, https:\/\/www.fundaciolamanreana.org\/wp-content\/uploads\/2023\/09\/DSCN1596-400x300.jpg 400w, https:\/\/www.fundaciolamanreana.org\/wp-content\/uploads\/2023\/09\/DSCN1596-600x450.jpg 600w, https:\/\/www.fundaciolamanreana.org\/wp-content\/uploads\/2023\/09\/DSCN1596-800x600.jpg 800w, https:\/\/www.fundaciolamanreana.org\/wp-content\/uploads\/2023\/09\/DSCN1596-1200x900.jpg 1200w, https:\/\/www.fundaciolamanreana.org\/wp-content\/uploads\/2023\/09\/DSCN1596-scaled.jpg 2560w\" data-sizes=\"auto\" data-orig-sizes=\"(min-width: 2200px) 100vw, (min-width: 794px) 410px, (min-width: 717px) 615px, (min-width: 640px) 717px, \" \/><\/a><\/div><\/div><div style=\"padding:5px;\" class=\"fusion-grid-column fusion-gallery-column fusion-gallery-column-3 hover-type-zoomout\"><div class=\"fusion-gallery-image\"><a href=\"https:\/\/www.fundaciolamanreana.org\/wp-content\/uploads\/2023\/08\/04-9.jpg\" rel=\"noreferrer\" data-rel=\"iLightbox[gallery_image_1]\" class=\"fusion-lightbox\" target=\"_self\"><img decoding=\"async\" src=\"https:\/\/www.fundaciolamanreana.org\/wp-content\/uploads\/2023\/08\/04-9.jpg\" data-orig-src=\"https:\/\/www.fundaciolamanreana.org\/wp-content\/uploads\/2023\/08\/04-9.jpg\" width=\"1072\" height=\"804\" alt=\"\" title=\"04-9\" aria-label=\"04-9\" class=\"lazyload img-responsive wp-image-1651\" srcset=\"data:image\/svg+xml,%3Csvg%20xmlns%3D%27http%3A%2F%2Fwww.w3.org%2F2000%2Fsvg%27%20width%3D%271072%27%20height%3D%27804%27%20viewBox%3D%270%200%201072%20804%27%3E%3Crect%20width%3D%271072%27%20height%3D%27804%27%20fill-opacity%3D%220%22%2F%3E%3C%2Fsvg%3E\" data-srcset=\"https:\/\/www.fundaciolamanreana.org\/wp-content\/uploads\/2023\/08\/04-9-200x150.jpg 200w, https:\/\/www.fundaciolamanreana.org\/wp-content\/uploads\/2023\/08\/04-9-400x300.jpg 400w, https:\/\/www.fundaciolamanreana.org\/wp-content\/uploads\/2023\/08\/04-9-600x450.jpg 600w, https:\/\/www.fundaciolamanreana.org\/wp-content\/uploads\/2023\/08\/04-9-800x600.jpg 800w, https:\/\/www.fundaciolamanreana.org\/wp-content\/uploads\/2023\/08\/04-9.jpg 1072w\" data-sizes=\"auto\" data-orig-sizes=\"(min-width: 2200px) 100vw, (min-width: 794px) 410px, (min-width: 717px) 615px, (min-width: 640px) 717px, \" \/><\/a><\/div><\/div><div style=\"padding:5px;\" class=\"fusion-grid-column fusion-gallery-column fusion-gallery-column-3 hover-type-zoomout\"><div class=\"fusion-gallery-image\"><a href=\"https:\/\/www.fundaciolamanreana.org\/wp-content\/uploads\/2023\/08\/05-8.jpg\" rel=\"noreferrer\" data-rel=\"iLightbox[gallery_image_1]\" class=\"fusion-lightbox\" target=\"_self\"><img decoding=\"async\" src=\"https:\/\/www.fundaciolamanreana.org\/wp-content\/uploads\/2023\/08\/05-8.jpg\" data-orig-src=\"https:\/\/www.fundaciolamanreana.org\/wp-content\/uploads\/2023\/08\/05-8.jpg\" width=\"1072\" height=\"804\" alt=\"\" title=\"05-8\" aria-label=\"05-8\" class=\"lazyload img-responsive wp-image-1652\" srcset=\"data:image\/svg+xml,%3Csvg%20xmlns%3D%27http%3A%2F%2Fwww.w3.org%2F2000%2Fsvg%27%20width%3D%271072%27%20height%3D%27804%27%20viewBox%3D%270%200%201072%20804%27%3E%3Crect%20width%3D%271072%27%20height%3D%27804%27%20fill-opacity%3D%220%22%2F%3E%3C%2Fsvg%3E\" data-srcset=\"https:\/\/www.fundaciolamanreana.org\/wp-content\/uploads\/2023\/08\/05-8-200x150.jpg 200w, https:\/\/www.fundaciolamanreana.org\/wp-content\/uploads\/2023\/08\/05-8-400x300.jpg 400w, https:\/\/www.fundaciolamanreana.org\/wp-content\/uploads\/2023\/08\/05-8-600x450.jpg 600w, https:\/\/www.fundaciolamanreana.org\/wp-content\/uploads\/2023\/08\/05-8-800x600.jpg 800w, https:\/\/www.fundaciolamanreana.org\/wp-content\/uploads\/2023\/08\/05-8.jpg 1072w\" data-sizes=\"auto\" data-orig-sizes=\"(min-width: 2200px) 100vw, (min-width: 794px) 410px, (min-width: 717px) 615px, (min-width: 640px) 717px, \" \/><\/a><\/div><\/div><div class=\"clearfix\"><\/div><div style=\"padding:5px;\" class=\"fusion-grid-column fusion-gallery-column fusion-gallery-column-3 hover-type-zoomout\"><div class=\"fusion-gallery-image\"><a href=\"https:\/\/www.fundaciolamanreana.org\/wp-content\/uploads\/2023\/09\/DSCN1560-scaled.jpg\" rel=\"noreferrer\" data-rel=\"iLightbox[gallery_image_1]\" class=\"fusion-lightbox\" target=\"_self\"><img decoding=\"async\" src=\"https:\/\/www.fundaciolamanreana.org\/wp-content\/uploads\/2023\/09\/DSCN1560-scaled.jpg\" data-orig-src=\"https:\/\/www.fundaciolamanreana.org\/wp-content\/uploads\/2023\/09\/DSCN1560-scaled.jpg\" width=\"2560\" height=\"1920\" alt=\"\" title=\"DSCN1560\" aria-label=\"DSCN1560\" class=\"lazyload img-responsive wp-image-2461\" srcset=\"data:image\/svg+xml,%3Csvg%20xmlns%3D%27http%3A%2F%2Fwww.w3.org%2F2000%2Fsvg%27%20width%3D%272560%27%20height%3D%271920%27%20viewBox%3D%270%200%202560%201920%27%3E%3Crect%20width%3D%272560%27%20height%3D%271920%27%20fill-opacity%3D%220%22%2F%3E%3C%2Fsvg%3E\" data-srcset=\"https:\/\/www.fundaciolamanreana.org\/wp-content\/uploads\/2023\/09\/DSCN1560-200x150.jpg 200w, https:\/\/www.fundaciolamanreana.org\/wp-content\/uploads\/2023\/09\/DSCN1560-400x300.jpg 400w, https:\/\/www.fundaciolamanreana.org\/wp-content\/uploads\/2023\/09\/DSCN1560-600x450.jpg 600w, https:\/\/www.fundaciolamanreana.org\/wp-content\/uploads\/2023\/09\/DSCN1560-800x600.jpg 800w, https:\/\/www.fundaciolamanreana.org\/wp-content\/uploads\/2023\/09\/DSCN1560-1200x900.jpg 1200w, https:\/\/www.fundaciolamanreana.org\/wp-content\/uploads\/2023\/09\/DSCN1560-scaled.jpg 2560w\" data-sizes=\"auto\" data-orig-sizes=\"(min-width: 2200px) 100vw, (min-width: 794px) 410px, (min-width: 717px) 615px, (min-width: 640px) 717px, \" \/><\/a><\/div><\/div><div style=\"padding:5px;\" class=\"fusion-grid-column fusion-gallery-column fusion-gallery-column-3 hover-type-zoomout\"><div class=\"fusion-gallery-image\"><a href=\"https:\/\/www.fundaciolamanreana.org\/wp-content\/uploads\/2023\/08\/08-5.jpg\" rel=\"noreferrer\" data-rel=\"iLightbox[gallery_image_1]\" class=\"fusion-lightbox\" target=\"_self\"><img decoding=\"async\" src=\"https:\/\/www.fundaciolamanreana.org\/wp-content\/uploads\/2023\/08\/08-5.jpg\" data-orig-src=\"https:\/\/www.fundaciolamanreana.org\/wp-content\/uploads\/2023\/08\/08-5.jpg\" width=\"1072\" height=\"804\" alt=\"\" title=\"08-5\" aria-label=\"08-5\" class=\"lazyload img-responsive wp-image-1655\" srcset=\"data:image\/svg+xml,%3Csvg%20xmlns%3D%27http%3A%2F%2Fwww.w3.org%2F2000%2Fsvg%27%20width%3D%271072%27%20height%3D%27804%27%20viewBox%3D%270%200%201072%20804%27%3E%3Crect%20width%3D%271072%27%20height%3D%27804%27%20fill-opacity%3D%220%22%2F%3E%3C%2Fsvg%3E\" data-srcset=\"https:\/\/www.fundaciolamanreana.org\/wp-content\/uploads\/2023\/08\/08-5-200x150.jpg 200w, https:\/\/www.fundaciolamanreana.org\/wp-content\/uploads\/2023\/08\/08-5-400x300.jpg 400w, https:\/\/www.fundaciolamanreana.org\/wp-content\/uploads\/2023\/08\/08-5-600x450.jpg 600w, https:\/\/www.fundaciolamanreana.org\/wp-content\/uploads\/2023\/08\/08-5-800x600.jpg 800w, https:\/\/www.fundaciolamanreana.org\/wp-content\/uploads\/2023\/08\/08-5.jpg 1072w\" data-sizes=\"auto\" data-orig-sizes=\"(min-width: 2200px) 100vw, (min-width: 794px) 410px, (min-width: 717px) 615px, (min-width: 640px) 717px, \" \/><\/a><\/div><\/div><div style=\"padding:5px;\" class=\"fusion-grid-column fusion-gallery-column fusion-gallery-column-3 hover-type-zoomout\"><div class=\"fusion-gallery-image\"><a href=\"https:\/\/www.fundaciolamanreana.org\/wp-content\/uploads\/2023\/09\/DSCN1592-scaled.jpg\" rel=\"noreferrer\" data-rel=\"iLightbox[gallery_image_1]\" class=\"fusion-lightbox\" target=\"_self\"><img decoding=\"async\" src=\"https:\/\/www.fundaciolamanreana.org\/wp-content\/uploads\/2023\/09\/DSCN1592-scaled.jpg\" data-orig-src=\"https:\/\/www.fundaciolamanreana.org\/wp-content\/uploads\/2023\/09\/DSCN1592-scaled.jpg\" width=\"2560\" height=\"1920\" alt=\"\" title=\"DSCN1592\" aria-label=\"DSCN1592\" class=\"lazyload img-responsive wp-image-2463\" srcset=\"data:image\/svg+xml,%3Csvg%20xmlns%3D%27http%3A%2F%2Fwww.w3.org%2F2000%2Fsvg%27%20width%3D%272560%27%20height%3D%271920%27%20viewBox%3D%270%200%202560%201920%27%3E%3Crect%20width%3D%272560%27%20height%3D%271920%27%20fill-opacity%3D%220%22%2F%3E%3C%2Fsvg%3E\" data-srcset=\"https:\/\/www.fundaciolamanreana.org\/wp-content\/uploads\/2023\/09\/DSCN1592-200x150.jpg 200w, https:\/\/www.fundaciolamanreana.org\/wp-content\/uploads\/2023\/09\/DSCN1592-400x300.jpg 400w, https:\/\/www.fundaciolamanreana.org\/wp-content\/uploads\/2023\/09\/DSCN1592-600x450.jpg 600w, https:\/\/www.fundaciolamanreana.org\/wp-content\/uploads\/2023\/09\/DSCN1592-800x600.jpg 800w, https:\/\/www.fundaciolamanreana.org\/wp-content\/uploads\/2023\/09\/DSCN1592-1200x900.jpg 1200w, https:\/\/www.fundaciolamanreana.org\/wp-content\/uploads\/2023\/09\/DSCN1592-scaled.jpg 2560w\" data-sizes=\"auto\" data-orig-sizes=\"(min-width: 2200px) 100vw, (min-width: 794px) 410px, (min-width: 717px) 615px, (min-width: 640px) 717px, \" \/><\/a><\/div><\/div><div class=\"clearfix\"><\/div><\/div><\/div><\/div><\/div><\/div><\/div><\/p>\n","protected":false},"excerpt":{"rendered":"","protected":false},"author":1,"featured_media":0,"parent":2290,"menu_order":0,"comment_status":"closed","ping_status":"closed","template":"100-width.php","meta":{"footnotes":""},"class_list":["post-2287","page","type-page","status-publish","hentry"],"yoast_head":"<!-- This site is optimized with the Yoast SEO plugin v21.2 - https:\/\/yoast.com\/wordpress\/plugins\/seo\/ -->\n<title>Instalaciones - Fundaci\u00f3 La Manreana<\/title>\n<meta name=\"robots\" content=\"index, follow, max-snippet:-1, max-image-preview:large, max-video-preview:-1\" \/>\n<link rel=\"canonical\" href=\"https:\/\/www.fundaciolamanreana.org\/es\/la-fundacion\/instalaciones\/\" \/>\n<meta property=\"og:locale\" content=\"es_ES\" \/>\n<meta property=\"og:type\" content=\"article\" \/>\n<meta property=\"og:title\" content=\"Instalaciones - Fundaci\u00f3 La Manreana\" \/>\n<meta property=\"og:url\" content=\"https:\/\/www.fundaciolamanreana.org\/es\/la-fundacion\/instalaciones\/\" \/>\n<meta property=\"og:site_name\" content=\"Fundaci\u00f3 La Manreana\" \/>\n<meta property=\"article:publisher\" content=\"https:\/\/www.facebook.com\/FundacioLaManreana\/?ref=embed_page\" \/>\n<meta property=\"article:modified_time\" content=\"2023-09-27T16:53:38+00:00\" \/>\n<meta name=\"twitter:card\" content=\"summary_large_image\" \/>\n<meta name=\"twitter:label1\" content=\"Tiempo de lectura\" \/>\n\t<meta name=\"twitter:data1\" content=\"8 minutos\" \/>\n<script type=\"application\/ld+json\" class=\"yoast-schema-graph\">{\"@context\":\"https:\/\/schema.org\",\"@graph\":[{\"@type\":\"WebPage\",\"@id\":\"https:\/\/www.fundaciolamanreana.org\/es\/la-fundacion\/instalaciones\/\",\"url\":\"https:\/\/www.fundaciolamanreana.org\/es\/la-fundacion\/instalaciones\/\",\"name\":\"Instalaciones - Fundaci\u00f3 La Manreana\",\"isPartOf\":{\"@id\":\"https:\/\/www.fundaciolamanreana.org\/es\/#website\"},\"datePublished\":\"2023-08-04T15:00:37+00:00\",\"dateModified\":\"2023-09-27T16:53:38+00:00\",\"breadcrumb\":{\"@id\":\"https:\/\/www.fundaciolamanreana.org\/es\/la-fundacion\/instalaciones\/#breadcrumb\"},\"inLanguage\":\"es\",\"potentialAction\":[{\"@type\":\"ReadAction\",\"target\":[\"https:\/\/www.fundaciolamanreana.org\/es\/la-fundacion\/instalaciones\/\"]}]},{\"@type\":\"BreadcrumbList\",\"@id\":\"https:\/\/www.fundaciolamanreana.org\/es\/la-fundacion\/instalaciones\/#breadcrumb\",\"itemListElement\":[{\"@type\":\"ListItem\",\"position\":1,\"name\":\"Portada\",\"item\":\"https:\/\/www.fundaciolamanreana.org\/es\/\"},{\"@type\":\"ListItem\",\"position\":2,\"name\":\"La Fundaci\u00f3n\",\"item\":\"https:\/\/www.fundaciolamanreana.org\/es\/la-fundacion\/\"},{\"@type\":\"ListItem\",\"position\":3,\"name\":\"Instalaciones\"}]},{\"@type\":\"WebSite\",\"@id\":\"https:\/\/www.fundaciolamanreana.org\/es\/#website\",\"url\":\"https:\/\/www.fundaciolamanreana.org\/es\/\",\"name\":\"Fundaci\u00f3 La Manreana\",\"description\":\"\",\"publisher\":{\"@id\":\"https:\/\/www.fundaciolamanreana.org\/es\/#organization\"},\"potentialAction\":[{\"@type\":\"SearchAction\",\"target\":{\"@type\":\"EntryPoint\",\"urlTemplate\":\"https:\/\/www.fundaciolamanreana.org\/es\/?s={search_term_string}\"},\"query-input\":\"required name=search_term_string\"}],\"inLanguage\":\"es\"},{\"@type\":\"Organization\",\"@id\":\"https:\/\/www.fundaciolamanreana.org\/es\/#organization\",\"name\":\"Fundaci\u00f3 La Manreana\",\"url\":\"https:\/\/www.fundaciolamanreana.org\/es\/\",\"logo\":{\"@type\":\"ImageObject\",\"inLanguage\":\"es\",\"@id\":\"https:\/\/www.fundaciolamanreana.org\/es\/#\/schema\/logo\/image\/\",\"url\":\"https:\/\/webnova.fundaciolamanreana.org\/wp-content\/uploads\/2023\/08\/logofundacio_sense-fons.png\",\"contentUrl\":\"https:\/\/webnova.fundaciolamanreana.org\/wp-content\/uploads\/2023\/08\/logofundacio_sense-fons.png\",\"width\":228,\"height\":147,\"caption\":\"Fundaci\u00f3 La Manreana\"},\"image\":{\"@id\":\"https:\/\/www.fundaciolamanreana.org\/es\/#\/schema\/logo\/image\/\"},\"sameAs\":[\"https:\/\/www.facebook.com\/FundacioLaManreana\/?ref=embed_page\",\"https:\/\/www.instagram.com\/lamanreana\/\"]}]}<\/script>\n<!-- \/ Yoast SEO plugin. -->","yoast_head_json":{"title":"Instalaciones - Fundaci\u00f3 La Manreana","robots":{"index":"index","follow":"follow","max-snippet":"max-snippet:-1","max-image-preview":"max-image-preview:large","max-video-preview":"max-video-preview:-1"},"canonical":"https:\/\/www.fundaciolamanreana.org\/es\/la-fundacion\/instalaciones\/","og_locale":"es_ES","og_type":"article","og_title":"Instalaciones - Fundaci\u00f3 La Manreana","og_url":"https:\/\/www.fundaciolamanreana.org\/es\/la-fundacion\/instalaciones\/","og_site_name":"Fundaci\u00f3 La Manreana","article_publisher":"https:\/\/www.facebook.com\/FundacioLaManreana\/?ref=embed_page","article_modified_time":"2023-09-27T16:53:38+00:00","twitter_card":"summary_large_image","twitter_misc":{"Tiempo de lectura":"8 minutos"},"schema":{"@context":"https:\/\/schema.org","@graph":[{"@type":"WebPage","@id":"https:\/\/www.fundaciolamanreana.org\/es\/la-fundacion\/instalaciones\/","url":"https:\/\/www.fundaciolamanreana.org\/es\/la-fundacion\/instalaciones\/","name":"Instalaciones - Fundaci\u00f3 La Manreana","isPartOf":{"@id":"https:\/\/www.fundaciolamanreana.org\/es\/#website"},"datePublished":"2023-08-04T15:00:37+00:00","dateModified":"2023-09-27T16:53:38+00:00","breadcrumb":{"@id":"https:\/\/www.fundaciolamanreana.org\/es\/la-fundacion\/instalaciones\/#breadcrumb"},"inLanguage":"es","potentialAction":[{"@type":"ReadAction","target":["https:\/\/www.fundaciolamanreana.org\/es\/la-fundacion\/instalaciones\/"]}]},{"@type":"BreadcrumbList","@id":"https:\/\/www.fundaciolamanreana.org\/es\/la-fundacion\/instalaciones\/#breadcrumb","itemListElement":[{"@type":"ListItem","position":1,"name":"Portada","item":"https:\/\/www.fundaciolamanreana.org\/es\/"},{"@type":"ListItem","position":2,"name":"La Fundaci\u00f3n","item":"https:\/\/www.fundaciolamanreana.org\/es\/la-fundacion\/"},{"@type":"ListItem","position":3,"name":"Instalaciones"}]},{"@type":"WebSite","@id":"https:\/\/www.fundaciolamanreana.org\/es\/#website","url":"https:\/\/www.fundaciolamanreana.org\/es\/","name":"Fundaci\u00f3 La Manreana","description":"","publisher":{"@id":"https:\/\/www.fundaciolamanreana.org\/es\/#organization"},"potentialAction":[{"@type":"SearchAction","target":{"@type":"EntryPoint","urlTemplate":"https:\/\/www.fundaciolamanreana.org\/es\/?s={search_term_string}"},"query-input":"required name=search_term_string"}],"inLanguage":"es"},{"@type":"Organization","@id":"https:\/\/www.fundaciolamanreana.org\/es\/#organization","name":"Fundaci\u00f3 La Manreana","url":"https:\/\/www.fundaciolamanreana.org\/es\/","logo":{"@type":"ImageObject","inLanguage":"es","@id":"https:\/\/www.fundaciolamanreana.org\/es\/#\/schema\/logo\/image\/","url":"https:\/\/webnova.fundaciolamanreana.org\/wp-content\/uploads\/2023\/08\/logofundacio_sense-fons.png","contentUrl":"https:\/\/webnova.fundaciolamanreana.org\/wp-content\/uploads\/2023\/08\/logofundacio_sense-fons.png","width":228,"height":147,"caption":"Fundaci\u00f3 La Manreana"},"image":{"@id":"https:\/\/www.fundaciolamanreana.org\/es\/#\/schema\/logo\/image\/"},"sameAs":["https:\/\/www.facebook.com\/FundacioLaManreana\/?ref=embed_page","https:\/\/www.instagram.com\/lamanreana\/"]}]}},"_links":{"self":[{"href":"https:\/\/www.fundaciolamanreana.org\/es\/wp-json\/wp\/v2\/pages\/2287","targetHints":{"allow":["GET"]}}],"collection":[{"href":"https:\/\/www.fundaciolamanreana.org\/es\/wp-json\/wp\/v2\/pages"}],"about":[{"href":"https:\/\/www.fundaciolamanreana.org\/es\/wp-json\/wp\/v2\/types\/page"}],"author":[{"embeddable":true,"href":"https:\/\/www.fundaciolamanreana.org\/es\/wp-json\/wp\/v2\/users\/1"}],"replies":[{"embeddable":true,"href":"https:\/\/www.fundaciolamanreana.org\/es\/wp-json\/wp\/v2\/comments?post=2287"}],"version-history":[{"count":13,"href":"https:\/\/www.fundaciolamanreana.org\/es\/wp-json\/wp\/v2\/pages\/2287\/revisions"}],"predecessor-version":[{"id":2506,"href":"https:\/\/www.fundaciolamanreana.org\/es\/wp-json\/wp\/v2\/pages\/2287\/revisions\/2506"}],"up":[{"embeddable":true,"href":"https:\/\/www.fundaciolamanreana.org\/es\/wp-json\/wp\/v2\/pages\/2290"}],"wp:attachment":[{"href":"https:\/\/www.fundaciolamanreana.org\/es\/wp-json\/wp\/v2\/media?parent=2287"}],"curies":[{"name":"wp","href":"https:\/\/api.w.org\/{rel}","templated":true}]}}