{"id":2290,"date":"2023-08-04T16:59:26","date_gmt":"2023-08-04T14:59:26","guid":{"rendered":"https:\/\/webnova.fundaciolamanreana.org\/la-fundacion\/"},"modified":"2024-11-20T12:38:45","modified_gmt":"2024-11-20T11:38:45","slug":"la-fundacion","status":"publish","type":"page","link":"https:\/\/www.fundaciolamanreana.org\/es\/la-fundacion\/","title":{"rendered":"La Fundaci\u00f3n"},"content":{"rendered":"<p><div class=\"fusion-fullwidth fullwidth-box fusion-builder-row-1 fusion-flex-container has-pattern-background has-mask-background nonhundred-percent-fullwidth non-hundred-percent-height-scrolling\" style=\"--awb-border-radius-top-left:0px;--awb-border-radius-top-right:0px;--awb-border-radius-bottom-right:0px;--awb-border-radius-bottom-left:0px;--awb-flex-wrap:wrap;\" ><div class=\"fusion-builder-row fusion-row fusion-flex-align-items-flex-start fusion-flex-content-wrap\" style=\"max-width:1289.6px;margin-left: calc(-4% \/ 2 );margin-right: calc(-4% \/ 2 );\"><div class=\"fusion-layout-column fusion_builder_column fusion-builder-column-0 fusion_builder_column_1_1 1_1 fusion-flex-column fusion-column-inner-bg-wrapper fusion-animated\" style=\"--awb-padding-bottom:12px;--awb-inner-bg-blend:overlay;--awb-inner-bg-size:cover;--awb-width-large:100%;--awb-margin-top-large:0px;--awb-spacing-right-large:1.92%;--awb-margin-bottom-large:0px;--awb-spacing-left-large:1.92%;--awb-width-medium:100%;--awb-spacing-right-medium:1.92%;--awb-spacing-left-medium:1.92%;--awb-width-small:100%;--awb-spacing-right-small:1.92%;--awb-spacing-left-small:1.92%;\" data-animationType=\"fadeInUp\" data-animationDuration=\"1.5\" data-animationOffset=\"top-into-view\"><span class=\"fusion-column-inner-bg hover-type-zoomin\"><span class=\"fusion-column-anchor\"><span class=\"fusion-column-inner-bg-image\"><\/span><\/span><\/span><div class=\"fusion-column-wrapper fusion-flex-justify-content-flex-start fusion-content-layout-column\"><div class=\"fusion-title title fusion-title-1 fusion-no-medium-visibility fusion-no-large-visibility fusion-sep-none fusion-title-center fusion-title-text fusion-title-size-two\" style=\"--awb-text-color:var(--awb-color5);--awb-margin-top:-95px;--awb-font-size:45px;\"><h2 class=\"fusion-title-heading title-heading-center fusion-responsive-typography-calculated\" style=\"margin:0;font-size:1em;--fontSize:45;line-height:var(--awb-typography1-line-height);\"><strong>Fundaci\u00f3n la Manreana<\/strong><\/h2><\/div><div class=\"fusion-title title fusion-title-2 fusion-no-small-visibility fusion-sep-none fusion-title-center fusion-title-text fusion-title-size-two\" style=\"--awb-text-color:rgba(224,222,222,0.71);--awb-margin-top:0px;--awb-font-size:100px;\"><h2 class=\"fusion-title-heading title-heading-center fusion-responsive-typography-calculated\" style=\"font-family:&quot;Baloo Bhai 2&quot;;font-style:normal;font-weight:400;margin:0;font-size:1em;--fontSize:100;line-height:var(--awb-typography1-line-height);\"><em>fundaci\u00f3n la manreana<\/em><\/h2><\/div><div class=\"fusion-separator fusion-full-width-sep\" style=\"align-self: center;margin-left: auto;margin-right: auto;margin-top:15px;width:100%;\"><\/div><div class=\"fusion-title title fusion-title-3 fusion-no-small-visibility fusion-sep-none fusion-title-center fusion-title-text fusion-title-size-two\" style=\"--awb-text-color:var(--awb-color5);--awb-margin-top:-95px;--awb-font-size:60px;\"><h2 class=\"fusion-title-heading title-heading-center fusion-responsive-typography-calculated\" style=\"margin:0;font-size:1em;--fontSize:60;line-height:var(--awb-typography1-line-height);\"><strong>Fundaci\u00f3n la Manreana<\/strong><\/h2><\/div><\/div><\/div><div class=\"fusion-layout-column fusion_builder_column fusion-builder-column-1 fusion_builder_column_1_3 1_3 fusion-flex-column fusion-animated\" style=\"--awb-bg-size:cover;--awb-transform:skewY(-3deg);--awb-transform-hover:skewY(-3deg);--awb-width-large:33.333333333333%;--awb-margin-top-large:0px;--awb-spacing-right-large:5.76%;--awb-margin-bottom-large:40px;--awb-spacing-left-large:5.76%;--awb-width-medium:100%;--awb-order-medium:0;--awb-spacing-right-medium:1.92%;--awb-spacing-left-medium:1.92%;--awb-width-small:100%;--awb-order-small:0;--awb-spacing-right-small:1.92%;--awb-spacing-left-small:1.92%;\" data-animationType=\"fadeInLeft\" data-animationDuration=\"1.5\" data-animationOffset=\"top-into-view\"><div class=\"fusion-column-wrapper fusion-column-has-shadow fusion-flex-justify-content-flex-start fusion-content-layout-column\"><div class=\"fusion-image-element \" style=\"--awb-margin-right:25px;--awb-caption-title-font-family:var(--h2_typography-font-family);--awb-caption-title-font-weight:var(--h2_typography-font-weight);--awb-caption-title-font-style:var(--h2_typography-font-style);--awb-caption-title-size:var(--h2_typography-font-size);--awb-caption-title-transform:var(--h2_typography-text-transform);--awb-caption-title-line-height:var(--h2_typography-line-height);--awb-caption-title-letter-spacing:var(--h2_typography-letter-spacing);\"><span class=\" fusion-imageframe imageframe-none imageframe-1 hover-type-none\"><img decoding=\"async\" width=\"2560\" height=\"1920\" alt=\"Imatge d&#039;un terra de sorra amb cons al terra, al fons s&#039;hi poden veure dos cavalls. Fundaci\u00f3 la Manreana.\" title=\"DSCN1573\" src=\"https:\/\/www.fundaciolamanreana.org\/wp-content\/uploads\/2023\/09\/DSCN1573-scaled.jpg\" data-orig-src=\"https:\/\/www.fundaciolamanreana.org\/wp-content\/uploads\/2023\/09\/DSCN1573-scaled.jpg\" class=\"lazyload img-responsive wp-image-2469\" srcset=\"data:image\/svg+xml,%3Csvg%20xmlns%3D%27http%3A%2F%2Fwww.w3.org%2F2000%2Fsvg%27%20width%3D%272560%27%20height%3D%271920%27%20viewBox%3D%270%200%202560%201920%27%3E%3Crect%20width%3D%272560%27%20height%3D%271920%27%20fill-opacity%3D%220%22%2F%3E%3C%2Fsvg%3E\" data-srcset=\"https:\/\/www.fundaciolamanreana.org\/wp-content\/uploads\/2023\/09\/DSCN1573-200x150.jpg 200w, https:\/\/www.fundaciolamanreana.org\/wp-content\/uploads\/2023\/09\/DSCN1573-400x300.jpg 400w, https:\/\/www.fundaciolamanreana.org\/wp-content\/uploads\/2023\/09\/DSCN1573-600x450.jpg 600w, https:\/\/www.fundaciolamanreana.org\/wp-content\/uploads\/2023\/09\/DSCN1573-800x600.jpg 800w, https:\/\/www.fundaciolamanreana.org\/wp-content\/uploads\/2023\/09\/DSCN1573-1200x900.jpg 1200w, https:\/\/www.fundaciolamanreana.org\/wp-content\/uploads\/2023\/09\/DSCN1573-scaled.jpg 2560w\" data-sizes=\"auto\" data-orig-sizes=\"(max-width: 1024px) 100vw, (max-width: 640px) 100vw, 400px\" \/><\/span><\/div><div class=\"fusion-image-element \" style=\"text-align:right;--awb-mask-url: url(https:\/\/www.fundaciolamanreana.org\/wp-content\/plugins\/fusion-builder\/\/assets\/images\/masks\/mask-15.svg);--awb-margin-top:-150px;--awb-max-width:250px;--awb-caption-title-font-family:var(--h2_typography-font-family);--awb-caption-title-font-weight:var(--h2_typography-font-weight);--awb-caption-title-font-style:var(--h2_typography-font-style);--awb-caption-title-size:var(--h2_typography-font-size);--awb-caption-title-transform:var(--h2_typography-text-transform);--awb-caption-title-line-height:var(--h2_typography-line-height);--awb-caption-title-letter-spacing:var(--h2_typography-letter-spacing);\"><span class=\" fusion-imageframe imageframe-none imageframe-2 hover-type-none has-mask\"><img decoding=\"async\" width=\"2560\" height=\"1920\" alt=\"Imatge de dos cavalls a Fundaci\u00f3 la Manreana.\" title=\"DSCN1577\" src=\"https:\/\/www.fundaciolamanreana.org\/wp-content\/uploads\/2023\/09\/DSCN1577-scaled.jpg\" data-orig-src=\"https:\/\/www.fundaciolamanreana.org\/wp-content\/uploads\/2023\/09\/DSCN1577-scaled.jpg\" class=\"lazyload img-responsive wp-image-2471\" srcset=\"data:image\/svg+xml,%3Csvg%20xmlns%3D%27http%3A%2F%2Fwww.w3.org%2F2000%2Fsvg%27%20width%3D%272560%27%20height%3D%271920%27%20viewBox%3D%270%200%202560%201920%27%3E%3Crect%20width%3D%272560%27%20height%3D%271920%27%20fill-opacity%3D%220%22%2F%3E%3C%2Fsvg%3E\" data-srcset=\"https:\/\/www.fundaciolamanreana.org\/wp-content\/uploads\/2023\/09\/DSCN1577-200x150.jpg 200w, https:\/\/www.fundaciolamanreana.org\/wp-content\/uploads\/2023\/09\/DSCN1577-400x300.jpg 400w, https:\/\/www.fundaciolamanreana.org\/wp-content\/uploads\/2023\/09\/DSCN1577-600x450.jpg 600w, https:\/\/www.fundaciolamanreana.org\/wp-content\/uploads\/2023\/09\/DSCN1577-800x600.jpg 800w, https:\/\/www.fundaciolamanreana.org\/wp-content\/uploads\/2023\/09\/DSCN1577-1200x900.jpg 1200w, https:\/\/www.fundaciolamanreana.org\/wp-content\/uploads\/2023\/09\/DSCN1577-scaled.jpg 2560w\" data-sizes=\"auto\" data-orig-sizes=\"(max-width: 1024px) 100vw, (max-width: 640px) 100vw, 400px\" \/><\/span><\/div><\/div><\/div><div class=\"fusion-layout-column fusion_builder_column fusion-builder-column-2 fusion_builder_column_2_3 2_3 fusion-flex-column fusion-flex-align-self-center fusion-animated\" style=\"--awb-bg-size:cover;--awb-width-large:66.666666666667%;--awb-margin-top-large:0px;--awb-spacing-right-large:2.88%;--awb-margin-bottom-large:30px;--awb-spacing-left-large:2.88%;--awb-width-medium:100%;--awb-order-medium:0;--awb-spacing-right-medium:1.92%;--awb-spacing-left-medium:1.92%;--awb-width-small:100%;--awb-order-small:0;--awb-spacing-right-small:1.92%;--awb-spacing-left-small:1.92%;\" data-animationType=\"fadeInRight\" data-animationDuration=\"1.5\" data-animationOffset=\"top-into-view\"><div class=\"fusion-column-wrapper fusion-column-has-shadow fusion-flex-justify-content-flex-start fusion-content-layout-column\"><div class=\"fusion-text fusion-text-1\"><p>Hace m\u00e1s de 10 a\u00f1os que el n\u00famero de familias y entidades beneficiarias de nuestros servicios no ha parado de crecer, as\u00ed como los sue\u00f1os y las ilusiones de todo el equipo que trabajar todos los d\u00edas, para sacar adelante un proyecto de calidad. Trabajamos por la <b>inclusi\u00f3n de personas<\/b> desde la visi\u00f3n de que la diversidad es un elemento enriquecedor en nuestra sociedad, las diferencias nos complementan, nos ense\u00f1an y nos ayudan a aprender d\u00eda a d\u00eda.<\/p>\n<\/div><\/div><\/div><\/div><\/div><div class=\"fusion-fullwidth fullwidth-box fusion-builder-row-2 fusion-flex-container has-pattern-background has-mask-background nonhundred-percent-fullwidth non-hundred-percent-height-scrolling\" style=\"--awb-border-radius-top-left:0px;--awb-border-radius-top-right:0px;--awb-border-radius-bottom-right:0px;--awb-border-radius-bottom-left:0px;--awb-background-color:var(--awb-color5);--awb-flex-wrap:wrap;\" ><div class=\"fusion-builder-row fusion-row fusion-flex-align-items-flex-start fusion-flex-content-wrap\" style=\"max-width:1289.6px;margin-left: calc(-4% \/ 2 );margin-right: calc(-4% \/ 2 );\"><div class=\"fusion-layout-column fusion_builder_column fusion-builder-column-3 fusion_builder_column_1_1 1_1 fusion-flex-column\" style=\"--awb-bg-size:cover;--awb-width-large:100%;--awb-margin-top-large:0px;--awb-spacing-right-large:1.92%;--awb-margin-bottom-large:40px;--awb-spacing-left-large:1.92%;--awb-width-medium:100%;--awb-order-medium:0;--awb-spacing-right-medium:1.92%;--awb-spacing-left-medium:1.92%;--awb-width-small:100%;--awb-order-small:0;--awb-spacing-right-small:1.92%;--awb-spacing-left-small:1.92%;\"><div class=\"fusion-column-wrapper fusion-column-has-shadow fusion-flex-justify-content-flex-start fusion-content-layout-column\"><div class=\"fusion-section-separator section-separator curved fusion-section-separator-1\" style=\"--awb-spacer-height:99px;--awb-svg-margin-left:1.92%;--awb-svg-margin-right:1.92%;--awb-svg-margin-left-medium:1.92%;--awb-svg-margin-right-medium:1.92%;--awb-svg-margin-left-small:1.92%;--awb-svg-margin-right-small:1.92%;--awb-divider-height:99px;--awb-spacer-padding-top:inherit;--awb-sep-padding:0;--awb-svg-padding:0;\"><div class=\"fusion-section-separator-svg\"><svg class=\"fusion-curved-candy\" xmlns=\"http:\/\/www.w3.org\/2000\/svg\" version=\"1.1\" width=\"100%\" height=\"100\" viewBox=\"0 0 100 100\" preserveAspectRatio=\"none\" fill=\"rgba(255,255,255,1)\"><path d=\"M0 0 C 20 100 50 100 100 0 Z\"><\/path><\/svg><\/div><div class=\"fusion-section-separator-spacer\"><div class=\"fusion-section-separator-spacer-height\"><\/div><\/div><\/div><\/div><\/div><div class=\"fusion-layout-column fusion_builder_column fusion-builder-column-4 fusion_builder_column_1_1 1_1 fusion-flex-column fusion-column-inner-bg-wrapper fusion-animated\" style=\"--awb-inner-bg-blend:overlay;--awb-inner-bg-size:cover;--awb-width-large:100%;--awb-margin-top-large:0px;--awb-spacing-right-large:1.92%;--awb-margin-bottom-large:30px;--awb-spacing-left-large:1.92%;--awb-width-medium:100%;--awb-spacing-right-medium:1.92%;--awb-spacing-left-medium:1.92%;--awb-width-small:100%;--awb-spacing-right-small:1.92%;--awb-margin-bottom-small:0px;--awb-spacing-left-small:1.92%;\" data-animationType=\"fadeInUp\" data-animationDuration=\"1.5\" data-animationOffset=\"top-into-view\"><span class=\"fusion-column-inner-bg hover-type-zoomin\"><span class=\"fusion-column-anchor\"><span class=\"fusion-column-inner-bg-image\"><\/span><\/span><\/span><div class=\"fusion-column-wrapper fusion-flex-justify-content-flex-start fusion-content-layout-column\"><div class=\"fusion-title title fusion-title-4 fusion-no-small-visibility fusion-no-medium-visibility fusion-sep-none fusion-title-center fusion-title-text fusion-title-size-two\" style=\"--awb-text-color:rgba(255,252,252,0.1);--awb-margin-top:0px;--awb-font-size:100px;\"><h2 class=\"fusion-title-heading title-heading-center fusion-responsive-typography-calculated\" style=\"margin:0;font-size:1em;--fontSize:100;line-height:var(--awb-typography1-line-height);\"><em>que ofrecemos?<\/em><\/h2><\/div><div class=\"fusion-title title fusion-title-5 fusion-no-medium-visibility fusion-no-large-visibility fusion-sep-none fusion-title-center fusion-title-text fusion-title-size-two\" style=\"--awb-text-color:var(--awb-color1);--awb-margin-top:-95px;--awb-font-size:45px;\"><h2 class=\"fusion-title-heading title-heading-center fusion-responsive-typography-calculated\" style=\"font-family:&quot;Baloo Bhai 2&quot;;font-style:normal;font-weight:400;margin:0;font-size:1em;--fontSize:45;line-height:var(--awb-typography1-line-height);\"><strong>\u00bfQu\u00e9 ofrecemos?<\/strong><\/h2><\/div><div class=\"fusion-title title fusion-title-6 fusion-no-small-visibility fusion-no-large-visibility fusion-sep-none fusion-title-center fusion-title-text fusion-title-size-two\" style=\"--awb-text-color:var(--awb-color1);--awb-margin-top:-95px;--awb-margin-top-small:-95px;--awb-font-size:35px;\"><h2 class=\"fusion-title-heading title-heading-center fusion-responsive-typography-calculated\" style=\"font-family:&quot;Baloo Bhai 2&quot;;font-style:normal;font-weight:400;margin:0;font-size:1em;--fontSize:35;line-height:var(--awb-typography1-line-height);\"><strong>\u00bfQu\u00e9 ofrecemos?<\/strong><\/h2><\/div><div class=\"fusion-title title fusion-title-7 fusion-no-small-visibility fusion-no-medium-visibility fusion-sep-none fusion-title-center fusion-title-text fusion-title-size-two\" style=\"--awb-text-color:var(--awb-color1);--awb-margin-top:-95px;--awb-font-size:60px;\"><h2 class=\"fusion-title-heading title-heading-center fusion-responsive-typography-calculated\" style=\"font-family:&quot;Baloo Bhai 2&quot;;font-style:normal;font-weight:400;margin:0;font-size:1em;--fontSize:60;line-height:var(--awb-typography1-line-height);\"><strong>\u00bfQu\u00e9 ofrecemos?<\/strong><\/h2><\/div><div class=\"fusion-separator fusion-full-width-sep\" style=\"align-self: center;margin-left: auto;margin-right: auto;margin-top:15px;width:100%;\"><\/div><\/div><\/div><div class=\"fusion-layout-column fusion_builder_column fusion-builder-column-5 fusion_builder_column_1_3 1_3 fusion-flex-column fusion-animated\" style=\"--awb-padding-top:15px;--awb-padding-right:15px;--awb-padding-bottom:15px;--awb-padding-left:15px;--awb-bg-size:cover;--awb-box-shadow:0px 0px 50px 4px rgba(0,0,0,0.1);;--awb-transform:translateY(0px);--awb-transform-hover:translateY(-10px);--awb-width-large:33.333333333333%;--awb-margin-top-large:0px;--awb-spacing-right-large:5.76%;--awb-margin-bottom-large:40px;--awb-spacing-left-large:5.76%;--awb-width-medium:33.333333333333%;--awb-order-medium:0;--awb-spacing-right-medium:5.76%;--awb-spacing-left-medium:5.76%;--awb-width-small:100%;--awb-order-small:0;--awb-margin-top-small:20px;--awb-spacing-right-small:1.92%;--awb-spacing-left-small:1.92%;\" data-animationType=\"fadeInUp\" data-animationDuration=\"1.5\" data-animationOffset=\"top-into-view\"><div class=\"fusion-column-wrapper fusion-column-has-shadow fusion-flex-justify-content-flex-start fusion-content-layout-column\"><div class=\"fusion-image-element \" style=\"text-align:center;--awb-max-width:100px;--awb-caption-title-font-family:var(--h2_typography-font-family);--awb-caption-title-font-weight:var(--h2_typography-font-weight);--awb-caption-title-font-style:var(--h2_typography-font-style);--awb-caption-title-size:var(--h2_typography-font-size);--awb-caption-title-transform:var(--h2_typography-text-transform);--awb-caption-title-line-height:var(--h2_typography-line-height);--awb-caption-title-letter-spacing:var(--h2_typography-letter-spacing);\"><span class=\" fusion-imageframe imageframe-none imageframe-3 hover-type-none\"><img decoding=\"async\" width=\"1601\" height=\"1601\" title=\"IAC_Fundaci\u00f3_la_Manreana\" src=\"https:\/\/www.fundaciolamanreana.org\/wp-content\/uploads\/2023\/08\/IAC_Fundacio_la_Manreana.png\" data-orig-src=\"https:\/\/www.fundaciolamanreana.org\/wp-content\/uploads\/2023\/08\/IAC_Fundacio_la_Manreana.png\" alt class=\"lazyload img-responsive wp-image-2223\" srcset=\"data:image\/svg+xml,%3Csvg%20xmlns%3D%27http%3A%2F%2Fwww.w3.org%2F2000%2Fsvg%27%20width%3D%271601%27%20height%3D%271601%27%20viewBox%3D%270%200%201601%201601%27%3E%3Crect%20width%3D%271601%27%20height%3D%271601%27%20fill-opacity%3D%220%22%2F%3E%3C%2Fsvg%3E\" data-srcset=\"https:\/\/www.fundaciolamanreana.org\/wp-content\/uploads\/2023\/08\/IAC_Fundacio_la_Manreana-200x200.png 200w, https:\/\/www.fundaciolamanreana.org\/wp-content\/uploads\/2023\/08\/IAC_Fundacio_la_Manreana-400x400.png 400w, https:\/\/www.fundaciolamanreana.org\/wp-content\/uploads\/2023\/08\/IAC_Fundacio_la_Manreana-600x600.png 600w, https:\/\/www.fundaciolamanreana.org\/wp-content\/uploads\/2023\/08\/IAC_Fundacio_la_Manreana-800x800.png 800w, https:\/\/www.fundaciolamanreana.org\/wp-content\/uploads\/2023\/08\/IAC_Fundacio_la_Manreana-1200x1200.png 1200w, https:\/\/www.fundaciolamanreana.org\/wp-content\/uploads\/2023\/08\/IAC_Fundacio_la_Manreana.png 1601w\" data-sizes=\"auto\" data-orig-sizes=\"(max-width: 1024px) 100vw, (max-width: 640px) 100vw, 400px\" \/><\/span><\/div><div class=\"fusion-title title fusion-title-8 fusion-sep-none fusion-title-center fusion-title-text fusion-title-size-four\" style=\"--awb-text-color:var(--awb-color1);--awb-margin-top:30px;\"><h4 class=\"fusion-title-heading title-heading-center fusion-responsive-typography-calculated\" style=\"font-family:&quot;Baloo Bhai 2&quot;;font-style:normal;font-weight:500;margin:0;--fontSize:22;--minFontSize:22;line-height:var(--awb-typography1-line-height);\">Intervenciones Asistidas en Caballo<\/h4><\/div><\/div><\/div><div class=\"fusion-layout-column fusion_builder_column fusion-builder-column-6 fusion_builder_column_1_3 1_3 fusion-flex-column fusion-animated\" style=\"--awb-padding-top:15px;--awb-padding-right:15px;--awb-padding-bottom:15px;--awb-padding-left:15px;--awb-bg-size:cover;--awb-box-shadow:0px 0px 50px 4px rgba(0,0,0,0.1);;--awb-transform:translateY(0px);--awb-transform-hover:translateY(-10px);--awb-width-large:33.333333333333%;--awb-margin-top-large:0px;--awb-spacing-right-large:5.76%;--awb-margin-bottom-large:40px;--awb-spacing-left-large:5.76%;--awb-width-medium:33.333333333333%;--awb-order-medium:0;--awb-spacing-right-medium:5.76%;--awb-spacing-left-medium:5.76%;--awb-width-small:100%;--awb-order-small:0;--awb-margin-top-small:30px;--awb-spacing-right-small:1.92%;--awb-spacing-left-small:1.92%;\" data-animationType=\"fadeInUp\" data-animationDuration=\"1.5\" data-animationOffset=\"top-into-view\"><div class=\"fusion-column-wrapper fusion-column-has-shadow fusion-flex-justify-content-flex-start fusion-content-layout-column\"><div class=\"fusion-image-element \" style=\"text-align:center;--awb-max-width:100px;--awb-caption-title-font-family:var(--h2_typography-font-family);--awb-caption-title-font-weight:var(--h2_typography-font-weight);--awb-caption-title-font-style:var(--h2_typography-font-style);--awb-caption-title-size:var(--h2_typography-font-size);--awb-caption-title-transform:var(--h2_typography-text-transform);--awb-caption-title-line-height:var(--h2_typography-line-height);--awb-caption-title-letter-spacing:var(--h2_typography-letter-spacing);\"><span class=\" fusion-imageframe imageframe-none imageframe-4 hover-type-none\"><img decoding=\"async\" width=\"1601\" height=\"1601\" title=\"Pedagogia_Sistem\u00e0tica_Fundacio_la_Manreana\" src=\"https:\/\/www.fundaciolamanreana.org\/wp-content\/uploads\/2023\/08\/Pedagogia_Sistematica_Fundacio_la_Manreana.png\" data-orig-src=\"https:\/\/www.fundaciolamanreana.org\/wp-content\/uploads\/2023\/08\/Pedagogia_Sistematica_Fundacio_la_Manreana.png\" alt class=\"lazyload img-responsive wp-image-2224\" srcset=\"data:image\/svg+xml,%3Csvg%20xmlns%3D%27http%3A%2F%2Fwww.w3.org%2F2000%2Fsvg%27%20width%3D%271601%27%20height%3D%271601%27%20viewBox%3D%270%200%201601%201601%27%3E%3Crect%20width%3D%271601%27%20height%3D%271601%27%20fill-opacity%3D%220%22%2F%3E%3C%2Fsvg%3E\" data-srcset=\"https:\/\/www.fundaciolamanreana.org\/wp-content\/uploads\/2023\/08\/Pedagogia_Sistematica_Fundacio_la_Manreana-200x200.png 200w, https:\/\/www.fundaciolamanreana.org\/wp-content\/uploads\/2023\/08\/Pedagogia_Sistematica_Fundacio_la_Manreana-400x400.png 400w, https:\/\/www.fundaciolamanreana.org\/wp-content\/uploads\/2023\/08\/Pedagogia_Sistematica_Fundacio_la_Manreana-600x600.png 600w, https:\/\/www.fundaciolamanreana.org\/wp-content\/uploads\/2023\/08\/Pedagogia_Sistematica_Fundacio_la_Manreana-800x800.png 800w, https:\/\/www.fundaciolamanreana.org\/wp-content\/uploads\/2023\/08\/Pedagogia_Sistematica_Fundacio_la_Manreana-1200x1200.png 1200w, https:\/\/www.fundaciolamanreana.org\/wp-content\/uploads\/2023\/08\/Pedagogia_Sistematica_Fundacio_la_Manreana.png 1601w\" data-sizes=\"auto\" data-orig-sizes=\"(max-width: 1024px) 100vw, (max-width: 640px) 100vw, 400px\" \/><\/span><\/div><div class=\"fusion-title title fusion-title-9 fusion-sep-none fusion-title-center fusion-title-text fusion-title-size-four\" style=\"--awb-text-color:var(--awb-color1);--awb-margin-top:30px;\"><h4 class=\"fusion-title-heading title-heading-center fusion-responsive-typography-calculated\" style=\"font-family:&quot;Baloo Bhai 2&quot;;font-style:normal;font-weight:500;margin:0;--fontSize:22;--minFontSize:22;line-height:var(--awb-typography1-line-height);\">Profesionalidad<\/h4><\/div><\/div><\/div><div class=\"fusion-layout-column fusion_builder_column fusion-builder-column-7 fusion_builder_column_1_3 1_3 fusion-flex-column fusion-animated\" style=\"--awb-padding-top:15px;--awb-padding-right:15px;--awb-padding-bottom:15px;--awb-padding-left:15px;--awb-bg-size:cover;--awb-box-shadow:0px 0px 50px 4px rgba(0,0,0,0.1);;--awb-transform:translateY(0px);--awb-transform-hover:translateY(-10px);--awb-width-large:33.333333333333%;--awb-margin-top-large:0px;--awb-spacing-right-large:5.76%;--awb-margin-bottom-large:40px;--awb-spacing-left-large:5.76%;--awb-width-medium:33.333333333333%;--awb-order-medium:0;--awb-spacing-right-medium:5.76%;--awb-spacing-left-medium:5.76%;--awb-width-small:100%;--awb-order-small:0;--awb-margin-top-small:30px;--awb-spacing-right-small:1.92%;--awb-spacing-left-small:1.92%;\" data-animationType=\"fadeInUp\" data-animationDuration=\"2.0\" data-animationDelay=\"0.3\" data-animationOffset=\"top-into-view\"><div class=\"fusion-column-wrapper fusion-column-has-shadow fusion-flex-justify-content-flex-start fusion-content-layout-column\"><div class=\"fusion-image-element \" style=\"text-align:center;--awb-max-width:100px;--awb-caption-title-font-family:var(--h2_typography-font-family);--awb-caption-title-font-weight:var(--h2_typography-font-weight);--awb-caption-title-font-style:var(--h2_typography-font-style);--awb-caption-title-size:var(--h2_typography-font-size);--awb-caption-title-transform:var(--h2_typography-text-transform);--awb-caption-title-line-height:var(--h2_typography-line-height);--awb-caption-title-letter-spacing:var(--h2_typography-letter-spacing);\"><span class=\" fusion-imageframe imageframe-none imageframe-5 hover-type-none\"><img decoding=\"async\" width=\"300\" height=\"300\" title=\"Creixement personal g\" src=\"https:\/\/www.fundaciolamanreana.org\/wp-content\/uploads\/2023\/10\/Creixement-personal-g.png\" data-orig-src=\"https:\/\/www.fundaciolamanreana.org\/wp-content\/uploads\/2023\/10\/Creixement-personal-g-300x300.png\" alt class=\"lazyload img-responsive wp-image-2586\" srcset=\"data:image\/svg+xml,%3Csvg%20xmlns%3D%27http%3A%2F%2Fwww.w3.org%2F2000%2Fsvg%27%20width%3D%271601%27%20height%3D%271600%27%20viewBox%3D%270%200%201601%201600%27%3E%3Crect%20width%3D%271601%27%20height%3D%271600%27%20fill-opacity%3D%220%22%2F%3E%3C%2Fsvg%3E\" data-srcset=\"https:\/\/www.fundaciolamanreana.org\/wp-content\/uploads\/2023\/10\/Creixement-personal-g-200x200.png 200w, https:\/\/www.fundaciolamanreana.org\/wp-content\/uploads\/2023\/10\/Creixement-personal-g-400x400.png 400w, https:\/\/www.fundaciolamanreana.org\/wp-content\/uploads\/2023\/10\/Creixement-personal-g-600x600.png 600w, https:\/\/www.fundaciolamanreana.org\/wp-content\/uploads\/2023\/10\/Creixement-personal-g-800x800.png 800w, https:\/\/www.fundaciolamanreana.org\/wp-content\/uploads\/2023\/10\/Creixement-personal-g-1200x1199.png 1200w, https:\/\/www.fundaciolamanreana.org\/wp-content\/uploads\/2023\/10\/Creixement-personal-g.png 1601w\" data-sizes=\"auto\" data-orig-sizes=\"(max-width: 1024px) 100vw, (max-width: 640px) 100vw, 400px\" \/><\/span><\/div><div class=\"fusion-title title fusion-title-10 fusion-sep-none fusion-title-center fusion-title-text fusion-title-size-four\" style=\"--awb-text-color:var(--awb-color1);--awb-margin-top:30px;\"><h4 class=\"fusion-title-heading title-heading-center fusion-responsive-typography-calculated\" style=\"font-family:&quot;Baloo Bhai 2&quot;;font-style:normal;font-weight:500;margin:0;--fontSize:22;--minFontSize:22;line-height:var(--awb-typography1-line-height);\">Crecimiento personal<\/h4><\/div><\/div><\/div><div class=\"fusion-layout-column fusion_builder_column fusion-builder-column-8 fusion_builder_column_1_3 1_3 fusion-flex-column fusion-animated\" style=\"--awb-padding-top:15px;--awb-padding-right:15px;--awb-padding-bottom:15px;--awb-padding-left:15px;--awb-bg-size:cover;--awb-box-shadow:0px 0px 50px 4px rgba(0,0,0,0.1);;--awb-transform:translateY(0px);--awb-transform-hover:translateY(-10px);--awb-width-large:33.333333333333%;--awb-margin-top-large:0px;--awb-spacing-right-large:5.76%;--awb-margin-bottom-large:40px;--awb-spacing-left-large:5.76%;--awb-width-medium:33.333333333333%;--awb-order-medium:0;--awb-spacing-right-medium:5.76%;--awb-spacing-left-medium:5.76%;--awb-width-small:100%;--awb-order-small:0;--awb-margin-top-small:30px;--awb-spacing-right-small:1.92%;--awb-spacing-left-small:1.92%;\" data-animationType=\"fadeInUp\" data-animationDuration=\"1.5\" data-animationOffset=\"top-into-view\"><div class=\"fusion-column-wrapper fusion-column-has-shadow fusion-flex-justify-content-flex-start fusion-content-layout-column\"><div class=\"fusion-image-element \" style=\"text-align:center;--awb-max-width:100px;--awb-caption-title-font-family:var(--h2_typography-font-family);--awb-caption-title-font-weight:var(--h2_typography-font-weight);--awb-caption-title-font-style:var(--h2_typography-font-style);--awb-caption-title-size:var(--h2_typography-font-size);--awb-caption-title-transform:var(--h2_typography-text-transform);--awb-caption-title-line-height:var(--h2_typography-line-height);--awb-caption-title-letter-spacing:var(--h2_typography-letter-spacing);\"><span class=\" fusion-imageframe imageframe-none imageframe-6 hover-type-none\"><img decoding=\"async\" width=\"1601\" height=\"1601\" title=\"Pla_de_Voluntariat_Fundaci\u00f3_la_Manreana\" src=\"https:\/\/www.fundaciolamanreana.org\/wp-content\/uploads\/2023\/08\/Pla_de_Voluntariat_Fundacio_la_Manreana.png\" data-orig-src=\"https:\/\/www.fundaciolamanreana.org\/wp-content\/uploads\/2023\/08\/Pla_de_Voluntariat_Fundacio_la_Manreana.png\" alt class=\"lazyload img-responsive wp-image-2225\" srcset=\"data:image\/svg+xml,%3Csvg%20xmlns%3D%27http%3A%2F%2Fwww.w3.org%2F2000%2Fsvg%27%20width%3D%271601%27%20height%3D%271601%27%20viewBox%3D%270%200%201601%201601%27%3E%3Crect%20width%3D%271601%27%20height%3D%271601%27%20fill-opacity%3D%220%22%2F%3E%3C%2Fsvg%3E\" data-srcset=\"https:\/\/www.fundaciolamanreana.org\/wp-content\/uploads\/2023\/08\/Pla_de_Voluntariat_Fundacio_la_Manreana-200x200.png 200w, https:\/\/www.fundaciolamanreana.org\/wp-content\/uploads\/2023\/08\/Pla_de_Voluntariat_Fundacio_la_Manreana-400x400.png 400w, https:\/\/www.fundaciolamanreana.org\/wp-content\/uploads\/2023\/08\/Pla_de_Voluntariat_Fundacio_la_Manreana-600x600.png 600w, https:\/\/www.fundaciolamanreana.org\/wp-content\/uploads\/2023\/08\/Pla_de_Voluntariat_Fundacio_la_Manreana-800x800.png 800w, https:\/\/www.fundaciolamanreana.org\/wp-content\/uploads\/2023\/08\/Pla_de_Voluntariat_Fundacio_la_Manreana-1200x1200.png 1200w, https:\/\/www.fundaciolamanreana.org\/wp-content\/uploads\/2023\/08\/Pla_de_Voluntariat_Fundacio_la_Manreana.png 1601w\" data-sizes=\"auto\" data-orig-sizes=\"(max-width: 1024px) 100vw, (max-width: 640px) 100vw, 400px\" \/><\/span><\/div><div class=\"fusion-title title fusion-title-11 fusion-sep-none fusion-title-center fusion-title-text fusion-title-size-four\" style=\"--awb-text-color:var(--awb-color1);--awb-margin-top:30px;\"><h4 class=\"fusion-title-heading title-heading-center fusion-responsive-typography-calculated\" style=\"font-family:&quot;Baloo Bhai 2&quot;;font-style:normal;font-weight:500;margin:0;--fontSize:22;--minFontSize:22;line-height:var(--awb-typography1-line-height);\">Voluntariado<\/h4><\/div><\/div><\/div><div class=\"fusion-layout-column fusion_builder_column fusion-builder-column-9 fusion_builder_column_1_3 1_3 fusion-flex-column fusion-animated\" style=\"--awb-padding-top:15px;--awb-padding-right:15px;--awb-padding-bottom:15px;--awb-padding-left:15px;--awb-bg-size:cover;--awb-box-shadow:0px 0px 50px 4px rgba(0,0,0,0.1);;--awb-transform:translateY(0px);--awb-transform-hover:translateY(-10px);--awb-width-large:33.333333333333%;--awb-margin-top-large:0px;--awb-spacing-right-large:5.76%;--awb-margin-bottom-large:40px;--awb-spacing-left-large:5.76%;--awb-width-medium:33.333333333333%;--awb-order-medium:0;--awb-spacing-right-medium:5.76%;--awb-spacing-left-medium:5.76%;--awb-width-small:100%;--awb-order-small:0;--awb-margin-top-small:30px;--awb-spacing-right-small:1.92%;--awb-spacing-left-small:1.92%;\" data-animationType=\"fadeInUp\" data-animationDuration=\"2.0\" data-animationDelay=\"0.3\" data-animationOffset=\"top-into-view\"><div class=\"fusion-column-wrapper fusion-column-has-shadow fusion-flex-justify-content-flex-start fusion-content-layout-column\"><div class=\"fusion-image-element \" style=\"text-align:center;--awb-max-width:100px;--awb-caption-title-font-family:var(--h2_typography-font-family);--awb-caption-title-font-weight:var(--h2_typography-font-weight);--awb-caption-title-font-style:var(--h2_typography-font-style);--awb-caption-title-size:var(--h2_typography-font-size);--awb-caption-title-transform:var(--h2_typography-text-transform);--awb-caption-title-line-height:var(--h2_typography-line-height);--awb-caption-title-letter-spacing:var(--h2_typography-letter-spacing);\"><span class=\" fusion-imageframe imageframe-none imageframe-7 hover-type-none\"><img decoding=\"async\" width=\"1600\" height=\"1601\" title=\"Cavalls_Fundaci\u00f3_la_Manreana\" src=\"https:\/\/www.fundaciolamanreana.org\/wp-content\/uploads\/2023\/08\/Cavalls_Fundacio_la_Manreana.png\" data-orig-src=\"https:\/\/www.fundaciolamanreana.org\/wp-content\/uploads\/2023\/08\/Cavalls_Fundacio_la_Manreana.png\" alt class=\"lazyload img-responsive wp-image-2218\" srcset=\"data:image\/svg+xml,%3Csvg%20xmlns%3D%27http%3A%2F%2Fwww.w3.org%2F2000%2Fsvg%27%20width%3D%271600%27%20height%3D%271601%27%20viewBox%3D%270%200%201600%201601%27%3E%3Crect%20width%3D%271600%27%20height%3D%271601%27%20fill-opacity%3D%220%22%2F%3E%3C%2Fsvg%3E\" data-srcset=\"https:\/\/www.fundaciolamanreana.org\/wp-content\/uploads\/2023\/08\/Cavalls_Fundacio_la_Manreana-200x200.png 200w, https:\/\/www.fundaciolamanreana.org\/wp-content\/uploads\/2023\/08\/Cavalls_Fundacio_la_Manreana-400x400.png 400w, https:\/\/www.fundaciolamanreana.org\/wp-content\/uploads\/2023\/08\/Cavalls_Fundacio_la_Manreana-600x600.png 600w, https:\/\/www.fundaciolamanreana.org\/wp-content\/uploads\/2023\/08\/Cavalls_Fundacio_la_Manreana-800x801.png 800w, https:\/\/www.fundaciolamanreana.org\/wp-content\/uploads\/2023\/08\/Cavalls_Fundacio_la_Manreana-1200x1201.png 1200w, https:\/\/www.fundaciolamanreana.org\/wp-content\/uploads\/2023\/08\/Cavalls_Fundacio_la_Manreana.png 1600w\" data-sizes=\"auto\" data-orig-sizes=\"(max-width: 1024px) 100vw, (max-width: 640px) 100vw, 400px\" \/><\/span><\/div><div class=\"fusion-title title fusion-title-12 fusion-sep-none fusion-title-center fusion-title-text fusion-title-size-four\" style=\"--awb-text-color:var(--awb-color1);--awb-margin-top:30px;\"><h4 class=\"fusion-title-heading title-heading-center fusion-responsive-typography-calculated\" style=\"font-family:&quot;Baloo Bhai 2&quot;;font-style:normal;font-weight:500;margin:0;--fontSize:22;--minFontSize:22;line-height:var(--awb-typography1-line-height);\">Caballos<\/h4><\/div><\/div><\/div><div class=\"fusion-layout-column fusion_builder_column fusion-builder-column-10 fusion_builder_column_1_3 1_3 fusion-flex-column fusion-animated\" style=\"--awb-padding-top:15px;--awb-padding-right:15px;--awb-padding-bottom:15px;--awb-padding-left:15px;--awb-bg-size:cover;--awb-box-shadow:0px 0px 50px 4px rgba(0,0,0,0.1);;--awb-transform:translateY(0px);--awb-transform-hover:translateY(-10px);--awb-width-large:33.333333333333%;--awb-margin-top-large:0px;--awb-spacing-right-large:5.76%;--awb-margin-bottom-large:40px;--awb-spacing-left-large:5.76%;--awb-width-medium:33.333333333333%;--awb-order-medium:0;--awb-spacing-right-medium:5.76%;--awb-spacing-left-medium:5.76%;--awb-width-small:100%;--awb-order-small:0;--awb-margin-top-small:30px;--awb-spacing-right-small:1.92%;--awb-spacing-left-small:1.92%;\" data-animationType=\"fadeInUp\" data-animationDuration=\"1.5\" data-animationOffset=\"top-into-view\"><div class=\"fusion-column-wrapper fusion-column-has-shadow fusion-flex-justify-content-flex-start fusion-content-layout-column\"><div class=\"fusion-image-element \" style=\"text-align:center;--awb-max-width:100px;--awb-caption-title-font-family:var(--h2_typography-font-family);--awb-caption-title-font-weight:var(--h2_typography-font-weight);--awb-caption-title-font-style:var(--h2_typography-font-style);--awb-caption-title-size:var(--h2_typography-font-size);--awb-caption-title-transform:var(--h2_typography-text-transform);--awb-caption-title-line-height:var(--h2_typography-line-height);--awb-caption-title-letter-spacing:var(--h2_typography-letter-spacing);\"><span class=\" fusion-imageframe imageframe-none imageframe-8 hover-type-none\"><img decoding=\"async\" width=\"1600\" height=\"1601\" title=\"Equip_interdisciplinar_Fundaci\u00f3_la_Manreana_B\" src=\"https:\/\/www.fundaciolamanreana.org\/wp-content\/uploads\/2023\/08\/Equip_interdisciplinar_Fundacio_la_Manreana_B.png\" data-orig-src=\"https:\/\/www.fundaciolamanreana.org\/wp-content\/uploads\/2023\/08\/Equip_interdisciplinar_Fundacio_la_Manreana_B.png\" alt class=\"lazyload img-responsive wp-image-2227\" srcset=\"data:image\/svg+xml,%3Csvg%20xmlns%3D%27http%3A%2F%2Fwww.w3.org%2F2000%2Fsvg%27%20width%3D%271600%27%20height%3D%271601%27%20viewBox%3D%270%200%201600%201601%27%3E%3Crect%20width%3D%271600%27%20height%3D%271601%27%20fill-opacity%3D%220%22%2F%3E%3C%2Fsvg%3E\" data-srcset=\"https:\/\/www.fundaciolamanreana.org\/wp-content\/uploads\/2023\/08\/Equip_interdisciplinar_Fundacio_la_Manreana_B-200x200.png 200w, https:\/\/www.fundaciolamanreana.org\/wp-content\/uploads\/2023\/08\/Equip_interdisciplinar_Fundacio_la_Manreana_B-400x400.png 400w, https:\/\/www.fundaciolamanreana.org\/wp-content\/uploads\/2023\/08\/Equip_interdisciplinar_Fundacio_la_Manreana_B-600x600.png 600w, https:\/\/www.fundaciolamanreana.org\/wp-content\/uploads\/2023\/08\/Equip_interdisciplinar_Fundacio_la_Manreana_B-800x801.png 800w, https:\/\/www.fundaciolamanreana.org\/wp-content\/uploads\/2023\/08\/Equip_interdisciplinar_Fundacio_la_Manreana_B-1200x1201.png 1200w, https:\/\/www.fundaciolamanreana.org\/wp-content\/uploads\/2023\/08\/Equip_interdisciplinar_Fundacio_la_Manreana_B.png 1600w\" data-sizes=\"auto\" data-orig-sizes=\"(max-width: 1024px) 100vw, (max-width: 640px) 100vw, 400px\" \/><\/span><\/div><div class=\"fusion-title title fusion-title-13 fusion-sep-none fusion-title-center fusion-title-text fusion-title-size-four\" style=\"--awb-text-color:var(--awb-color1);--awb-margin-top:30px;\"><h4 class=\"fusion-title-heading title-heading-center fusion-responsive-typography-calculated\" style=\"font-family:&quot;Baloo Bhai 2&quot;;font-style:normal;font-weight:500;margin:0;--fontSize:22;--minFontSize:22;line-height:var(--awb-typography1-line-height);\">Equipo interdisciplinar<\/h4><\/div><\/div><\/div><div class=\"fusion-layout-column fusion_builder_column fusion-builder-column-11 fusion_builder_column_1_3 1_3 fusion-flex-column fusion-animated\" style=\"--awb-padding-top:15px;--awb-padding-right:15px;--awb-padding-bottom:15px;--awb-padding-left:15px;--awb-bg-size:cover;--awb-box-shadow:0px 0px 50px 4px rgba(0,0,0,0.1);;--awb-transform:translateY(0px);--awb-transform-hover:translateY(-10px);--awb-width-large:33.333333333333%;--awb-margin-top-large:0px;--awb-spacing-right-large:5.76%;--awb-margin-bottom-large:40px;--awb-spacing-left-large:5.76%;--awb-width-medium:33.333333333333%;--awb-order-medium:0;--awb-spacing-right-medium:5.76%;--awb-spacing-left-medium:5.76%;--awb-width-small:100%;--awb-order-small:0;--awb-margin-top-small:30px;--awb-spacing-right-small:1.92%;--awb-spacing-left-small:1.92%;\" data-animationType=\"fadeInUp\" data-animationDuration=\"2.0\" data-animationDelay=\"0.3\" data-animationOffset=\"top-into-view\"><div class=\"fusion-column-wrapper fusion-column-has-shadow fusion-flex-justify-content-flex-start fusion-content-layout-column\"><div class=\"fusion-image-element \" style=\"text-align:center;--awb-max-width:100px;--awb-caption-title-font-family:var(--h2_typography-font-family);--awb-caption-title-font-weight:var(--h2_typography-font-weight);--awb-caption-title-font-style:var(--h2_typography-font-style);--awb-caption-title-size:var(--h2_typography-font-size);--awb-caption-title-transform:var(--h2_typography-text-transform);--awb-caption-title-line-height:var(--h2_typography-line-height);--awb-caption-title-letter-spacing:var(--h2_typography-letter-spacing);\"><span class=\" fusion-imageframe imageframe-none imageframe-9 hover-type-none\"><img decoding=\"async\" width=\"300\" height=\"300\" title=\"Pedagog\u00eda_Sistem\u00e0tica g\" src=\"https:\/\/www.fundaciolamanreana.org\/wp-content\/uploads\/2023\/10\/Pedagogia_Sistematica-g.png\" data-orig-src=\"https:\/\/www.fundaciolamanreana.org\/wp-content\/uploads\/2023\/10\/Pedagogia_Sistematica-g-300x300.png\" alt class=\"lazyload img-responsive wp-image-2588\" srcset=\"data:image\/svg+xml,%3Csvg%20xmlns%3D%27http%3A%2F%2Fwww.w3.org%2F2000%2Fsvg%27%20width%3D%271601%27%20height%3D%271600%27%20viewBox%3D%270%200%201601%201600%27%3E%3Crect%20width%3D%271601%27%20height%3D%271600%27%20fill-opacity%3D%220%22%2F%3E%3C%2Fsvg%3E\" data-srcset=\"https:\/\/www.fundaciolamanreana.org\/wp-content\/uploads\/2023\/10\/Pedagogia_Sistematica-g-200x200.png 200w, https:\/\/www.fundaciolamanreana.org\/wp-content\/uploads\/2023\/10\/Pedagogia_Sistematica-g-400x400.png 400w, https:\/\/www.fundaciolamanreana.org\/wp-content\/uploads\/2023\/10\/Pedagogia_Sistematica-g-600x600.png 600w, https:\/\/www.fundaciolamanreana.org\/wp-content\/uploads\/2023\/10\/Pedagogia_Sistematica-g-800x800.png 800w, https:\/\/www.fundaciolamanreana.org\/wp-content\/uploads\/2023\/10\/Pedagogia_Sistematica-g-1200x1199.png 1200w, https:\/\/www.fundaciolamanreana.org\/wp-content\/uploads\/2023\/10\/Pedagogia_Sistematica-g.png 1601w\" data-sizes=\"auto\" data-orig-sizes=\"(max-width: 1024px) 100vw, (max-width: 640px) 100vw, 400px\" \/><\/span><\/div><div class=\"fusion-title title fusion-title-14 fusion-sep-none fusion-title-center fusion-title-text fusion-title-size-four\" style=\"--awb-text-color:var(--awb-color1);--awb-margin-top:30px;\"><h4 class=\"fusion-title-heading title-heading-center fusion-responsive-typography-calculated\" style=\"font-family:&quot;Baloo Bhai 2&quot;;font-style:normal;font-weight:500;margin:0;--fontSize:22;--minFontSize:22;line-height:var(--awb-typography1-line-height);\">Espacio inclusivo<\/h4><\/div><\/div><\/div><div class=\"fusion-layout-column fusion_builder_column fusion-builder-column-12 fusion_builder_column_1_3 1_3 fusion-flex-column fusion-animated\" style=\"--awb-padding-top:15px;--awb-padding-right:15px;--awb-padding-bottom:15px;--awb-padding-left:15px;--awb-bg-size:cover;--awb-box-shadow:0px 0px 50px 4px rgba(0,0,0,0.1);;--awb-transform:translateY(0px);--awb-transform-hover:translateY(-10px);--awb-width-large:33.333333333333%;--awb-margin-top-large:0px;--awb-spacing-right-large:5.76%;--awb-margin-bottom-large:40px;--awb-spacing-left-large:5.76%;--awb-width-medium:33.333333333333%;--awb-order-medium:0;--awb-spacing-right-medium:5.76%;--awb-spacing-left-medium:5.76%;--awb-width-small:100%;--awb-order-small:0;--awb-margin-top-small:30px;--awb-spacing-right-small:1.92%;--awb-spacing-left-small:1.92%;\" data-animationType=\"fadeInUp\" data-animationDuration=\"1.5\" data-animationOffset=\"top-into-view\"><div class=\"fusion-column-wrapper fusion-column-has-shadow fusion-flex-justify-content-flex-start fusion-content-layout-column\"><div class=\"fusion-image-element \" style=\"text-align:center;--awb-max-width:100px;--awb-caption-title-font-family:var(--h2_typography-font-family);--awb-caption-title-font-weight:var(--h2_typography-font-weight);--awb-caption-title-font-style:var(--h2_typography-font-style);--awb-caption-title-size:var(--h2_typography-font-size);--awb-caption-title-transform:var(--h2_typography-text-transform);--awb-caption-title-line-height:var(--h2_typography-line-height);--awb-caption-title-letter-spacing:var(--h2_typography-letter-spacing);\"><span class=\" fusion-imageframe imageframe-none imageframe-10 hover-type-none\"><img decoding=\"async\" width=\"1601\" height=\"1601\" title=\"Zooter\u00e0pia_Fundaci\u00f3_la_Manreana\" src=\"https:\/\/www.fundaciolamanreana.org\/wp-content\/uploads\/2023\/08\/Zooterapia_Fundacio_la_Manreana.png\" data-orig-src=\"https:\/\/www.fundaciolamanreana.org\/wp-content\/uploads\/2023\/08\/Zooterapia_Fundacio_la_Manreana.png\" alt class=\"lazyload img-responsive wp-image-2217\" srcset=\"data:image\/svg+xml,%3Csvg%20xmlns%3D%27http%3A%2F%2Fwww.w3.org%2F2000%2Fsvg%27%20width%3D%271601%27%20height%3D%271601%27%20viewBox%3D%270%200%201601%201601%27%3E%3Crect%20width%3D%271601%27%20height%3D%271601%27%20fill-opacity%3D%220%22%2F%3E%3C%2Fsvg%3E\" data-srcset=\"https:\/\/www.fundaciolamanreana.org\/wp-content\/uploads\/2023\/08\/Zooterapia_Fundacio_la_Manreana-200x200.png 200w, https:\/\/www.fundaciolamanreana.org\/wp-content\/uploads\/2023\/08\/Zooterapia_Fundacio_la_Manreana-400x400.png 400w, https:\/\/www.fundaciolamanreana.org\/wp-content\/uploads\/2023\/08\/Zooterapia_Fundacio_la_Manreana-600x600.png 600w, https:\/\/www.fundaciolamanreana.org\/wp-content\/uploads\/2023\/08\/Zooterapia_Fundacio_la_Manreana-800x800.png 800w, https:\/\/www.fundaciolamanreana.org\/wp-content\/uploads\/2023\/08\/Zooterapia_Fundacio_la_Manreana-1200x1200.png 1200w, https:\/\/www.fundaciolamanreana.org\/wp-content\/uploads\/2023\/08\/Zooterapia_Fundacio_la_Manreana.png 1601w\" data-sizes=\"auto\" data-orig-sizes=\"(max-width: 1024px) 100vw, (max-width: 640px) 100vw, 400px\" \/><\/span><\/div><div class=\"fusion-title title fusion-title-15 fusion-sep-none fusion-title-center fusion-title-text fusion-title-size-four\" style=\"--awb-text-color:var(--awb-color1);--awb-margin-top:30px;\"><h4 class=\"fusion-title-heading title-heading-center fusion-responsive-typography-calculated\" style=\"font-family:&quot;Baloo Bhai 2&quot;;font-style:normal;font-weight:500;margin:0;--fontSize:22;--minFontSize:22;line-height:var(--awb-typography1-line-height);\">Zooterapia<\/h4><\/div><\/div><\/div><div class=\"fusion-layout-column fusion_builder_column fusion-builder-column-13 fusion_builder_column_1_3 1_3 fusion-flex-column fusion-animated\" style=\"--awb-padding-top:15px;--awb-padding-right:15px;--awb-padding-bottom:15px;--awb-padding-left:15px;--awb-bg-size:cover;--awb-box-shadow:0px 0px 50px 4px rgba(0,0,0,0.1);;--awb-transform:translateY(0px);--awb-transform-hover:translateY(-10px);--awb-width-large:33.333333333333%;--awb-margin-top-large:0px;--awb-spacing-right-large:5.76%;--awb-margin-bottom-large:40px;--awb-spacing-left-large:5.76%;--awb-width-medium:33.333333333333%;--awb-order-medium:0;--awb-spacing-right-medium:5.76%;--awb-spacing-left-medium:5.76%;--awb-width-small:100%;--awb-order-small:0;--awb-margin-top-small:30px;--awb-spacing-right-small:1.92%;--awb-spacing-left-small:1.92%;\" data-animationType=\"fadeInUp\" data-animationDuration=\"1.5\" data-animationOffset=\"top-into-view\"><div class=\"fusion-column-wrapper fusion-column-has-shadow fusion-flex-justify-content-flex-start fusion-content-layout-column\"><div class=\"fusion-image-element \" style=\"text-align:center;--awb-max-width:100px;--awb-caption-title-font-family:var(--h2_typography-font-family);--awb-caption-title-font-weight:var(--h2_typography-font-weight);--awb-caption-title-font-style:var(--h2_typography-font-style);--awb-caption-title-size:var(--h2_typography-font-size);--awb-caption-title-transform:var(--h2_typography-text-transform);--awb-caption-title-line-height:var(--h2_typography-line-height);--awb-caption-title-letter-spacing:var(--h2_typography-letter-spacing);\"><span class=\" fusion-imageframe imageframe-none imageframe-11 hover-type-none\"><img decoding=\"async\" width=\"1601\" height=\"1601\" title=\"Fete_Fundaci\u00f3_la_Manreana\" src=\"https:\/\/www.fundaciolamanreana.org\/wp-content\/uploads\/2023\/08\/Fete_Fundacio_la_Manreana.png\" data-orig-src=\"https:\/\/www.fundaciolamanreana.org\/wp-content\/uploads\/2023\/08\/Fete_Fundacio_la_Manreana.png\" alt class=\"lazyload img-responsive wp-image-2222\" srcset=\"data:image\/svg+xml,%3Csvg%20xmlns%3D%27http%3A%2F%2Fwww.w3.org%2F2000%2Fsvg%27%20width%3D%271601%27%20height%3D%271601%27%20viewBox%3D%270%200%201601%201601%27%3E%3Crect%20width%3D%271601%27%20height%3D%271601%27%20fill-opacity%3D%220%22%2F%3E%3C%2Fsvg%3E\" data-srcset=\"https:\/\/www.fundaciolamanreana.org\/wp-content\/uploads\/2023\/08\/Fete_Fundacio_la_Manreana-200x200.png 200w, https:\/\/www.fundaciolamanreana.org\/wp-content\/uploads\/2023\/08\/Fete_Fundacio_la_Manreana-400x400.png 400w, https:\/\/www.fundaciolamanreana.org\/wp-content\/uploads\/2023\/08\/Fete_Fundacio_la_Manreana-600x600.png 600w, https:\/\/www.fundaciolamanreana.org\/wp-content\/uploads\/2023\/08\/Fete_Fundacio_la_Manreana-800x800.png 800w, https:\/\/www.fundaciolamanreana.org\/wp-content\/uploads\/2023\/08\/Fete_Fundacio_la_Manreana-1200x1200.png 1200w, https:\/\/www.fundaciolamanreana.org\/wp-content\/uploads\/2023\/08\/Fete_Fundacio_la_Manreana.png 1601w\" data-sizes=\"auto\" data-orig-sizes=\"(max-width: 1024px) 100vw, (max-width: 640px) 100vw, 400px\" \/><\/span><\/div><div class=\"fusion-title title fusion-title-16 fusion-sep-none fusion-title-center fusion-title-text fusion-title-size-four\" style=\"--awb-text-color:var(--awb-color1);--awb-margin-top:30px;\"><h4 class=\"fusion-title-heading title-heading-center fusion-responsive-typography-calculated\" style=\"font-family:&quot;Baloo Bhai 2&quot;;font-style:normal;font-weight:500;margin:0;--fontSize:22;--minFontSize:22;line-height:var(--awb-typography1-line-height);\">Hecho<\/h4><\/div><\/div><\/div><div class=\"fusion-layout-column fusion_builder_column fusion-builder-column-14 fusion_builder_column_1_1 1_1 fusion-flex-column\" style=\"--awb-padding-top:30px;--awb-bg-size:cover;--awb-width-large:100%;--awb-margin-top-large:0px;--awb-spacing-right-large:1.92%;--awb-margin-bottom-large:0px;--awb-spacing-left-large:1.92%;--awb-width-medium:100%;--awb-order-medium:0;--awb-spacing-right-medium:1.92%;--awb-spacing-left-medium:1.92%;--awb-width-small:100%;--awb-order-small:0;--awb-spacing-right-small:1.92%;--awb-spacing-left-small:1.92%;\"><div class=\"fusion-column-wrapper fusion-column-has-shadow fusion-flex-justify-content-flex-start fusion-content-layout-column\"><div class=\"fusion-section-separator section-separator curved fusion-section-separator-2\" style=\"--awb-spacer-height:99px;--awb-svg-margin-left:1.92%;--awb-svg-margin-right:1.92%;--awb-svg-margin-left-medium:1.92%;--awb-svg-margin-right-medium:1.92%;--awb-svg-margin-left-small:1.92%;--awb-svg-margin-right-small:1.92%;--awb-divider-height:99px;--awb-spacer-padding-top:inherit;--awb-sep-padding:0;--awb-svg-padding:0;\"><div class=\"fusion-section-separator-svg\"><svg class=\"fusion-curved-candy\" xmlns=\"http:\/\/www.w3.org\/2000\/svg\" version=\"1.1\" width=\"100%\" height=\"100\" viewBox=\"0 0 100 100\" preserveAspectRatio=\"none\" fill=\"rgba(255,255,255,1)\"><path d=\"M0 100 C 60 0 75 0 100 100 Z\"><\/path><\/svg><\/div><div class=\"fusion-section-separator-spacer\"><div class=\"fusion-section-separator-spacer-height\"><\/div><\/div><\/div><\/div><\/div><\/div><\/div><div class=\"fusion-fullwidth fullwidth-box fusion-builder-row-3 fusion-flex-container has-pattern-background has-mask-background nonhundred-percent-fullwidth non-hundred-percent-height-scrolling\" style=\"--awb-border-radius-top-left:0px;--awb-border-radius-top-right:0px;--awb-border-radius-bottom-right:0px;--awb-border-radius-bottom-left:0px;--awb-flex-wrap:wrap;\" ><div class=\"fusion-builder-row fusion-row fusion-flex-align-items-center fusion-flex-justify-content-center fusion-flex-content-wrap\" style=\"max-width:1289.6px;margin-left: calc(-4% \/ 2 );margin-right: calc(-4% \/ 2 );\"><div class=\"fusion-layout-column fusion_builder_column fusion-builder-column-15 fusion_builder_column_1_1 1_1 fusion-flex-column fusion-column-inner-bg-wrapper fusion-animated\" style=\"--awb-padding-bottom:12px;--awb-inner-bg-blend:overlay;--awb-inner-bg-size:cover;--awb-width-large:100%;--awb-margin-top-large:0px;--awb-spacing-right-large:1.92%;--awb-margin-bottom-large:0px;--awb-spacing-left-large:1.92%;--awb-width-medium:100%;--awb-spacing-right-medium:1.92%;--awb-spacing-left-medium:1.92%;--awb-width-small:100%;--awb-spacing-right-small:1.92%;--awb-spacing-left-small:1.92%;\" data-animationType=\"fadeInUp\" data-animationDuration=\"1.5\" data-animationOffset=\"top-into-view\"><span class=\"fusion-column-inner-bg hover-type-zoomin\"><span class=\"fusion-column-anchor\"><span class=\"fusion-column-inner-bg-image\"><\/span><\/span><\/span><div class=\"fusion-column-wrapper fusion-flex-justify-content-flex-start fusion-content-layout-column\"><div class=\"fusion-title title fusion-title-17 fusion-no-small-visibility fusion-sep-none fusion-title-center fusion-title-text fusion-title-size-two\" style=\"--awb-text-color:rgba(224,222,222,0.71);--awb-margin-top:0px;--awb-font-size:80px;\"><h2 class=\"fusion-title-heading title-heading-center fusion-responsive-typography-calculated\" style=\"font-family:&quot;Baloo Bhai 2&quot;;font-style:normal;font-weight:400;margin:0;font-size:1em;--fontSize:80;line-height:var(--awb-typography1-line-height);\"><em>\u00bfporque trabajamos con caballos?<\/em><\/h2><\/div><div class=\"fusion-title title fusion-title-18 fusion-no-medium-visibility fusion-no-large-visibility fusion-sep-none fusion-title-center fusion-title-text fusion-title-size-two\" style=\"--awb-text-color:var(--awb-color5);--awb-margin-top:-95px;--awb-font-size:45px;\"><h2 class=\"fusion-title-heading title-heading-center fusion-responsive-typography-calculated\" style=\"margin:0;font-size:1em;--fontSize:45;line-height:var(--awb-typography1-line-height);\"><strong>\u00bfPorque trabajamos con caballos?<\/strong><\/h2><\/div><div class=\"fusion-title title fusion-title-19 fusion-no-small-visibility fusion-sep-none fusion-title-center fusion-title-text fusion-title-size-two\" style=\"--awb-text-color:var(--awb-color5);--awb-margin-top:-70px;--awb-font-size:60px;\"><h2 class=\"fusion-title-heading title-heading-center fusion-responsive-typography-calculated\" style=\"margin:0;font-size:1em;--fontSize:60;line-height:var(--awb-typography1-line-height);\"><strong>\u00bfPorque trabajamos con caballos?<\/strong><\/h2><\/div><div class=\"fusion-builder-row fusion-builder-row-inner fusion-row fusion-flex-align-items-center fusion-flex-justify-content-center fusion-flex-content-wrap\" style=\"width:104% !important;max-width:104% !important;margin-left: calc(-4% \/ 2 );margin-right: calc(-4% \/ 2 );\"><div class=\"fusion-layout-column fusion_builder_column_inner fusion-builder-nested-column-0 fusion_builder_column_inner_2_5 2_5 fusion-flex-column\" style=\"--awb-padding-top:40px;--awb-bg-size:cover;--awb-width-large:40%;--awb-margin-top-large:0px;--awb-spacing-right-large:4.8%;--awb-margin-bottom-large:40px;--awb-spacing-left-large:4.8%;--awb-width-medium:100%;--awb-order-medium:0;--awb-spacing-right-medium:1.92%;--awb-spacing-left-medium:1.92%;--awb-width-small:100%;--awb-order-small:0;--awb-spacing-right-small:1.92%;--awb-spacing-left-small:1.92%;\"><div class=\"fusion-column-wrapper fusion-column-has-shadow fusion-flex-justify-content-flex-start fusion-content-layout-column\"><div class=\"fusion-image-element \" style=\"--awb-caption-title-font-family:var(--h2_typography-font-family);--awb-caption-title-font-weight:var(--h2_typography-font-weight);--awb-caption-title-font-style:var(--h2_typography-font-style);--awb-caption-title-size:var(--h2_typography-font-size);--awb-caption-title-transform:var(--h2_typography-text-transform);--awb-caption-title-line-height:var(--h2_typography-line-height);--awb-caption-title-letter-spacing:var(--h2_typography-letter-spacing);\"><span class=\" fusion-imageframe imageframe-none imageframe-12 hover-type-none\"><img decoding=\"async\" width=\"674\" height=\"843\" alt=\"Fotografia d&#039;un nen acariciant un cavall a la Fundaci\u00f3 la Manreana.\" title=\"as\" src=\"https:\/\/www.fundaciolamanreana.org\/wp-content\/uploads\/2023\/10\/as.jpg\" data-orig-src=\"https:\/\/www.fundaciolamanreana.org\/wp-content\/uploads\/2023\/10\/as.jpg\" class=\"lazyload img-responsive wp-image-2544\" srcset=\"data:image\/svg+xml,%3Csvg%20xmlns%3D%27http%3A%2F%2Fwww.w3.org%2F2000%2Fsvg%27%20width%3D%27674%27%20height%3D%27843%27%20viewBox%3D%270%200%20674%20843%27%3E%3Crect%20width%3D%27674%27%20height%3D%27843%27%20fill-opacity%3D%220%22%2F%3E%3C%2Fsvg%3E\" data-srcset=\"https:\/\/www.fundaciolamanreana.org\/wp-content\/uploads\/2023\/10\/as-200x250.jpg 200w, https:\/\/www.fundaciolamanreana.org\/wp-content\/uploads\/2023\/10\/as-400x500.jpg 400w, https:\/\/www.fundaciolamanreana.org\/wp-content\/uploads\/2023\/10\/as-600x750.jpg 600w, https:\/\/www.fundaciolamanreana.org\/wp-content\/uploads\/2023\/10\/as.jpg 674w\" data-sizes=\"auto\" data-orig-sizes=\"(max-width: 1024px) 100vw, (max-width: 640px) 100vw, 600px\" \/><\/span><\/div><\/div><\/div><div class=\"fusion-layout-column fusion_builder_column_inner fusion-builder-nested-column-1 fusion_builder_column_inner_3_5 3_5 fusion-flex-column fusion-flex-align-self-center\" style=\"--awb-bg-size:cover;--awb-width-large:60%;--awb-margin-top-large:0px;--awb-spacing-right-large:3.2%;--awb-margin-bottom-large:40px;--awb-spacing-left-large:3.2%;--awb-width-medium:100%;--awb-order-medium:0;--awb-spacing-right-medium:1.92%;--awb-spacing-left-medium:1.92%;--awb-width-small:100%;--awb-order-small:0;--awb-spacing-right-small:1.92%;--awb-spacing-left-small:1.92%;\"><div class=\"fusion-column-wrapper fusion-column-has-shadow fusion-flex-justify-content-center fusion-content-layout-column\"><div class=\"fusion-text fusion-text-2\"><p>Los <strong>caballos<\/strong> son mam\u00edferos con un <strong>car\u00e1cter sociable<\/strong>, como los seres humanos, con la diferencia de que viven conectados a su entorno, son <strong>sensibles<\/strong> y <strong>atentos<\/strong> a todo lo que sucede a su alrededor y viven en el aqu\u00ed y ahora. Ellos <strong>no juzgan<\/strong>, no etiquetan ni cuestionan lo que hacemos, pero si <strong>responden de una forma clara<\/strong> y sin palabras a lo que transmitimos las personas.<\/p>\n<p>Es muy importante que los usuarios establezcan un buen v\u00ednculo con el caballo, a fin de establecer <strong>confianza<\/strong>. Este proceso se realiza cepillando, acariciando, limpiando, preparando el caballo para las sesiones.<\/p>\n<p>Una vez establecidos el v\u00ednculo, se lleva el caballo del ramal o se monta al paso.&nbsp; Aprovechamos el <strong>movimiento tridimensional<\/strong> del andar del caballo para hacer una similitud a la marcha humana mientras el jinete realiza unos ejercicios suaves.<\/p>\n<p>Por otro lado, cabe destacar que los caballos tienen la <strong>temperatura corporal<\/strong> m\u00e1s alta que la de los humanos, lo que nos permite tener los m\u00fasculos m\u00e1s relajados&nbsp; y una mejor circulaci\u00f3n.&nbsp; Los <strong>impulsos r\u00edtmicos<\/strong>, transmiten al jinete mejorar la percepci\u00f3n espacios, el equilibrio y la coordinaci\u00f3n.<\/p>\n<p>Generalmente todas las sesiones se acompa\u00f1an de juegos, canciones o din\u00e1micas que nos ayudan a trabajar diferentes aspectos del \u00e1rea motora, cognitiva, sensorial y social.<\/p>\n<\/div><\/div><\/div><\/div><div class=\"fusion-separator fusion-full-width-sep\" style=\"align-self: center;margin-left: auto;margin-right: auto;margin-top:15px;width:100%;\"><\/div><\/div><\/div><\/div><\/div><\/p>\n","protected":false},"excerpt":{"rendered":"","protected":false},"author":1,"featured_media":0,"parent":0,"menu_order":0,"comment_status":"closed","ping_status":"closed","template":"100-width.php","meta":{"footnotes":""},"class_list":["post-2290","page","type-page","status-publish","hentry"],"yoast_head":"<!-- This site is optimized with the Yoast SEO plugin v21.2 - https:\/\/yoast.com\/wordpress\/plugins\/seo\/ -->\n<title>Fundaci\u00f3n La Manreana - Fundaci\u00f3 La Manreana<\/title>\n<meta name=\"description\" content=\"Fundaci\u00f3n La Manreana destaca como un referente en el \u00e1mbito de les terapias ecuestres, con un compromiso con el desarrollo de las personas.\" \/>\n<meta name=\"robots\" content=\"index, follow, max-snippet:-1, max-image-preview:large, max-video-preview:-1\" \/>\n<link rel=\"canonical\" href=\"https:\/\/www.fundaciolamanreana.org\/es\/la-fundacion\/\" \/>\n<meta property=\"og:locale\" content=\"es_ES\" \/>\n<meta property=\"og:type\" content=\"article\" \/>\n<meta property=\"og:title\" content=\"Fundaci\u00f3n La Manreana - Fundaci\u00f3 La Manreana\" \/>\n<meta property=\"og:description\" content=\"Fundaci\u00f3n La Manreana destaca como un referente en el \u00e1mbito de les terapias ecuestres, con un compromiso con el desarrollo de las personas.\" \/>\n<meta property=\"og:url\" content=\"https:\/\/www.fundaciolamanreana.org\/es\/la-fundacion\/\" \/>\n<meta property=\"og:site_name\" content=\"Fundaci\u00f3 La Manreana\" \/>\n<meta property=\"article:publisher\" content=\"https:\/\/www.facebook.com\/FundacioLaManreana\/?ref=embed_page\" \/>\n<meta property=\"article:modified_time\" content=\"2024-11-20T11:38:45+00:00\" \/>\n<meta name=\"twitter:card\" content=\"summary_large_image\" \/>\n<meta name=\"twitter:label1\" content=\"Tiempo de lectura\" \/>\n\t<meta name=\"twitter:data1\" content=\"16 minutos\" \/>\n<script type=\"application\/ld+json\" class=\"yoast-schema-graph\">{\"@context\":\"https:\/\/schema.org\",\"@graph\":[{\"@type\":\"WebPage\",\"@id\":\"https:\/\/www.fundaciolamanreana.org\/es\/la-fundacion\/\",\"url\":\"https:\/\/www.fundaciolamanreana.org\/es\/la-fundacion\/\",\"name\":\"Fundaci\u00f3n La Manreana - Fundaci\u00f3 La Manreana\",\"isPartOf\":{\"@id\":\"https:\/\/www.fundaciolamanreana.org\/es\/#website\"},\"datePublished\":\"2023-08-04T14:59:26+00:00\",\"dateModified\":\"2024-11-20T11:38:45+00:00\",\"description\":\"Fundaci\u00f3n La Manreana destaca como un referente en el \u00e1mbito de les terapias ecuestres, con un compromiso con el desarrollo de las personas.\",\"breadcrumb\":{\"@id\":\"https:\/\/www.fundaciolamanreana.org\/es\/la-fundacion\/#breadcrumb\"},\"inLanguage\":\"es\",\"potentialAction\":[{\"@type\":\"ReadAction\",\"target\":[\"https:\/\/www.fundaciolamanreana.org\/es\/la-fundacion\/\"]}]},{\"@type\":\"BreadcrumbList\",\"@id\":\"https:\/\/www.fundaciolamanreana.org\/es\/la-fundacion\/#breadcrumb\",\"itemListElement\":[{\"@type\":\"ListItem\",\"position\":1,\"name\":\"Portada\",\"item\":\"https:\/\/www.fundaciolamanreana.org\/es\/\"},{\"@type\":\"ListItem\",\"position\":2,\"name\":\"La Fundaci\u00f3n\"}]},{\"@type\":\"WebSite\",\"@id\":\"https:\/\/www.fundaciolamanreana.org\/es\/#website\",\"url\":\"https:\/\/www.fundaciolamanreana.org\/es\/\",\"name\":\"Fundaci\u00f3 La Manreana\",\"description\":\"\",\"publisher\":{\"@id\":\"https:\/\/www.fundaciolamanreana.org\/es\/#organization\"},\"potentialAction\":[{\"@type\":\"SearchAction\",\"target\":{\"@type\":\"EntryPoint\",\"urlTemplate\":\"https:\/\/www.fundaciolamanreana.org\/es\/?s={search_term_string}\"},\"query-input\":\"required name=search_term_string\"}],\"inLanguage\":\"es\"},{\"@type\":\"Organization\",\"@id\":\"https:\/\/www.fundaciolamanreana.org\/es\/#organization\",\"name\":\"Fundaci\u00f3 La Manreana\",\"url\":\"https:\/\/www.fundaciolamanreana.org\/es\/\",\"logo\":{\"@type\":\"ImageObject\",\"inLanguage\":\"es\",\"@id\":\"https:\/\/www.fundaciolamanreana.org\/es\/#\/schema\/logo\/image\/\",\"url\":\"https:\/\/webnova.fundaciolamanreana.org\/wp-content\/uploads\/2023\/08\/logofundacio_sense-fons.png\",\"contentUrl\":\"https:\/\/webnova.fundaciolamanreana.org\/wp-content\/uploads\/2023\/08\/logofundacio_sense-fons.png\",\"width\":228,\"height\":147,\"caption\":\"Fundaci\u00f3 La Manreana\"},\"image\":{\"@id\":\"https:\/\/www.fundaciolamanreana.org\/es\/#\/schema\/logo\/image\/\"},\"sameAs\":[\"https:\/\/www.facebook.com\/FundacioLaManreana\/?ref=embed_page\",\"https:\/\/www.instagram.com\/lamanreana\/\"]}]}<\/script>\n<!-- \/ Yoast SEO plugin. -->","yoast_head_json":{"title":"Fundaci\u00f3n La Manreana - Fundaci\u00f3 La Manreana","description":"Fundaci\u00f3n La Manreana destaca como un referente en el \u00e1mbito de les terapias ecuestres, con un compromiso con el desarrollo de las personas.","robots":{"index":"index","follow":"follow","max-snippet":"max-snippet:-1","max-image-preview":"max-image-preview:large","max-video-preview":"max-video-preview:-1"},"canonical":"https:\/\/www.fundaciolamanreana.org\/es\/la-fundacion\/","og_locale":"es_ES","og_type":"article","og_title":"Fundaci\u00f3n La Manreana - Fundaci\u00f3 La Manreana","og_description":"Fundaci\u00f3n La Manreana destaca como un referente en el \u00e1mbito de les terapias ecuestres, con un compromiso con el desarrollo de las personas.","og_url":"https:\/\/www.fundaciolamanreana.org\/es\/la-fundacion\/","og_site_name":"Fundaci\u00f3 La Manreana","article_publisher":"https:\/\/www.facebook.com\/FundacioLaManreana\/?ref=embed_page","article_modified_time":"2024-11-20T11:38:45+00:00","twitter_card":"summary_large_image","twitter_misc":{"Tiempo de lectura":"16 minutos"},"schema":{"@context":"https:\/\/schema.org","@graph":[{"@type":"WebPage","@id":"https:\/\/www.fundaciolamanreana.org\/es\/la-fundacion\/","url":"https:\/\/www.fundaciolamanreana.org\/es\/la-fundacion\/","name":"Fundaci\u00f3n La Manreana - Fundaci\u00f3 La Manreana","isPartOf":{"@id":"https:\/\/www.fundaciolamanreana.org\/es\/#website"},"datePublished":"2023-08-04T14:59:26+00:00","dateModified":"2024-11-20T11:38:45+00:00","description":"Fundaci\u00f3n La Manreana destaca como un referente en el \u00e1mbito de les terapias ecuestres, con un compromiso con el desarrollo de las personas.","breadcrumb":{"@id":"https:\/\/www.fundaciolamanreana.org\/es\/la-fundacion\/#breadcrumb"},"inLanguage":"es","potentialAction":[{"@type":"ReadAction","target":["https:\/\/www.fundaciolamanreana.org\/es\/la-fundacion\/"]}]},{"@type":"BreadcrumbList","@id":"https:\/\/www.fundaciolamanreana.org\/es\/la-fundacion\/#breadcrumb","itemListElement":[{"@type":"ListItem","position":1,"name":"Portada","item":"https:\/\/www.fundaciolamanreana.org\/es\/"},{"@type":"ListItem","position":2,"name":"La Fundaci\u00f3n"}]},{"@type":"WebSite","@id":"https:\/\/www.fundaciolamanreana.org\/es\/#website","url":"https:\/\/www.fundaciolamanreana.org\/es\/","name":"Fundaci\u00f3 La Manreana","description":"","publisher":{"@id":"https:\/\/www.fundaciolamanreana.org\/es\/#organization"},"potentialAction":[{"@type":"SearchAction","target":{"@type":"EntryPoint","urlTemplate":"https:\/\/www.fundaciolamanreana.org\/es\/?s={search_term_string}"},"query-input":"required name=search_term_string"}],"inLanguage":"es"},{"@type":"Organization","@id":"https:\/\/www.fundaciolamanreana.org\/es\/#organization","name":"Fundaci\u00f3 La Manreana","url":"https:\/\/www.fundaciolamanreana.org\/es\/","logo":{"@type":"ImageObject","inLanguage":"es","@id":"https:\/\/www.fundaciolamanreana.org\/es\/#\/schema\/logo\/image\/","url":"https:\/\/webnova.fundaciolamanreana.org\/wp-content\/uploads\/2023\/08\/logofundacio_sense-fons.png","contentUrl":"https:\/\/webnova.fundaciolamanreana.org\/wp-content\/uploads\/2023\/08\/logofundacio_sense-fons.png","width":228,"height":147,"caption":"Fundaci\u00f3 La Manreana"},"image":{"@id":"https:\/\/www.fundaciolamanreana.org\/es\/#\/schema\/logo\/image\/"},"sameAs":["https:\/\/www.facebook.com\/FundacioLaManreana\/?ref=embed_page","https:\/\/www.instagram.com\/lamanreana\/"]}]}},"_links":{"self":[{"href":"https:\/\/www.fundaciolamanreana.org\/es\/wp-json\/wp\/v2\/pages\/2290","targetHints":{"allow":["GET"]}}],"collection":[{"href":"https:\/\/www.fundaciolamanreana.org\/es\/wp-json\/wp\/v2\/pages"}],"about":[{"href":"https:\/\/www.fundaciolamanreana.org\/es\/wp-json\/wp\/v2\/types\/page"}],"author":[{"embeddable":true,"href":"https:\/\/www.fundaciolamanreana.org\/es\/wp-json\/wp\/v2\/users\/1"}],"replies":[{"embeddable":true,"href":"https:\/\/www.fundaciolamanreana.org\/es\/wp-json\/wp\/v2\/comments?post=2290"}],"version-history":[{"count":23,"href":"https:\/\/www.fundaciolamanreana.org\/es\/wp-json\/wp\/v2\/pages\/2290\/revisions"}],"predecessor-version":[{"id":2659,"href":"https:\/\/www.fundaciolamanreana.org\/es\/wp-json\/wp\/v2\/pages\/2290\/revisions\/2659"}],"wp:attachment":[{"href":"https:\/\/www.fundaciolamanreana.org\/es\/wp-json\/wp\/v2\/media?parent=2290"}],"curies":[{"name":"wp","href":"https:\/\/api.w.org\/{rel}","templated":true}]}}