{"id":2298,"date":"2023-08-04T16:59:43","date_gmt":"2023-08-04T14:59:43","guid":{"rendered":"https:\/\/webnova.fundaciolamanreana.org\/transparencia\/"},"modified":"2023-09-12T13:49:49","modified_gmt":"2023-09-12T11:49:49","slug":"transparencia","status":"publish","type":"page","link":"https:\/\/www.fundaciolamanreana.org\/es\/la-fundacion\/transparencia\/","title":{"rendered":"Transparencia"},"content":{"rendered":"<div class=\"fusion-fullwidth fullwidth-box fusion-builder-row-1 fusion-flex-container has-pattern-background has-mask-background nonhundred-percent-fullwidth non-hundred-percent-height-scrolling\" style=\"--awb-border-radius-top-left:0px;--awb-border-radius-top-right:0px;--awb-border-radius-bottom-right:0px;--awb-border-radius-bottom-left:0px;--awb-flex-wrap:wrap;\" ><div class=\"fusion-builder-row fusion-row fusion-flex-align-items-flex-start fusion-flex-content-wrap\" style=\"max-width:1289.6px;margin-left: calc(-4% \/ 2 );margin-right: calc(-4% \/ 2 );\"><div class=\"fusion-layout-column fusion_builder_column fusion-builder-column-0 fusion_builder_column_1_1 1_1 fusion-flex-column fusion-column-inner-bg-wrapper fusion-animated\" style=\"--awb-padding-bottom:12px;--awb-inner-bg-blend:overlay;--awb-inner-bg-size:cover;--awb-width-large:100%;--awb-margin-top-large:0px;--awb-spacing-right-large:1.92%;--awb-margin-bottom-large:0px;--awb-spacing-left-large:1.92%;--awb-width-medium:100%;--awb-spacing-right-medium:1.92%;--awb-spacing-left-medium:1.92%;--awb-width-small:100%;--awb-spacing-right-small:1.92%;--awb-spacing-left-small:1.92%;\" data-animationType=\"fadeInUp\" data-animationDuration=\"1.5\" data-animationOffset=\"top-into-view\"><span class=\"fusion-column-inner-bg hover-type-zoomin\"><span class=\"fusion-column-anchor\"><span class=\"fusion-column-inner-bg-image\"><\/span><\/span><\/span><div class=\"fusion-column-wrapper fusion-flex-justify-content-flex-start fusion-content-layout-column\"><div class=\"fusion-title title fusion-title-1 fusion-no-small-visibility fusion-sep-none fusion-title-center fusion-title-text fusion-title-size-two\" style=\"--awb-text-color:rgba(224,222,222,0.71);--awb-margin-top:0px;--awb-font-size:100px;\"><h2 class=\"fusion-title-heading title-heading-center fusion-responsive-typography-calculated\" style=\"font-family:&quot;Baloo Bhai 2&quot;;font-style:normal;font-weight:400;margin:0;font-size:1em;--fontSize:100;line-height:var(--awb-typography1-line-height);\"><em>somos transparentes<\/em><\/h2><\/div><div class=\"fusion-title title fusion-title-2 fusion-no-medium-visibility fusion-no-large-visibility fusion-sep-none fusion-title-center fusion-title-text fusion-title-size-two\" style=\"--awb-text-color:var(--awb-color5);--awb-margin-top:-95px;--awb-font-size:45px;\"><h2 class=\"fusion-title-heading title-heading-center fusion-responsive-typography-calculated\" style=\"margin:0;font-size:1em;--fontSize:45;line-height:var(--awb-typography1-line-height);\"><strong>Somos transparentes<\/strong><\/h2><\/div><div class=\"fusion-title title fusion-title-3 fusion-no-small-visibility fusion-sep-none fusion-title-center fusion-title-text fusion-title-size-two\" style=\"--awb-text-color:var(--awb-color5);--awb-margin-top:-95px;--awb-font-size:60px;\"><h2 class=\"fusion-title-heading title-heading-center fusion-responsive-typography-calculated\" style=\"margin:0;font-size:1em;--fontSize:60;line-height:var(--awb-typography1-line-height);\"><strong>Somos transparentes<\/strong><\/h2><\/div><div class=\"fusion-text fusion-text-1\" style=\"--awb-content-alignment:center;--awb-margin-top:10px;\"><p>Esta p\u00e1gina es un testimonio de nuestro <strong>compromiso<\/strong> con la integridad y responsabilidad. Aqu\u00ed presentamos nuestros <strong>status<\/strong> organizativos, reflejando nuestra posici\u00f3n consolidada y reconocida. Nuestros <strong>registros<\/strong>, adhiri\u00e9ndose a normativas y regulaciones, muestran nuestra pr\u00e1ctica \u00e9tica. Las <strong>cuentas anuales<\/strong> se presentan con claridad, reflejando nuestra gesti\u00f3n financiera s\u00f3lida y eficiente. A trav\u00e9s de esta ventana abierta, aspiramos a mantener una relaci\u00f3n de confianza con nuestra comunidad y mostrar nuestro compromiso con la transparencia.<\/p>\n<\/div><div class=\"fusion-separator fusion-full-width-sep\" style=\"align-self: center;margin-left: auto;margin-right: auto;margin-top:15px;width:100%;\"><\/div><\/div><\/div><div class=\"fusion-layout-column fusion_builder_column fusion-builder-column-1 fusion_builder_column_1_3 1_3 fusion-flex-column fusion-animated\" style=\"--awb-padding-top:20px;--awb-padding-right:20px;--awb-padding-bottom:20px;--awb-padding-left:20px;--awb-bg-color:var(--awb-color5);--awb-bg-color-hover:var(--awb-color5);--awb-bg-size:cover;--awb-transform:translateY(0px);--awb-transform-hover:translateY(-10px);--awb-width-large:33.333333333333%;--awb-margin-top-large:0px;--awb-spacing-right-large:5.76%;--awb-margin-bottom-large:40px;--awb-spacing-left-large:5.76%;--awb-width-medium:100%;--awb-order-medium:0;--awb-spacing-right-medium:1.92%;--awb-spacing-left-medium:1.92%;--awb-width-small:100%;--awb-order-small:0;--awb-spacing-right-small:1.92%;--awb-spacing-left-small:1.92%;\" data-animationType=\"bounceInUp\" data-animationDuration=\"1.5\" data-animationOffset=\"top-into-view\"><div class=\"fusion-column-wrapper fusion-column-has-shadow fusion-flex-justify-content-flex-start fusion-content-layout-column\"><div class=\"fusion-title title fusion-title-4 fusion-sep-none fusion-title-center fusion-title-text fusion-title-size-four\" style=\"--awb-text-color:var(--awb-color1);--awb-margin-top:0px;--awb-margin-bottom:15px;\"><h4 class=\"fusion-title-heading title-heading-center fusion-responsive-typography-calculated\" style=\"font-family:&quot;Baloo Bhai 2&quot;;font-style:normal;font-weight:500;margin:0;--fontSize:22;--minFontSize:22;line-height:var(--awb-typography1-line-height);\">Informaci\u00f3n organizativa<\/h4><\/div><div class=\"fusion-text fusion-text-2\" style=\"--awb-content-alignment:center;--awb-text-color:var(--awb-color1);\"><p>Nuestra empresa posee un status consolidado y reconocido en su \u00e1mbito. Gracias a nuestros constantes esfuerzos y al compromiso, hemos establecido una reputaci\u00f3n robusta. Como l\u00edderes del sector, seguimos avanzando y ofreciendo servicios de calidad que reflejan nuestra posici\u00f3n destacada en el mercado.<\/p>\n<\/div><div style=\"text-align:center;\"><a class=\"fusion-button button-flat fusion-button-default-size button-custom fusion-button-default button-1 fusion-button-default-span fusion-button-default-type\" style=\"--button_accent_color:var(--awb-color1);--button_accent_hover_color:var(--awb-color1);--button_border_hover_color:var(--awb-color5);--button_border_width-top:1px;--button_border_width-right:1px;--button_border_width-bottom:1px;--button_border_width-left:1px;--button_gradient_top_color:var(--awb-color5);--button_gradient_bottom_color:var(--awb-color5);--button_gradient_top_color_hover:var(--awb-color8);--button_gradient_bottom_color_hover:var(--awb-color8);--button_text_transform:none;--button_font_size:16px;--button_typography-font-family:&quot;Baloo Bhai 2&quot;;--button_typography-font-style:normal;--button_typography-font-weight:400;\" target=\"_blank\" rel=\"noopener noreferrer\" href=\"\/wp-content\/uploads\/2023\/08\/Estatuts_Fundacio_la_Manreana.pdf\"><span class=\"fusion-button-text\">Ver estatutos<\/span><\/a><\/div><\/div><\/div><div class=\"fusion-layout-column fusion_builder_column fusion-builder-column-2 fusion_builder_column_1_3 1_3 fusion-flex-column fusion-animated\" style=\"--awb-padding-top:20px;--awb-padding-right:20px;--awb-padding-bottom:20px;--awb-padding-left:20px;--awb-bg-color:var(--awb-color4);--awb-bg-color-hover:var(--awb-color4);--awb-bg-size:cover;--awb-transform:translateY(0px);--awb-transform-hover:translateY(-10px);--awb-width-large:33.333333333333%;--awb-margin-top-large:0px;--awb-spacing-right-large:5.76%;--awb-margin-bottom-large:40px;--awb-spacing-left-large:5.76%;--awb-width-medium:100%;--awb-order-medium:0;--awb-spacing-right-medium:1.92%;--awb-spacing-left-medium:1.92%;--awb-width-small:100%;--awb-order-small:0;--awb-spacing-right-small:1.92%;--awb-spacing-left-small:1.92%;\" data-animationType=\"bounceInUp\" data-animationDuration=\"1.5\" data-animationDelay=\"0.3\" data-animationOffset=\"top-into-view\"><div class=\"fusion-column-wrapper fusion-column-has-shadow fusion-flex-justify-content-flex-start fusion-content-layout-column\"><div class=\"fusion-title title fusion-title-5 fusion-sep-none fusion-title-center fusion-title-text fusion-title-size-four\" style=\"--awb-text-color:var(--awb-color8);--awb-margin-top:0px;--awb-margin-bottom:15px;\"><h4 class=\"fusion-title-heading title-heading-center fusion-responsive-typography-calculated\" style=\"font-family:&quot;Baloo Bhai 2&quot;;font-style:normal;font-weight:500;margin:0;--fontSize:22;--minFontSize:22;line-height:var(--awb-typography1-line-height);\">Registro<\/h4><\/div><div class=\"fusion-text fusion-text-3\" style=\"--awb-content-alignment:center;--awb-text-color:var(--awb-color8);\"><p>Nuestra empresa est\u00e1 debidamente inscrita y clasificada seg\u00fan las normativas y regulaciones aplicables en nuestro sector. Cumplimos con rigurosos est\u00e1ndares de calidad y transparencia en todos los aspectos de nuestra operaci\u00f3n, garantizando nuestra posici\u00f3n como organizaci\u00f3n de confianza e integridad.<\/p>\n<\/div><div style=\"text-align:center;\"><a class=\"fusion-button button-flat fusion-button-default-size button-custom fusion-button-default button-2 fusion-button-default-span fusion-button-default-type\" style=\"--button_accent_color:var(--awb-color8);--button_border_color:var(--awb-color8);--button_accent_hover_color:var(--awb-color1);--button_border_hover_color:var(--awb-color4);--button_border_width-top:1px;--button_border_width-right:1px;--button_border_width-bottom:1px;--button_border_width-left:1px;--button_gradient_top_color:var(--awb-color4);--button_gradient_bottom_color:var(--awb-color4);--button_gradient_top_color_hover:var(--awb-color8);--button_gradient_bottom_color_hover:var(--awb-color8);--button_text_transform:none;--button_font_size:16px;--button_typography-font-family:&quot;Baloo Bhai 2&quot;;--button_typography-font-style:normal;--button_typography-font-weight:400;\" target=\"_blank\" rel=\"noopener noreferrer\" href=\"\/wp-content\/uploads\/2023\/08\/Inscripcio_Fundacio_la_Manreana.pdf\"><span class=\"fusion-button-text\">Ver registros<\/span><\/a><\/div><\/div><\/div><div class=\"fusion-layout-column fusion_builder_column fusion-builder-column-3 fusion_builder_column_1_3 1_3 fusion-flex-column fusion-animated\" style=\"--awb-padding-top:20px;--awb-padding-right:20px;--awb-padding-bottom:20px;--awb-padding-left:20px;--awb-bg-color:var(--awb-color3);--awb-bg-color-hover:var(--awb-color3);--awb-bg-size:cover;--awb-transform:translateY(0px);--awb-transform-hover:translateY(-10px);--awb-width-large:33.333333333333%;--awb-margin-top-large:0px;--awb-spacing-right-large:5.76%;--awb-margin-bottom-large:40px;--awb-spacing-left-large:5.76%;--awb-width-medium:100%;--awb-order-medium:0;--awb-spacing-right-medium:1.92%;--awb-spacing-left-medium:1.92%;--awb-width-small:100%;--awb-order-small:0;--awb-spacing-right-small:1.92%;--awb-spacing-left-small:1.92%;\" data-animationType=\"bounceInUp\" data-animationDuration=\"1.5\" data-animationDelay=\"0.6\" data-animationOffset=\"top-into-view\"><div class=\"fusion-column-wrapper fusion-column-has-shadow fusion-flex-justify-content-flex-start fusion-content-layout-column\"><div class=\"fusion-title title fusion-title-6 fusion-sep-none fusion-title-center fusion-title-text fusion-title-size-four\" style=\"--awb-text-color:var(--awb-color8);--awb-margin-top:0px;--awb-margin-bottom:15px;\"><h4 class=\"fusion-title-heading title-heading-center fusion-responsive-typography-calculated\" style=\"font-family:&quot;Baloo Bhai 2&quot;;font-style:normal;font-weight:500;margin:0;--fontSize:22;--minFontSize:22;line-height:var(--awb-typography1-line-height);\">Informaci\u00f3n econ\u00f3mica<\/h4><\/div><div class=\"fusion-text fusion-text-4\" style=\"--awb-content-alignment:center;\"><p>Nuestras cuentas anuales reflejan una gesti\u00f3n financiera s\u00f3lida y eficiente. Con una planificaci\u00f3n presupuestaria precisa, mantenemos un equilibrio entre gastos e ingresos. A trav\u00e9s de an\u00e1lisis de estad\u00edsticas, tomamos decisiones informadas para optimizar recursos y garantizar nuestra estabilidad econ\u00f3mica.<\/p>\n<\/div><div style=\"text-align:center;\"><a class=\"fusion-button button-flat fusion-button-default-size button-custom fusion-button-default button-3 fusion-button-default-span fusion-button-default-type\" style=\"--button_accent_color:var(--awb-color8);--button_border_color:var(--awb-color8);--button_accent_hover_color:var(--awb-color1);--button_border_hover_color:var(--awb-color3);--button_border_width-top:1px;--button_border_width-right:1px;--button_border_width-bottom:1px;--button_border_width-left:1px;--button_gradient_top_color:var(--awb-color3);--button_gradient_bottom_color:var(--awb-color3);--button_gradient_top_color_hover:var(--awb-color8);--button_gradient_bottom_color_hover:var(--awb-color8);--button_text_transform:none;--button_font_size:16px;--button_typography-font-family:&quot;Baloo Bhai 2&quot;;--button_typography-font-style:normal;--button_typography-font-weight:400;\" target=\"_blank\" rel=\"noopener noreferrer\" href=\"\/wp-content\/uploads\/2023\/08\/Comptes_Anuals_Fundacio_La_Manreana.pdf\"><span class=\"fusion-button-text\">Ver cuentas<\/span><\/a><\/div><\/div><\/div><\/div><\/div>\n","protected":false},"excerpt":{"rendered":"","protected":false},"author":1,"featured_media":0,"parent":2290,"menu_order":0,"comment_status":"closed","ping_status":"closed","template":"100-width.php","meta":{"footnotes":""},"class_list":["post-2298","page","type-page","status-publish","hentry"],"yoast_head":"<!-- This site is optimized with the Yoast SEO plugin v21.2 - https:\/\/yoast.com\/wordpress\/plugins\/seo\/ -->\n<title>Transparencia - Fundaci\u00f3 La Manreana<\/title>\n<meta name=\"robots\" content=\"index, follow, max-snippet:-1, max-image-preview:large, max-video-preview:-1\" \/>\n<link rel=\"canonical\" href=\"https:\/\/www.fundaciolamanreana.org\/es\/la-fundacion\/transparencia\/\" \/>\n<meta property=\"og:locale\" content=\"es_ES\" \/>\n<meta property=\"og:type\" content=\"article\" \/>\n<meta property=\"og:title\" content=\"Transparencia - Fundaci\u00f3 La Manreana\" \/>\n<meta property=\"og:url\" content=\"https:\/\/www.fundaciolamanreana.org\/es\/la-fundacion\/transparencia\/\" \/>\n<meta property=\"og:site_name\" content=\"Fundaci\u00f3 La Manreana\" \/>\n<meta property=\"article:publisher\" content=\"https:\/\/www.facebook.com\/FundacioLaManreana\/?ref=embed_page\" \/>\n<meta property=\"article:modified_time\" content=\"2023-09-12T11:49:49+00:00\" \/>\n<meta name=\"twitter:card\" content=\"summary_large_image\" \/>\n<meta name=\"twitter:label1\" content=\"Tiempo de lectura\" \/>\n\t<meta name=\"twitter:data1\" content=\"11 minutos\" \/>\n<script type=\"application\/ld+json\" class=\"yoast-schema-graph\">{\"@context\":\"https:\/\/schema.org\",\"@graph\":[{\"@type\":\"WebPage\",\"@id\":\"https:\/\/www.fundaciolamanreana.org\/es\/la-fundacion\/transparencia\/\",\"url\":\"https:\/\/www.fundaciolamanreana.org\/es\/la-fundacion\/transparencia\/\",\"name\":\"Transparencia - Fundaci\u00f3 La Manreana\",\"isPartOf\":{\"@id\":\"https:\/\/www.fundaciolamanreana.org\/es\/#website\"},\"datePublished\":\"2023-08-04T14:59:43+00:00\",\"dateModified\":\"2023-09-12T11:49:49+00:00\",\"breadcrumb\":{\"@id\":\"https:\/\/www.fundaciolamanreana.org\/es\/la-fundacion\/transparencia\/#breadcrumb\"},\"inLanguage\":\"es\",\"potentialAction\":[{\"@type\":\"ReadAction\",\"target\":[\"https:\/\/www.fundaciolamanreana.org\/es\/la-fundacion\/transparencia\/\"]}]},{\"@type\":\"BreadcrumbList\",\"@id\":\"https:\/\/www.fundaciolamanreana.org\/es\/la-fundacion\/transparencia\/#breadcrumb\",\"itemListElement\":[{\"@type\":\"ListItem\",\"position\":1,\"name\":\"Portada\",\"item\":\"https:\/\/www.fundaciolamanreana.org\/es\/\"},{\"@type\":\"ListItem\",\"position\":2,\"name\":\"La Fundaci\u00f3n\",\"item\":\"https:\/\/www.fundaciolamanreana.org\/es\/la-fundacion\/\"},{\"@type\":\"ListItem\",\"position\":3,\"name\":\"Transparencia\"}]},{\"@type\":\"WebSite\",\"@id\":\"https:\/\/www.fundaciolamanreana.org\/es\/#website\",\"url\":\"https:\/\/www.fundaciolamanreana.org\/es\/\",\"name\":\"Fundaci\u00f3 La Manreana\",\"description\":\"\",\"publisher\":{\"@id\":\"https:\/\/www.fundaciolamanreana.org\/es\/#organization\"},\"potentialAction\":[{\"@type\":\"SearchAction\",\"target\":{\"@type\":\"EntryPoint\",\"urlTemplate\":\"https:\/\/www.fundaciolamanreana.org\/es\/?s={search_term_string}\"},\"query-input\":\"required name=search_term_string\"}],\"inLanguage\":\"es\"},{\"@type\":\"Organization\",\"@id\":\"https:\/\/www.fundaciolamanreana.org\/es\/#organization\",\"name\":\"Fundaci\u00f3 La Manreana\",\"url\":\"https:\/\/www.fundaciolamanreana.org\/es\/\",\"logo\":{\"@type\":\"ImageObject\",\"inLanguage\":\"es\",\"@id\":\"https:\/\/www.fundaciolamanreana.org\/es\/#\/schema\/logo\/image\/\",\"url\":\"https:\/\/webnova.fundaciolamanreana.org\/wp-content\/uploads\/2023\/08\/logofundacio_sense-fons.png\",\"contentUrl\":\"https:\/\/webnova.fundaciolamanreana.org\/wp-content\/uploads\/2023\/08\/logofundacio_sense-fons.png\",\"width\":228,\"height\":147,\"caption\":\"Fundaci\u00f3 La Manreana\"},\"image\":{\"@id\":\"https:\/\/www.fundaciolamanreana.org\/es\/#\/schema\/logo\/image\/\"},\"sameAs\":[\"https:\/\/www.facebook.com\/FundacioLaManreana\/?ref=embed_page\",\"https:\/\/www.instagram.com\/lamanreana\/\"]}]}<\/script>\n<!-- \/ Yoast SEO plugin. -->","yoast_head_json":{"title":"Transparencia - Fundaci\u00f3 La Manreana","robots":{"index":"index","follow":"follow","max-snippet":"max-snippet:-1","max-image-preview":"max-image-preview:large","max-video-preview":"max-video-preview:-1"},"canonical":"https:\/\/www.fundaciolamanreana.org\/es\/la-fundacion\/transparencia\/","og_locale":"es_ES","og_type":"article","og_title":"Transparencia - Fundaci\u00f3 La Manreana","og_url":"https:\/\/www.fundaciolamanreana.org\/es\/la-fundacion\/transparencia\/","og_site_name":"Fundaci\u00f3 La Manreana","article_publisher":"https:\/\/www.facebook.com\/FundacioLaManreana\/?ref=embed_page","article_modified_time":"2023-09-12T11:49:49+00:00","twitter_card":"summary_large_image","twitter_misc":{"Tiempo de lectura":"11 minutos"},"schema":{"@context":"https:\/\/schema.org","@graph":[{"@type":"WebPage","@id":"https:\/\/www.fundaciolamanreana.org\/es\/la-fundacion\/transparencia\/","url":"https:\/\/www.fundaciolamanreana.org\/es\/la-fundacion\/transparencia\/","name":"Transparencia - Fundaci\u00f3 La Manreana","isPartOf":{"@id":"https:\/\/www.fundaciolamanreana.org\/es\/#website"},"datePublished":"2023-08-04T14:59:43+00:00","dateModified":"2023-09-12T11:49:49+00:00","breadcrumb":{"@id":"https:\/\/www.fundaciolamanreana.org\/es\/la-fundacion\/transparencia\/#breadcrumb"},"inLanguage":"es","potentialAction":[{"@type":"ReadAction","target":["https:\/\/www.fundaciolamanreana.org\/es\/la-fundacion\/transparencia\/"]}]},{"@type":"BreadcrumbList","@id":"https:\/\/www.fundaciolamanreana.org\/es\/la-fundacion\/transparencia\/#breadcrumb","itemListElement":[{"@type":"ListItem","position":1,"name":"Portada","item":"https:\/\/www.fundaciolamanreana.org\/es\/"},{"@type":"ListItem","position":2,"name":"La Fundaci\u00f3n","item":"https:\/\/www.fundaciolamanreana.org\/es\/la-fundacion\/"},{"@type":"ListItem","position":3,"name":"Transparencia"}]},{"@type":"WebSite","@id":"https:\/\/www.fundaciolamanreana.org\/es\/#website","url":"https:\/\/www.fundaciolamanreana.org\/es\/","name":"Fundaci\u00f3 La Manreana","description":"","publisher":{"@id":"https:\/\/www.fundaciolamanreana.org\/es\/#organization"},"potentialAction":[{"@type":"SearchAction","target":{"@type":"EntryPoint","urlTemplate":"https:\/\/www.fundaciolamanreana.org\/es\/?s={search_term_string}"},"query-input":"required name=search_term_string"}],"inLanguage":"es"},{"@type":"Organization","@id":"https:\/\/www.fundaciolamanreana.org\/es\/#organization","name":"Fundaci\u00f3 La Manreana","url":"https:\/\/www.fundaciolamanreana.org\/es\/","logo":{"@type":"ImageObject","inLanguage":"es","@id":"https:\/\/www.fundaciolamanreana.org\/es\/#\/schema\/logo\/image\/","url":"https:\/\/webnova.fundaciolamanreana.org\/wp-content\/uploads\/2023\/08\/logofundacio_sense-fons.png","contentUrl":"https:\/\/webnova.fundaciolamanreana.org\/wp-content\/uploads\/2023\/08\/logofundacio_sense-fons.png","width":228,"height":147,"caption":"Fundaci\u00f3 La Manreana"},"image":{"@id":"https:\/\/www.fundaciolamanreana.org\/es\/#\/schema\/logo\/image\/"},"sameAs":["https:\/\/www.facebook.com\/FundacioLaManreana\/?ref=embed_page","https:\/\/www.instagram.com\/lamanreana\/"]}]}},"_links":{"self":[{"href":"https:\/\/www.fundaciolamanreana.org\/es\/wp-json\/wp\/v2\/pages\/2298","targetHints":{"allow":["GET"]}}],"collection":[{"href":"https:\/\/www.fundaciolamanreana.org\/es\/wp-json\/wp\/v2\/pages"}],"about":[{"href":"https:\/\/www.fundaciolamanreana.org\/es\/wp-json\/wp\/v2\/types\/page"}],"author":[{"embeddable":true,"href":"https:\/\/www.fundaciolamanreana.org\/es\/wp-json\/wp\/v2\/users\/1"}],"replies":[{"embeddable":true,"href":"https:\/\/www.fundaciolamanreana.org\/es\/wp-json\/wp\/v2\/comments?post=2298"}],"version-history":[{"count":6,"href":"https:\/\/www.fundaciolamanreana.org\/es\/wp-json\/wp\/v2\/pages\/2298\/revisions"}],"predecessor-version":[{"id":2456,"href":"https:\/\/www.fundaciolamanreana.org\/es\/wp-json\/wp\/v2\/pages\/2298\/revisions\/2456"}],"up":[{"embeddable":true,"href":"https:\/\/www.fundaciolamanreana.org\/es\/wp-json\/wp\/v2\/pages\/2290"}],"wp:attachment":[{"href":"https:\/\/www.fundaciolamanreana.org\/es\/wp-json\/wp\/v2\/media?parent=2298"}],"curies":[{"name":"wp","href":"https:\/\/api.w.org\/{rel}","templated":true}]}}